{"id":10411,"date":"2023-02-08T18:06:14","date_gmt":"2023-02-08T17:06:14","guid":{"rendered":"https:\/\/claralleal.com\/?page_id=10411"},"modified":"2026-04-13T16:49:37","modified_gmt":"2026-04-13T14:49:37","slug":"decoradors-interiors-barcelona","status":"publish","type":"page","link":"https:\/\/claralleal.com\/ca\/decoradors-interiors-barcelona\/","title":{"rendered":"Sobre mi"},"content":{"rendered":"<p><div class=\"fusion-fullwidth fullwidth-box fusion-builder-row-1 fusion-flex-container has-pattern-background has-mask-background nonhundred-percent-fullwidth non-hundred-percent-height-scrolling\" style=\"--awb-border-radius-top-left:0px;--awb-border-radius-top-right:0px;--awb-border-radius-bottom-right:0px;--awb-border-radius-bottom-left:0px;--awb-padding-top:0px;--awb-padding-bottom:0px;--awb-padding-bottom-small:30px;--awb-flex-wrap:wrap;\" ><div class=\"fusion-builder-row fusion-row fusion-flex-align-items-center fusion-flex-content-wrap\" style=\"max-width:1352px;margin-left: calc(-4% \/ 2 );margin-right: calc(-4% \/ 2 );\"><div class=\"fusion-layout-column fusion_builder_column fusion-builder-column-0 fusion_builder_column_1_2 1_2 fusion-flex-column\" style=\"--awb-padding-top:40px;--awb-padding-bottom:30px;--awb-bg-size:cover;--awb-width-large:50%;--awb-margin-top-large:0px;--awb-spacing-right-large:5.12%;--awb-margin-bottom-large:20px;--awb-spacing-left-large:3.84%;--awb-width-medium:50%;--awb-spacing-right-medium:5.12%;--awb-margin-bottom-medium:0px;--awb-spacing-left-medium:3.84%;--awb-width-small:100%;--awb-spacing-right-small:1.92%;--awb-spacing-left-small:1.92%;\"><div class=\"fusion-column-wrapper fusion-column-has-shadow fusion-flex-justify-content-center fusion-content-layout-column\"><div class=\"fusion-title title fusion-title-1 fusion-sep-none fusion-title-text fusion-title-size-one\" style=\"--awb-margin-bottom:32px;--awb-margin-top-small:10px;--awb-margin-right-small:0px;--awb-margin-bottom-small:10px;--awb-margin-left-small:0px;--awb-margin-bottom-medium:20px;\"><h1 class=\"fusion-title-heading title-heading-left md-text-align-center sm-text-align-center\" style=\"margin:0;\"><p>Decoradora<br \/>\nd&#8217;interiors<br \/>\na Barcelona<\/p><\/h1><\/div><div class=\"fusion-text fusion-text-1 md-text-align-center sm-text-align-center\"><p>Trobo el teu estil amb el meu servei d&#8217;interiorisme.<\/p>\n<p>Soc dissenyadora d&#8217;interiors graduada per l\u2019Escola Massana de Barcelona i fa m\u00e9s de vint anys que treballo en el sector de l&#8217;interiorisme i la decoraci\u00f3. La meva traject\u00f2ria professional comen\u00e7a l&#8217;any 2000 cofundant Cm\u00b2 Disseny, reconegut estudi d\u2019interiorisme a Barcelona, n desenvolupo m\u00faltiples <strong>projectes en els \u00e0mbits residencial i contract.<\/strong><\/p>\n<p>Des de 2019 <strong>soc directora creativa del meu propi estudi, <\/strong>situat a Badalona. Desenvolupem projectes d&#8217;arquitectura interior per a habitatges, oficines i espais comercials, principalment a Barcelona i el Maresme.<\/p>\n<p>Soc una <strong>apassionada de l&#8217;art i de l&#8217;artesania en general<\/strong>, especialment de la pintura i la cer\u00e0mica que practico en el meu temps lliure. Precisament aquesta sensibilitat per l&#8217;artesania la intento plasmar en els meus projectes, incorporant peces \u00faniques fetes a m\u00e0.<\/p>\n<\/div><\/div><\/div><div class=\"fusion-layout-column fusion_builder_column fusion-builder-column-1 fusion_builder_column_1_2 1_2 fusion-flex-column\" style=\"--awb-bg-size:cover;--awb-width-large:50%;--awb-margin-top-large:0px;--awb-spacing-right-large:3.84%;--awb-margin-bottom-large:50px;--awb-spacing-left-large:11.52%;--awb-width-medium:50%;--awb-spacing-right-medium:3.84%;--awb-spacing-left-medium:3.84%;--awb-width-small:100%;--awb-spacing-right-small:1.92%;--awb-spacing-left-small:1.92%;\"><div class=\"fusion-column-wrapper fusion-column-has-shadow fusion-flex-justify-content-flex-start fusion-content-layout-column\"><div class=\"fusion-image-element \" style=\"--awb-margin-left:70px;--awb-caption-title-font-family:var(--h2_typography-font-family);--awb-caption-title-font-weight:var(--h2_typography-font-weight);--awb-caption-title-font-style:var(--h2_typography-font-style);--awb-caption-title-size:var(--h2_typography-font-size);--awb-caption-title-transform:var(--h2_typography-text-transform);--awb-caption-title-line-height:var(--h2_typography-line-height);--awb-caption-title-letter-spacing:var(--h2_typography-letter-spacing);\"><span class=\" fusion-imageframe imageframe-none imageframe-1 hover-type-zoomin\"><img decoding=\"async\" width=\"517\" height=\"689\" alt=\"Clara Lleal decoradores interiores Barcelona \" title=\"Clara Lleal interiorista Barcelona\" src=\"https:\/\/claralleal.com\/wp-content\/uploads\/2024\/02\/clara-lleal.jpg\" class=\"img-responsive wp-image-5746\" srcset=\"https:\/\/claralleal.com\/wp-content\/uploads\/2024\/02\/clara-lleal-200x267.jpg 200w, https:\/\/claralleal.com\/wp-content\/uploads\/2024\/02\/clara-lleal-400x533.jpg 400w, https:\/\/claralleal.com\/wp-content\/uploads\/2024\/02\/clara-lleal.jpg 517w\" sizes=\"(max-width: 640px) 100vw, 517px\" \/><\/span><\/div><div class=\"fusion-builder-row fusion-builder-row-inner fusion-row fusion-flex-align-items-center fusion-flex-content-wrap\" style=\"--awb-flex-grow:0;--awb-flex-grow-medium:0;--awb-flex-grow-small:0;--awb-flex-shrink:0;--awb-flex-shrink-medium:0;--awb-flex-shrink-small:0;width:104% !important;max-width:104% !important;margin-left: calc(-4% \/ 2 );margin-right: calc(-4% \/ 2 );\"><div class=\"fusion-layout-column fusion_builder_column_inner fusion-builder-nested-column-0 fusion_builder_column_inner_1_2 1_2 fusion-flex-column fusion-column-inner-bg-wrapper\" style=\"--awb-padding-top:100px;--awb-padding-bottom:200px;--awb-inner-bg-color:var(--awb-color7);--awb-inner-bg-color-hover:var(--awb-color7);--awb-inner-bg-image:url(&#039;https:\/\/claralleal.com\/wp-content\/uploads\/2024\/02\/clara-lleal-formulario-824x1024.webp&#039;);--awb-inner-bg-position:center top;--awb-inner-bg-size:cover;--awb-width-large:50%;--awb-margin-top-large:0px;--awb-spacing-right-large:0px;--awb-margin-bottom-large:50px;--awb-spacing-left-large:3.84%;--awb-width-medium:50%;--awb-order-medium:0;--awb-spacing-right-medium:0px;--awb-spacing-left-medium:3.84%;--awb-width-small:100%;--awb-order-small:0;--awb-spacing-right-small:1.92%;--awb-spacing-left-small:1.92%;\" data-scroll-devices=\"small-visibility,medium-visibility,large-visibility\"><span class=\"fusion-column-inner-bg hover-type-zoomin\"><span class=\"fusion-column-anchor\"><span class=\"fusion-column-inner-bg-image\"><\/span><\/span><\/span><div class=\"fusion-column-wrapper fusion-column-has-shadow fusion-flex-justify-content-center fusion-content-layout-column fusion-column-has-bg-image\" data-bg-url=\"https:\/\/claralleal.com\/wp-content\/uploads\/2024\/02\/clara-lleal-formulario-824x1024.webp\"><a class=\"fb-icon-element-1 fb-icon-element fontawesome-icon icon-furnitureplay-solid circle-no fusion-link icon-hover-animation-slide\" style=\"--awb-iconcolor-hover:hsla(var(--awb-color1-h),var(--awb-color1-s),var(--awb-color1-l),calc( var(--awb-color1-a) - 30% ));--awb-font-size:32px;--awb-margin-top:0;--awb-margin-right:0;--awb-margin-bottom:0;--awb-margin-left:0;--awb-align-self:center;\" href=\"https:\/\/bit.ly\/2Jgscfe\" target=\"_self\" aria-label=\"Link to https:\/\/bit.ly\/2Jgscfe\"><\/a><\/div><\/div><div class=\"fusion-layout-column fusion_builder_column_inner fusion-builder-nested-column-1 fusion_builder_column_inner_1_2 1_2 fusion-flex-column fusion-flex-align-self-flex-start fusion-column-no-min-height fusion-column-inner-bg-wrapper boton-contacta-con-nosotros\" style=\"--awb-padding-top:0px;--awb-padding-right:0px;--awb-padding-bottom:0px;--awb-padding-left:0px;--awb-inner-bg-color:rgba(33,35,38,0);--awb-inner-bg-color-hover:rgba(33,35,38,0);--awb-inner-bg-size:cover;--awb-filter:opacity(100%);--awb-filter-transition:filter 0.3s ease;--awb-filter-hover:opacity(92%);--awb-width-large:50%;--awb-margin-top-large:0px;--awb-spacing-right-large:0px;--awb-margin-bottom-large:0px;--awb-spacing-left-large:0px;--awb-width-medium:50%;--awb-order-medium:0;--awb-spacing-right-medium:0px;--awb-spacing-left-medium:0px;--awb-width-small:100%;--awb-order-small:0;--awb-spacing-right-small:1.92%;--awb-spacing-left-small:1.92%;\" data-scroll-devices=\"small-visibility,medium-visibility,large-visibility\"><span class=\"fusion-column-inner-bg hover-type-zoomin\"><a class=\"fusion-column-anchor\" href=\"https:\/\/claralleal.com\/ca\/contacte\/\"><span class=\"fusion-column-inner-bg-image\"><\/span><\/a><\/span><div class=\"fusion-column-wrapper fusion-column-has-shadow fusion-flex-justify-content-flex-start fusion-content-layout-block\"><div class=\"fusion-button-wrapper fusion-align-block\"><a class=\"fusion-button button-flat fusion-button-default-size button-custom fusion-button-default button-1 fusion-button-span-yes fusion-button-default-type\" style=\"--awb-margin-top:0px;--awb-padding-top:32px;--awb-padding-right:32px;--awb-padding-bottom:32px;--awb-padding-left:32px;--button_accent_color:var(--awb-color1);--button_border_color:var(--awb-color7);--button_accent_hover_color:var(--awb-color7);--button_border_hover_color:var(--awb-color7);--button_border_width-top:0px;--button_border_width-right:3px;--button_border_width-bottom:3px;--button_border_width-left:3px;--button_gradient_top_color:var(--awb-color7);--button_gradient_bottom_color:var(--awb-color7);--button_gradient_top_color_hover:hsla(var(--awb-color1-h),var(--awb-color1-s),var(--awb-color1-l),calc( var(--awb-color1-a) - 5% ));--button_gradient_bottom_color_hover:hsla(var(--awb-color1-h),var(--awb-color1-s),var(--awb-color1-l),calc( var(--awb-color1-a) - 5% ));--button_text_transform:var(--awb-typography2-text-transform);--button_font_size:20px;--button_line_height:28px;--button_typography-letter-spacing:var(--awb-typography3-letter-spacing);--button_typography-font-family:var(--awb-typography3-font-family);--button_typography-font-weight:var(--awb-typography3-font-weight);--button_typography-font-style:var(--awb-typography3-font-style);\" target=\"_self\" href=\"https:\/\/claralleal.com\/ca\/contacte\/\"><span class=\"fusion-button-text awb-button__text awb-button__text--default\">CONTACTA AMB NOSALTRES<\/span><\/a><\/div><\/div><\/div><\/div><\/div><\/div><\/div><\/div><div class=\"fusion-fullwidth fullwidth-box fusion-builder-row-2 fusion-flex-container has-pattern-background has-mask-background nonhundred-percent-fullwidth hundred-percent-height hundred-percent-height-center-content non-hundred-percent-height-scrolling\" style=\"--awb-border-radius-top-left:0px;--awb-border-radius-top-right:0px;--awb-border-radius-bottom-right:0px;--awb-border-radius-bottom-left:0px;--awb-padding-top:0px;--awb-margin-top:0px;--awb-flex-wrap:wrap;\" ><div class=\"fusion-builder-row fusion-row fusion-flex-align-items-center fusion-flex-content-wrap\" style=\"max-width:1352px;margin-left: calc(-4% \/ 2 );margin-right: calc(-4% \/ 2 );\"><div class=\"fusion-layout-column fusion_builder_column fusion-builder-column-2 fusion_builder_column_3_5 3_5 fusion-flex-column\" style=\"--awb-bg-size:cover;--awb-width-large:60%;--awb-margin-top-large:0px;--awb-spacing-right-large:9.6%;--awb-margin-bottom-large:5px;--awb-spacing-left-large:3.2%;--awb-width-medium:60%;--awb-spacing-right-medium:9.6%;--awb-spacing-left-medium:3.2%;--awb-width-small:100%;--awb-spacing-right-small:1.92%;--awb-spacing-left-small:1.92%;\"><div class=\"fusion-column-wrapper fusion-column-has-shadow fusion-flex-justify-content-center fusion-content-layout-column\"><div class=\"fusion-builder-row fusion-builder-row-inner fusion-row fusion-flex-align-items-center fusion-flex-content-wrap\" style=\"--awb-flex-grow:0;--awb-flex-grow-medium:0;--awb-flex-grow-small:0;--awb-flex-shrink:0;--awb-flex-shrink-medium:0;--awb-flex-shrink-small:0;width:104% !important;max-width:104% !important;margin-left: calc(-4% \/ 2 );margin-right: calc(-4% \/ 2 );\"><div class=\"fusion-layout-column fusion_builder_column_inner fusion-builder-nested-column-2 fusion_builder_column_inner_1_2 1_2 fusion-flex-column\" style=\"--awb-bg-size:cover;--awb-width-large:50%;--awb-margin-top-large:0px;--awb-spacing-right-large:3.84%;--awb-margin-bottom-large:20px;--awb-spacing-left-large:3.84%;--awb-width-medium:50%;--awb-spacing-right-medium:3.84%;--awb-spacing-left-medium:3.84%;--awb-width-small:50%;--awb-margin-top-small:0px;--awb-spacing-right-small:3.84%;--awb-margin-bottom-small:0px;--awb-spacing-left-small:3.84%;\"><div class=\"fusion-column-wrapper fusion-column-has-shadow fusion-flex-justify-content-flex-start fusion-content-layout-column\"><div class=\"fusion-image-element \" style=\"--awb-margin-right:0px;--awb-caption-title-font-family:var(--h2_typography-font-family);--awb-caption-title-font-weight:var(--h2_typography-font-weight);--awb-caption-title-font-style:var(--h2_typography-font-style);--awb-caption-title-size:var(--h2_typography-font-size);--awb-caption-title-transform:var(--h2_typography-text-transform);--awb-caption-title-line-height:var(--h2_typography-line-height);--awb-caption-title-letter-spacing:var(--h2_typography-letter-spacing);\"><span class=\" fusion-imageframe imageframe-none imageframe-2 hover-type-zoomin\"><img decoding=\"async\" width=\"671\" height=\"1024\" alt=\"Escalera de la Casa Galer\u00eda de Arte del escultor Juanma Noguera\" title=\"Vista de l&#8217;escala i la taula de menjar de la Casa Galeria d&#8217;Art de l&#8217;escultor Juanma Noguera\" src=\"https:\/\/claralleal.com\/wp-content\/uploads\/2026\/04\/casa-noguera-escala-671x1024.jpg\" class=\"img-responsive wp-image-10398\" srcset=\"https:\/\/claralleal.com\/wp-content\/uploads\/2026\/04\/casa-noguera-escala-200x305.jpg 200w, https:\/\/claralleal.com\/wp-content\/uploads\/2026\/04\/casa-noguera-escala-400x610.jpg 400w, https:\/\/claralleal.com\/wp-content\/uploads\/2026\/04\/casa-noguera-escala-600x915.jpg 600w, https:\/\/claralleal.com\/wp-content\/uploads\/2026\/04\/casa-noguera-escala-800x1220.jpg 800w, https:\/\/claralleal.com\/wp-content\/uploads\/2026\/04\/casa-noguera-escala.jpg 1180w\" sizes=\"(max-width: 640px) 100vw, 800px\" \/><\/span><\/div><div class=\"fusion-separator fusion-full-width-sep\" style=\"align-self: center;margin-left: auto;margin-right: auto;margin-top:20px;width:100%;\"><div class=\"fusion-separator-border sep-double\" style=\"--awb-height:20px;--awb-amount:20px;border-color:var(--awb-color3);border-top-width:1px;border-bottom-width:1px;\"><\/div><\/div><div class=\"fusion-image-element \" style=\"text-align:right;--awb-margin-right:0px;--awb-caption-title-font-family:var(--h2_typography-font-family);--awb-caption-title-font-weight:var(--h2_typography-font-weight);--awb-caption-title-font-style:var(--h2_typography-font-style);--awb-caption-title-size:var(--h2_typography-font-size);--awb-caption-title-transform:var(--h2_typography-text-transform);--awb-caption-title-line-height:var(--h2_typography-line-height);--awb-caption-title-letter-spacing:var(--h2_typography-letter-spacing);\"><span class=\" fusion-imageframe imageframe-none imageframe-3 hover-type-zoomin\"><img decoding=\"async\" width=\"1024\" height=\"645\" alt=\"Detalle de las luces de la reforma de un ba\u00f1o en Tiana\" title=\"Detall de les llums de la reforma d&#8217;un bany a Tiana\" src=\"https:\/\/claralleal.com\/wp-content\/uploads\/2026\/04\/detall-llueixes-bano-projecte-reforma-tiana-1024x645.jpg\" class=\"img-responsive wp-image-10422\" srcset=\"https:\/\/claralleal.com\/wp-content\/uploads\/2026\/04\/detall-llueixes-bano-projecte-reforma-tiana-200x126.jpg 200w, https:\/\/claralleal.com\/wp-content\/uploads\/2026\/04\/detall-llueixes-bano-projecte-reforma-tiana-400x252.jpg 400w, https:\/\/claralleal.com\/wp-content\/uploads\/2026\/04\/detall-llueixes-bano-projecte-reforma-tiana-600x378.jpg 600w, https:\/\/claralleal.com\/wp-content\/uploads\/2026\/04\/detall-llueixes-bano-projecte-reforma-tiana-800x504.jpg 800w, https:\/\/claralleal.com\/wp-content\/uploads\/2026\/04\/detall-llueixes-bano-projecte-reforma-tiana.jpg 1200w\" sizes=\"(max-width: 640px) 100vw, 800px\" \/><\/span><\/div><\/div><\/div><div class=\"fusion-layout-column fusion_builder_column_inner fusion-builder-nested-column-3 fusion_builder_column_inner_1_2 1_2 fusion-flex-column\" style=\"--awb-bg-size:cover;--awb-width-large:50%;--awb-margin-top-large:0px;--awb-spacing-right-large:3.84%;--awb-margin-bottom-large:20px;--awb-spacing-left-large:3.84%;--awb-width-medium:50%;--awb-spacing-right-medium:3.84%;--awb-spacing-left-medium:3.84%;--awb-width-small:50%;--awb-spacing-right-small:3.84%;--awb-spacing-left-small:3.84%;\"><div class=\"fusion-column-wrapper fusion-column-has-shadow fusion-flex-justify-content-center fusion-content-layout-column\"><div class=\"fusion-image-element \" style=\"--awb-caption-title-font-family:var(--h2_typography-font-family);--awb-caption-title-font-weight:var(--h2_typography-font-weight);--awb-caption-title-font-style:var(--h2_typography-font-style);--awb-caption-title-size:var(--h2_typography-font-size);--awb-caption-title-transform:var(--h2_typography-text-transform);--awb-caption-title-line-height:var(--h2_typography-line-height);--awb-caption-title-letter-spacing:var(--h2_typography-letter-spacing);\"><span class=\" fusion-imageframe imageframe-none imageframe-4 hover-type-zoomin\"><img decoding=\"async\" width=\"769\" height=\"1024\" alt=\"Clara Lleal decoradora interiores photocall premios sbid\" title=\"Clara Lleal decoradora interiors fotoreclam premis sbid\" src=\"https:\/\/claralleal.com\/wp-content\/uploads\/2026\/04\/clara-lleial-fotoreclam-premis-sbid-769x1024.jpg\" class=\"img-responsive wp-image-10900\" srcset=\"https:\/\/claralleal.com\/wp-content\/uploads\/2026\/04\/clara-lleial-fotoreclam-premis-sbid-200x266.jpg 200w, https:\/\/claralleal.com\/wp-content\/uploads\/2026\/04\/clara-lleial-fotoreclam-premis-sbid-400x533.jpg 400w, https:\/\/claralleal.com\/wp-content\/uploads\/2026\/04\/clara-lleial-fotoreclam-premis-sbid-600x799.jpg 600w, https:\/\/claralleal.com\/wp-content\/uploads\/2026\/04\/clara-lleial-fotoreclam-premis-sbid-800x1066.jpg 800w, https:\/\/claralleal.com\/wp-content\/uploads\/2026\/04\/clara-lleial-fotoreclam-premis-sbid.jpg 1068w\" sizes=\"(max-width: 640px) 100vw, 800px\" \/><\/span><\/div><div style=\"text-align:left;\"><a class=\"fusion-button button-flat fusion-button-default-size button-custom fusion-button-default button-2 fusion-button-span-yes fusion-button-default-type\" style=\"--awb-margin-top:0px;--awb-margin-left:0px;--awb-padding-top:32px;--awb-padding-right:32px;--awb-padding-bottom:32px;--awb-padding-left:32px;--button_accent_color:var(--awb-color1);--button_border_color:var(--awb-color7);--button_accent_hover_color:var(--awb-color7);--button_border_hover_color:var(--awb-color7);--button_border_width-top:0px;--button_border_width-right:3px;--button_border_width-bottom:3px;--button_border_width-left:0px;--button_gradient_top_color:var(--awb-color7);--button_gradient_bottom_color:var(--awb-color7);--button_gradient_top_color_hover:hsla(var(--awb-color1-h),var(--awb-color1-s),var(--awb-color1-l),calc( var(--awb-color1-a) - 5% ));--button_gradient_bottom_color_hover:hsla(var(--awb-color1-h),var(--awb-color1-s),var(--awb-color1-l),calc( var(--awb-color1-a) - 5% ));--button_text_transform:var(--awb-typography2-text-transform);--button_font_size:20px;--button_line_height:28px;--button_typography-letter-spacing:var(--awb-typography3-letter-spacing);--button_typography-font-family:var(--awb-typography3-font-family);--button_typography-font-weight:var(--awb-typography3-font-weight);--button_typography-font-style:var(--awb-typography3-font-style);\" target=\"_self\" href=\"\/ca\/premsa\/\"><span class=\"fusion-button-text awb-button__text awb-button__text--default\">VEURE PUBLICACIONS EN PREMSA<\/span><\/a><\/div><\/div><\/div><\/div><\/div><\/div><div class=\"fusion-layout-column fusion_builder_column fusion-builder-column-3 fusion_builder_column_2_5 2_5 fusion-flex-column\" style=\"--awb-bg-size:cover;--awb-width-large:40%;--awb-margin-top-large:0px;--awb-spacing-right-large:4.8%;--awb-margin-bottom-large:20px;--awb-spacing-left-large:9.6%;--awb-width-medium:40%;--awb-spacing-right-medium:4.8%;--awb-spacing-left-medium:9.6%;--awb-width-small:100%;--awb-spacing-right-small:1.92%;--awb-spacing-left-small:1.92%;\"><div class=\"fusion-column-wrapper fusion-column-has-shadow fusion-flex-justify-content-center fusion-content-layout-column\"><div class=\"fusion-title title fusion-title-2 fusion-sep-none fusion-title-text fusion-title-size-two\" style=\"--awb-margin-top-small:10px;--awb-margin-right-small:0px;--awb-margin-bottom-small:10px;--awb-margin-left-small:0px;\"><h2 class=\"fusion-title-heading title-heading-left\" style=\"margin:0;\"><h2>Publicacions en premsa i premis de Clara Lleal<\/h2><\/h2><\/div><div class=\"fusion-text fusion-text-2\"><p>Els nostres projectes d\u2019interiorisme han estat publicats en blogs, revistes i llibres de tend\u00e8ncia de disseny, tant en l\u2019\u00e0mbit nacional com internacional.<\/p>\n<\/div><div class=\"fusion-text fusion-text-3\"><ul>\n<li>El projecte<strong> \u201cCasa galeria d&#8217;Art\u201d<\/strong> ha estat guardonat en els concursos m\u00e9s prestigiosos d&#8217;arquitectura, interiorisme i disseny a nivell nacional i internacional.<\/li>\n<li><strong>Architecture MasterPrize 2023<\/strong> amb el premi <strong>Best of the Best<\/strong> en la categoria de Disseny interior d&#8217;apartaments.<\/li>\n<li><strong>German Design Award 2023<\/strong> amb el premi Special Mention Interior Architecture.<\/li>\n<li><strong>SBID International Design Awards 2022<\/strong> amb el premi <strong>Overall Winner 2022<\/strong>.<\/li>\n<li>Finalista als <strong>Premis ANADA International Design Awards 2022.<\/strong><\/li>\n<li>Projecte de l&#8217;any 2022 al portal <strong>Archilovers<\/strong>.<\/li>\n<\/ul>\n<\/div><\/div><\/div><\/div><\/div><div class=\"fusion-fullwidth fullwidth-box fusion-builder-row-3 fusion-flex-container has-pattern-background has-mask-background nonhundred-percent-fullwidth non-hundred-percent-height-scrolling fusion-no-small-visibility\" style=\"--awb-border-radius-top-left:0px;--awb-border-radius-top-right:0px;--awb-border-radius-bottom-right:0px;--awb-border-radius-bottom-left:0px;--awb-padding-top:0px;--awb-padding-bottom:0px;--awb-padding-bottom-medium:60px;--awb-margin-top:0px;--awb-flex-wrap:wrap;\" ><div class=\"fusion-builder-row fusion-row fusion-flex-align-items-stretch fusion-flex-content-wrap\" style=\"max-width:1352px;margin-left: calc(-4% \/ 2 );margin-right: calc(-4% \/ 2 );\"><div class=\"fusion-layout-column fusion_builder_column fusion-builder-column-4 fusion_builder_column_1_2 1_2 fusion-flex-column fusion-column-inner-bg-wrapper\" style=\"--awb-padding-top:240px;--awb-padding-bottom:240px;--awb-inner-bg-image:linear-gradient(90deg, var(--awb-color3) 6%,rgba(255,255,255,0) 23%),url(https:\/\/claralleal.com\/wp-content\/uploads\/2026\/04\/projecte-espai-noguera-vesteixi-zona-tocadors-1024x688.jpg);;--awb-inner-bg-position:center center;--awb-inner-bg-size:cover;--awb-width-large:50%;--awb-margin-top-large:0px;--awb-spacing-right-large:12px;--awb-margin-bottom-large:20px;--awb-spacing-left-large:12px;--awb-width-medium:50%;--awb-order-medium:0;--awb-spacing-right-medium:12px;--awb-margin-bottom-medium:0px;--awb-spacing-left-medium:12px;--awb-width-small:100%;--awb-order-small:0;--awb-spacing-right-small:1.92%;--awb-margin-bottom-small:0px;--awb-spacing-left-small:1.92%;\" data-scroll-devices=\"small-visibility,medium-visibility,large-visibility\"><span class=\"fusion-column-inner-bg hover-type-zoomin\"><span class=\"fusion-column-anchor\"><span class=\"fusion-column-inner-bg-image\"><\/span><\/span><\/span><div class=\"fusion-column-wrapper fusion-column-has-shadow fusion-flex-justify-content-flex-start fusion-content-layout-column fusion-empty-column-bg-image fusion-column-has-bg-image\" data-bg-url=\"https:\/\/claralleal.com\/wp-content\/uploads\/2026\/04\/projecte-espai-noguera-vesteixi-zona-tocadors-1024x688.jpg\"><img decoding=\"async\" class=\"fusion-empty-dims-img-placeholder fusion-no-large-visibility fusion-no-medium-visibility\" alt=\"Vista de la zona de tocadors del Projecte Espai Noguera\" aria-label=\"Vista de la zona de tocadors del Projecte Espai Noguera\" src=\"data:image\/svg+xml,%3Csvg%20xmlns%3D%27http%3A%2F%2Fwww.w3.org%2F2000%2Fsvg%27%20width%3D%271024%27%20height%3D%27688%27%20viewBox%3D%270%200%201024%20688%27%3E%3Crect%20width%3D%271024%27%20height%3D%27688%27%20fill-opacity%3D%220%22%2F%3E%3C%2Fsvg%3E\"><\/div><\/div><div class=\"fusion-layout-column fusion_builder_column fusion-builder-column-5 fusion_builder_column_1_2 1_2 fusion-flex-column fusion-flex-align-self-flex-end sobre-mi-por-que-elegirnos\" style=\"--awb-padding-bottom:0px;--awb-bg-size:cover;--awb-width-large:50%;--awb-margin-top-large:0px;--awb-spacing-right-large:3.84%;--awb-margin-bottom-large:0px;--awb-spacing-left-large:12px;--awb-width-medium:50%;--awb-order-medium:0;--awb-spacing-right-medium:3.84%;--awb-spacing-left-medium:12px;--awb-width-small:100%;--awb-order-small:0;--awb-spacing-right-small:1.92%;--awb-spacing-left-small:1.92%;\" data-scroll-devices=\"small-visibility,medium-visibility,large-visibility\"><div class=\"fusion-column-wrapper fusion-column-has-shadow fusion-flex-justify-content-space-between fusion-content-layout-column\"><div class=\"fusion-builder-row fusion-builder-row-inner fusion-row fusion-flex-align-items-stretch fusion-flex-content-wrap\" style=\"--awb-flex-grow:0;--awb-flex-grow-medium:0;--awb-flex-grow-small:0;--awb-flex-shrink:0;--awb-flex-shrink-medium:0;--awb-flex-shrink-small:0;width:104% !important;max-width:104% !important;margin-left: calc(-4% \/ 2 );margin-right: calc(-4% \/ 2 );\"><div class=\"fusion-layout-column fusion_builder_column_inner fusion-builder-nested-column-4 fusion_builder_column_inner_1_1 1_1 fusion-flex-column\" style=\"--awb-padding-top:8%;--awb-padding-right:8%;--awb-padding-bottom:6%;--awb-padding-left:8%;--awb-bg-color:#000000;--awb-bg-color-hover:#000000;--awb-bg-size:cover;--awb-width-large:100%;--awb-margin-top-large:0px;--awb-spacing-right-large:1.92%;--awb-margin-bottom-large:0px;--awb-spacing-left-large:1.92%;--awb-width-medium:100%;--awb-order-medium:0;--awb-spacing-right-medium:1.92%;--awb-spacing-left-medium:1.92%;--awb-width-small:100%;--awb-order-small:0;--awb-spacing-right-small:1.92%;--awb-spacing-left-small:1.92%;\" data-scroll-devices=\"small-visibility,medium-visibility,large-visibility\"><div class=\"fusion-column-wrapper fusion-column-has-shadow fusion-flex-justify-content-flex-start fusion-content-layout-column\"><div class=\"fusion-separator fusion-full-width-sep\" style=\"align-self: center;margin-left: auto;margin-right: auto;margin-top:10px;margin-bottom:30px;width:100%;\"><div class=\"fusion-separator-border sep-single sep-solid\" style=\"--awb-height:20px;--awb-amount:20px;--awb-sep-color:hsla(var(--awb-color8-h),var(--awb-color8-s),calc( var(--awb-color8-l) + 99% ),calc( var(--awb-color8-a) - 94% ));border-color:hsla(var(--awb-color8-h),var(--awb-color8-s),calc( var(--awb-color8-l) + 99% ),calc( var(--awb-color8-a) - 94% ));border-top-width:1px;\"><\/div><\/div><div class=\"fusion-title title fusion-title-3 fusion-sep-none fusion-title-text fusion-title-size-two\" style=\"--awb-text-color:var(--awb-color1);--awb-margin-top-small:10px;--awb-margin-right-small:0px;--awb-margin-bottom-small:10px;--awb-margin-left-small:0px;\"><h2 class=\"fusion-title-heading title-heading-left\" style=\"margin:0;\"><h2>Per qu\u00e8 triar-nos per al teu projecte<\/h2><\/h2><\/div><div class=\"fusion-text fusion-text-4\"><p><span style=\"color: #ffffff;\"><br \/>\nComprom\u00eds amb cada projecte.<br \/>\nEl nostre major orgull \u00e9s el benestar dels clients a trav\u00e9s del nostre treball. Un treball que, a m\u00e9s, ha estat reconegut a escala nacional i internacional. Els nostres projectes es defineixen per la cerca de l&#8217;excel\u00b7l\u00e8ncia i originalitat.<\/span><br \/>\n<span style=\"color: #ffffff;\"><br \/>\nEn el nostre estudi dissenyem tota mena de projectes d&#8217;interiorisme, tant en l&#8217;\u00e0mbit residencial com en el comercial, ajudant els nostres clients a viure o a treballar en espais moderns i ben dissenyats perqu\u00e8 els aportin benestar.<\/span><br \/>\n<span style=\"color: #ffffff;\"><br \/>\nEn Clara Lleal Interiorista pots contractar des d&#8217;una simple distribuci\u00f3 d&#8217;espais fins a un projecte d&#8217;interiorisme integral per al teu habitatge, oficina o local. Tamb\u00e9 realitzem projectes de moblament o decoraci\u00f3 si ja tens l&#8217;immoble reformat.<\/span><br \/>\n<span style=\"color: #ffffff;\"><br \/>\nSi ho desitges podem realitzar un projecte \u201cclaus en m\u00e0\u201d, nosaltres ens ocupem de tot. Amb aquesta mena de projectes t&#8217;oferim molts beneficis: dissenyem per a tu un projecte d&#8217;interiorisme personalitzat, amb un estalvi en costos i temps i ens ocupem de totes les gestions que requereixi l&#8217;obra, assegurant uns resultats de gran qualitat. Aix\u00f2 \u00e9s pel fet que el client contracta una sola entitat per a dissenyar i executar el projecte.<\/span><\/p>\n<\/div><\/div><\/div><div class=\"fusion-layout-column fusion_builder_column_inner fusion-builder-nested-column-5 fusion_builder_column_inner_1_2 1_2 fusion-flex-column\" style=\"--awb-padding-right:0px;--awb-padding-bottom:0px;--awb-bg-color:#000000;--awb-bg-color-hover:#000000;--awb-bg-size:cover;--awb-width-large:50%;--awb-margin-top-large:0px;--awb-spacing-right-large:0px;--awb-margin-bottom-large:0px;--awb-spacing-left-large:3.84%;--awb-width-medium:50%;--awb-order-medium:0;--awb-spacing-right-medium:0px;--awb-spacing-left-medium:3.84%;--awb-width-small:100%;--awb-order-small:0;--awb-spacing-right-small:1.92%;--awb-spacing-left-small:1.92%;\" data-scroll-devices=\"small-visibility,medium-visibility,large-visibility\"><div class=\"fusion-column-wrapper fusion-column-has-shadow fusion-flex-justify-content-flex-start fusion-content-layout-column\"><i class=\"fb-icon-element-2 fb-icon-element fontawesome-icon fa-lightbulb fas circle-yes fa-flip-horizontal\" style=\"--awb-iconcolor:#000000;--awb-iconcolor-hover:#000000;--awb-circlecolor:#ffffff;--awb-circlecolor-hover:#ffffff;--awb-circlebordercolor:rgba(255,255,255,0);--awb-circlebordercolor-hover:rgba(255,255,255,0);--awb-circlebordersize:1px;--awb-font-size:28.16px;--awb-width:56.32px;--awb-height:56.32px;--awb-line-height:54.32px;--awb-margin-top:0;--awb-margin-right:0;--awb-margin-bottom:0;--awb-margin-left:0;--awb-align-self:center;\"><\/i><div class=\"fusion-title title fusion-title-4 fusion-sep-none fusion-title-center fusion-title-text fusion-title-size-four\" style=\"--awb-text-color:#ffffff;--awb-margin-top-small:10px;--awb-margin-right-small:0px;--awb-margin-bottom-small:10px;--awb-margin-left-small:0px;\"><h4 class=\"fusion-title-heading title-heading-center\" style=\"margin:0;\"><span style=\"color: #ffffff;\">IDEA &amp; CONCEPTE<\/span><\/h4><\/div><\/div><\/div><div class=\"fusion-layout-column fusion_builder_column_inner fusion-builder-nested-column-6 fusion_builder_column_inner_1_2 1_2 fusion-flex-column\" style=\"--awb-padding-left:0px;--awb-bg-color:#000000;--awb-bg-color-hover:#000000;--awb-bg-size:cover;--awb-width-large:50%;--awb-margin-top-large:0px;--awb-spacing-right-large:3.84%;--awb-margin-bottom-large:0px;--awb-spacing-left-large:0px;--awb-width-medium:50%;--awb-order-medium:0;--awb-spacing-right-medium:3.84%;--awb-spacing-left-medium:0px;--awb-width-small:100%;--awb-order-small:0;--awb-spacing-right-small:1.92%;--awb-spacing-left-small:1.92%;\" data-scroll-devices=\"small-visibility,medium-visibility,large-visibility\"><div class=\"fusion-column-wrapper fusion-column-has-shadow fusion-flex-justify-content-flex-start fusion-content-layout-column\"><i class=\"fb-icon-element-3 fb-icon-element fontawesome-icon fa-ruler-combined fas circle-yes fa-flip-horizontal\" style=\"--awb-iconcolor:#000000;--awb-iconcolor-hover:#000000;--awb-circlecolor:#ffffff;--awb-circlecolor-hover:#ffffff;--awb-circlebordercolor:rgba(255,255,255,0);--awb-circlebordercolor-hover:rgba(255,255,255,0);--awb-circlebordersize:1px;--awb-font-size:28.16px;--awb-width:56.32px;--awb-height:56.32px;--awb-line-height:54.32px;--awb-margin-top:0;--awb-margin-right:0;--awb-margin-bottom:0;--awb-margin-left:0;--awb-align-self:center;\"><\/i><div class=\"fusion-title title fusion-title-5 fusion-sep-none fusion-title-center fusion-title-text fusion-title-size-four\" style=\"--awb-text-color:#ffffff;--awb-margin-top-small:10px;--awb-margin-right-small:0px;--awb-margin-bottom-small:10px;--awb-margin-left-small:0px;\"><h4 class=\"fusion-title-heading title-heading-center\" style=\"margin:0;\"><span style=\"color: #ffffff;\">EXACTITUD<\/span><\/h4><\/div><\/div><\/div><div class=\"fusion-layout-column fusion_builder_column_inner fusion-builder-nested-column-7 fusion_builder_column_inner_1_2 1_2 fusion-flex-column fusion-flex-align-self-flex-start sobre-mi-por-que-elegirnos-div-comunicacion\" style=\"--awb-padding-top:0px;--awb-padding-right:0px;--awb-bg-color:#000000;--awb-bg-color-hover:#000000;--awb-bg-size:cover;--awb-width-large:50%;--awb-margin-top-large:0px;--awb-spacing-right-large:0px;--awb-margin-bottom-large:20px;--awb-spacing-left-large:3.84%;--awb-width-medium:50%;--awb-order-medium:0;--awb-spacing-right-medium:0px;--awb-spacing-left-medium:3.84%;--awb-width-small:100%;--awb-order-small:0;--awb-spacing-right-small:1.92%;--awb-spacing-left-small:1.92%;\" data-scroll-devices=\"small-visibility,medium-visibility,large-visibility\"><div class=\"fusion-column-wrapper fusion-column-has-shadow fusion-flex-justify-content-flex-start fusion-content-layout-column\"><div class=\"fusion-separator fusion-full-width-sep\" style=\"align-self: center;margin-left: auto;margin-right: auto;margin-top:10px;margin-bottom:30px;width:100%;\"><div class=\"fusion-separator-border sep-single sep-solid\" style=\"--awb-height:20px;--awb-amount:20px;--awb-sep-color:hsla(var(--awb-color8-h),var(--awb-color8-s),calc( var(--awb-color8-l) + 99% ),calc( var(--awb-color8-a) - 94% ));border-color:hsla(var(--awb-color8-h),var(--awb-color8-s),calc( var(--awb-color8-l) + 99% ),calc( var(--awb-color8-a) - 94% ));border-top-width:1px;\"><\/div><\/div><i class=\"fb-icon-element-4 fb-icon-element fontawesome-icon fa-assistive-listening-systems fas circle-yes fa-flip-horizontal\" style=\"--awb-iconcolor:#000000;--awb-iconcolor-hover:#000000;--awb-circlecolor:#ffffff;--awb-circlecolor-hover:#ffffff;--awb-circlebordercolor:rgba(255,255,255,0);--awb-circlebordercolor-hover:rgba(255,255,255,0);--awb-circlebordersize:1px;--awb-font-size:28.16px;--awb-width:56.32px;--awb-height:56.32px;--awb-line-height:54.32px;--awb-margin-top:0;--awb-margin-right:0;--awb-margin-bottom:0;--awb-margin-left:0;--awb-align-self:center;\"><\/i><div class=\"fusion-title title fusion-title-6 fusion-sep-none fusion-title-center fusion-title-text fusion-title-size-four\" style=\"--awb-text-color:#ffffff;--awb-margin-bottom:50px;--awb-margin-top-small:10px;--awb-margin-right-small:0px;--awb-margin-bottom-small:50px;--awb-margin-left-small:0px;\"><h4 class=\"fusion-title-heading title-heading-center\" style=\"margin:0;\"><span style=\"color: #ffffff;\">COMUNICACI\u00d3<\/span><\/h4><\/div><\/div><\/div><div class=\"fusion-layout-column fusion_builder_column_inner fusion-builder-nested-column-8 fusion_builder_column_inner_1_2 1_2 fusion-flex-column fusion-flex-align-self-flex-start\" style=\"--awb-padding-top:0px;--awb-padding-left:0px;--awb-bg-color:#000000;--awb-bg-color-hover:#000000;--awb-bg-size:cover;--awb-width-large:50%;--awb-margin-top-large:0px;--awb-spacing-right-large:3.84%;--awb-margin-bottom-large:20px;--awb-spacing-left-large:0px;--awb-width-medium:50%;--awb-order-medium:0;--awb-spacing-right-medium:3.84%;--awb-spacing-left-medium:0px;--awb-width-small:100%;--awb-order-small:0;--awb-spacing-right-small:1.92%;--awb-spacing-left-small:1.92%;\" data-scroll-devices=\"small-visibility,medium-visibility,large-visibility\"><div class=\"fusion-column-wrapper fusion-column-has-shadow fusion-flex-justify-content-flex-start fusion-content-layout-column\"><div class=\"fusion-separator fusion-full-width-sep\" style=\"align-self: center;margin-left: auto;margin-right: auto;margin-top:10px;margin-bottom:30px;width:100%;\"><div class=\"fusion-separator-border sep-single sep-solid\" style=\"--awb-height:20px;--awb-amount:20px;--awb-sep-color:hsla(var(--awb-color8-h),var(--awb-color8-s),calc( var(--awb-color8-l) + 99% ),calc( var(--awb-color8-a) - 94% ));border-color:hsla(var(--awb-color8-h),var(--awb-color8-s),calc( var(--awb-color8-l) + 99% ),calc( var(--awb-color8-a) - 94% ));border-top-width:1px;\"><\/div><\/div><i class=\"fb-icon-element-5 fb-icon-element fontawesome-icon fa-cog fas circle-yes fa-flip-horizontal\" style=\"--awb-iconcolor:#000000;--awb-iconcolor-hover:#000000;--awb-circlecolor:#ffffff;--awb-circlecolor-hover:#ffffff;--awb-circlebordercolor:rgba(255,255,255,0);--awb-circlebordercolor-hover:rgba(255,255,255,0);--awb-circlebordersize:1px;--awb-font-size:28.16px;--awb-width:56.32px;--awb-height:56.32px;--awb-line-height:54.32px;--awb-margin-top:0;--awb-margin-right:0;--awb-margin-bottom:0;--awb-margin-left:0;--awb-align-self:center;\"><\/i><div class=\"fusion-title title fusion-title-7 fusion-sep-none fusion-title-center fusion-title-text fusion-title-size-four\" style=\"--awb-text-color:#ffffff;--awb-margin-bottom:50px;--awb-margin-top-small:10px;--awb-margin-right-small:0px;--awb-margin-bottom-small:50px;--awb-margin-left-small:0px;\"><h4 class=\"fusion-title-heading title-heading-center\" style=\"margin:0;\"><span style=\"color: #ffffff;\">EXECUCI\u00d3<\/span><\/h4><\/div><\/div><\/div><div class=\"fusion-layout-column fusion_builder_column_inner fusion-builder-nested-column-9 fusion_builder_column_inner_1_1 1_1 fusion-flex-column\" style=\"--awb-bg-size:cover;--awb-width-large:100%;--awb-margin-top-large:0px;--awb-spacing-right-large:1.92%;--awb-margin-bottom-large:20px;--awb-spacing-left-large:1.92%;--awb-width-medium:100%;--awb-order-medium:0;--awb-spacing-right-medium:1.92%;--awb-spacing-left-medium:1.92%;--awb-width-small:100%;--awb-order-small:0;--awb-spacing-right-small:1.92%;--awb-spacing-left-small:1.92%;\"><div class=\"fusion-column-wrapper fusion-column-has-shadow fusion-flex-justify-content-flex-start fusion-content-layout-column\"><div style=\"text-align:right;\"><a class=\"fusion-button button-flat fusion-button-default-size button-custom fusion-button-default button-3 fusion-button-span-yes fusion-button-default-type\" style=\"--awb-margin-top:0px;--awb-padding-top:32px;--awb-padding-right:32px;--awb-padding-bottom:32px;--awb-padding-left:32px;--button_accent_color:var(--awb-color1);--button_border_color:var(--awb-color7);--button_accent_hover_color:var(--awb-color7);--button_border_hover_color:var(--awb-color7);--button_border_width-top:0px;--button_border_width-right:3px;--button_border_width-bottom:3px;--button_border_width-left:3px;--button_gradient_top_color:var(--awb-color7);--button_gradient_bottom_color:var(--awb-color7);--button_gradient_top_color_hover:hsla(var(--awb-color1-h),var(--awb-color1-s),var(--awb-color1-l),calc( var(--awb-color1-a) - 5% ));--button_gradient_bottom_color_hover:hsla(var(--awb-color1-h),var(--awb-color1-s),var(--awb-color1-l),calc( var(--awb-color1-a) - 5% ));--button_text_transform:var(--awb-typography2-text-transform);--button_font_size:20px;--button_line_height:28px;--button_typography-letter-spacing:var(--awb-typography3-letter-spacing);--button_typography-font-family:var(--awb-typography3-font-family);--button_typography-font-weight:var(--awb-typography3-font-weight);--button_typography-font-style:var(--awb-typography3-font-style);\" target=\"_self\" href=\"\/ca\/projectes\/\"><span class=\"fusion-button-text awb-button__text awb-button__text--default\">DESCOBREIX TOTS ELS MEUS PROJECTES<\/span><\/a><\/div><\/div><\/div><\/div><\/div><\/div><\/div><\/div><div class=\"fusion-fullwidth fullwidth-box fusion-builder-row-4 fusion-flex-container has-pattern-background has-mask-background nonhundred-percent-fullwidth non-hundred-percent-height-scrolling fusion-no-medium-visibility fusion-no-large-visibility\" style=\"--awb-border-radius-top-left:0px;--awb-border-radius-top-right:0px;--awb-border-radius-bottom-right:0px;--awb-border-radius-bottom-left:0px;--awb-padding-top:0px;--awb-padding-bottom:0px;--awb-padding-bottom-medium:60px;--awb-margin-top:0px;--awb-margin-bottom:0px;--awb-flex-wrap:wrap;\" ><div class=\"fusion-builder-row fusion-row fusion-flex-align-items-stretch fusion-flex-content-wrap\" style=\"max-width:1352px;margin-left: calc(-4% \/ 2 );margin-right: calc(-4% \/ 2 );\"><div class=\"fusion-layout-column fusion_builder_column fusion-builder-column-6 fusion_builder_column_1_1 1_1 fusion-flex-column fusion-column-inner-bg-wrapper\" style=\"--awb-padding-top:240px;--awb-padding-bottom:240px;--awb-inner-bg-image:linear-gradient(90deg, var(--awb-color3) 6%,rgba(255,255,255,0) 23%),url(https:\/\/claralleal.com\/wp-content\/uploads\/2026\/04\/projecte-espai-noguera-vesteixi-zona-tocadors-1024x688.jpg);;--awb-inner-bg-position:center center;--awb-inner-bg-size:cover;--awb-width-large:100%;--awb-margin-top-large:0px;--awb-spacing-right-large:12px;--awb-margin-bottom-large:20px;--awb-spacing-left-large:12px;--awb-width-medium:100%;--awb-order-medium:0;--awb-spacing-right-medium:12px;--awb-margin-bottom-medium:0px;--awb-spacing-left-medium:12px;--awb-width-small:100%;--awb-order-small:0;--awb-spacing-right-small:1.92%;--awb-margin-bottom-small:0px;--awb-spacing-left-small:1.92%;\" data-scroll-devices=\"small-visibility,medium-visibility,large-visibility\"><span class=\"fusion-column-inner-bg hover-type-zoomin\"><span class=\"fusion-column-anchor\"><span class=\"fusion-column-inner-bg-image\"><\/span><\/span><\/span><div class=\"fusion-column-wrapper fusion-column-has-shadow fusion-flex-justify-content-flex-start fusion-content-layout-column fusion-empty-column-bg-image fusion-column-has-bg-image\" data-bg-url=\"https:\/\/claralleal.com\/wp-content\/uploads\/2026\/04\/projecte-espai-noguera-vesteixi-zona-tocadors-1024x688.jpg\"><img decoding=\"async\" class=\"fusion-empty-dims-img-placeholder fusion-no-large-visibility\" alt=\"Vista de la zona de tocadors del Projecte Espai Noguera\" aria-label=\"Vista de la zona de tocadors del Projecte Espai Noguera\" src=\"data:image\/svg+xml,%3Csvg%20xmlns%3D%27http%3A%2F%2Fwww.w3.org%2F2000%2Fsvg%27%20width%3D%271024%27%20height%3D%27688%27%20viewBox%3D%270%200%201024%20688%27%3E%3Crect%20width%3D%271024%27%20height%3D%27688%27%20fill-opacity%3D%220%22%2F%3E%3C%2Fsvg%3E\"><\/div><\/div><div class=\"fusion-layout-column fusion_builder_column fusion-builder-column-7 fusion_builder_column_1_1 1_1 fusion-flex-column fusion-flex-align-self-flex-end sobre-mi-por-que-elegirnos\" style=\"--awb-padding-bottom:0px;--awb-bg-size:cover;--awb-width-large:100%;--awb-margin-top-large:0px;--awb-spacing-right-large:1.92%;--awb-margin-bottom-large:0px;--awb-spacing-left-large:12px;--awb-width-medium:100%;--awb-order-medium:0;--awb-spacing-right-medium:1.92%;--awb-spacing-left-medium:12px;--awb-width-small:100%;--awb-order-small:0;--awb-spacing-right-small:1.92%;--awb-spacing-left-small:1.92%;\" data-scroll-devices=\"small-visibility,medium-visibility,large-visibility\"><div class=\"fusion-column-wrapper fusion-column-has-shadow fusion-flex-justify-content-space-between fusion-content-layout-column\"><div class=\"fusion-builder-row fusion-builder-row-inner fusion-row fusion-flex-align-items-stretch fusion-flex-content-wrap\" style=\"--awb-flex-grow:0;--awb-flex-grow-medium:0;--awb-flex-grow-small:0;--awb-flex-shrink:0;--awb-flex-shrink-medium:0;--awb-flex-shrink-small:0;width:104% !important;max-width:104% !important;margin-left: calc(-4% \/ 2 );margin-right: calc(-4% \/ 2 );\"><div class=\"fusion-layout-column fusion_builder_column_inner fusion-builder-nested-column-10 fusion_builder_column_inner_1_1 1_1 fusion-flex-column\" style=\"--awb-padding-top:8%;--awb-padding-right:8%;--awb-padding-bottom:6%;--awb-padding-left:8%;--awb-bg-color:#000000;--awb-bg-color-hover:#000000;--awb-bg-size:cover;--awb-width-large:100%;--awb-margin-top-large:0px;--awb-spacing-right-large:1.92%;--awb-margin-bottom-large:0px;--awb-spacing-left-large:1.92%;--awb-width-medium:100%;--awb-order-medium:0;--awb-spacing-right-medium:1.92%;--awb-spacing-left-medium:1.92%;--awb-width-small:100%;--awb-order-small:0;--awb-spacing-right-small:1.92%;--awb-spacing-left-small:1.92%;\" data-scroll-devices=\"small-visibility,medium-visibility,large-visibility\"><div class=\"fusion-column-wrapper fusion-column-has-shadow fusion-flex-justify-content-flex-start fusion-content-layout-column\"><div class=\"fusion-separator fusion-full-width-sep\" style=\"align-self: center;margin-left: auto;margin-right: auto;margin-top:10px;margin-bottom:30px;width:100%;\"><div class=\"fusion-separator-border sep-single sep-solid\" style=\"--awb-height:20px;--awb-amount:20px;--awb-sep-color:hsla(var(--awb-color8-h),var(--awb-color8-s),calc( var(--awb-color8-l) + 99% ),calc( var(--awb-color8-a) - 94% ));border-color:hsla(var(--awb-color8-h),var(--awb-color8-s),calc( var(--awb-color8-l) + 99% ),calc( var(--awb-color8-a) - 94% ));border-top-width:1px;\"><\/div><\/div><div class=\"fusion-title title fusion-title-8 fusion-sep-none fusion-title-text fusion-title-size-two\" style=\"--awb-text-color:var(--awb-color1);--awb-margin-top-small:10px;--awb-margin-right-small:0px;--awb-margin-bottom-small:10px;--awb-margin-left-small:0px;\"><h2 class=\"fusion-title-heading title-heading-left\" style=\"margin:0;\"><h2>Per qu\u00e8 triar-nos per al teu projecte<\/h2><\/h2><\/div><div class=\"fusion-text fusion-text-5\"><p><span style=\"color: #ffffff;\"><br \/>\nComprom\u00eds amb cada projecte.<br \/>\nEl nostre major orgull \u00e9s el benestar dels clients a trav\u00e9s del nostre treball. Un treball que, a m\u00e9s, ha estat reconegut a escala nacional i internacional. Els nostres projectes es defineixen per la recerca de l&#8217;excel\u00b7l\u00e8ncia i originalitat.<\/span><br \/>\n<span style=\"color: #ffffff;\"><br \/>\nAl nostre estudi dissenyem tot tipus de projectes d&#8217;interiorisme, tant en l&#8217;\u00e0mbit residencial com en el comercial, ajudant els nostres clients a viure o a treballar en espais moderns i ben dissenyats perqu\u00e8 els aportin benestar.<\/span><br \/>\n<span style=\"color: #ffffff;\"><br \/>\nA Clara Lleal Interiorista pots contractar des d&#8217;una simple distribuci\u00f3 d&#8217;espais fins a un projecte integral d&#8217;interiorisme per al teu habitatge, oficina o local. Tamb\u00e9 realitzem projectes de mobiliari o decoraci\u00f3 si ja tens l\u2019immoble reformat.<br \/>\n<\/span><br \/>\n<span style=\"color: #ffffff;\"><br \/>\nSi ho desitges, podem realitzar un projecte \u201cclaus en m\u00e0\u201d i ocupar-nos de tot el proc\u00e9s. Amb aquesta mena de projectes t\u2019oferim m\u00faltiples beneficis: dissenyem per a tu un projecte personalitzat, optimitzant temps i costos, i gestionem totes les fases de l\u2019obra per garantir uns resultats de gran qualitat. Aix\u00f2 \u00e9s possible perqu\u00e8 el client contracta un \u00fanic interlocutor per al disseny i l\u2019execuci\u00f3 del projecte.<br \/>\n<\/span><\/p>\n<\/div><i class=\"fb-icon-element-6 fb-icon-element fontawesome-icon fa-lightbulb fas circle-yes fa-flip-horizontal\" style=\"--awb-iconcolor:#000000;--awb-iconcolor-hover:#000000;--awb-circlecolor:#ffffff;--awb-circlecolor-hover:#ffffff;--awb-circlebordercolor:rgba(255,255,255,0);--awb-circlebordercolor-hover:rgba(255,255,255,0);--awb-circlebordersize:1px;--awb-font-size:28.16px;--awb-width:56.32px;--awb-height:56.32px;--awb-line-height:54.32px;--awb-margin-top:0;--awb-margin-right:0;--awb-margin-bottom:0;--awb-margin-left:0;--awb-align-self:center;\"><\/i><div class=\"fusion-title title fusion-title-9 fusion-sep-none fusion-title-center fusion-title-text fusion-title-size-four\" style=\"--awb-text-color:#ffffff;--awb-margin-top-small:10px;--awb-margin-right-small:0px;--awb-margin-bottom-small:10px;--awb-margin-left-small:0px;\"><h4 class=\"fusion-title-heading title-heading-center\" style=\"margin:0;\"><span style=\"color: #ffffff;\">IDEA &amp; CONCEPTE<\/span><\/h4><\/div><i class=\"fb-icon-element-7 fb-icon-element fontawesome-icon fa-ruler-combined fas circle-yes fa-flip-horizontal\" style=\"--awb-iconcolor:#000000;--awb-iconcolor-hover:#000000;--awb-circlecolor:#ffffff;--awb-circlecolor-hover:#ffffff;--awb-circlebordercolor:rgba(255,255,255,0);--awb-circlebordercolor-hover:rgba(255,255,255,0);--awb-circlebordersize:1px;--awb-font-size:28.16px;--awb-width:56.32px;--awb-height:56.32px;--awb-line-height:54.32px;--awb-margin-top:0;--awb-margin-right:0;--awb-margin-bottom:0;--awb-margin-left:0;--awb-align-self:center;\"><\/i><div class=\"fusion-title title fusion-title-10 fusion-sep-none fusion-title-center fusion-title-text fusion-title-size-four\" style=\"--awb-text-color:#ffffff;--awb-margin-top-small:10px;--awb-margin-right-small:0px;--awb-margin-bottom-small:10px;--awb-margin-left-small:0px;\"><h4 class=\"fusion-title-heading title-heading-center\" style=\"margin:0;\"><span style=\"color: #ffffff;\">EXACTITUD<\/span><\/h4><\/div><i class=\"fb-icon-element-8 fb-icon-element fontawesome-icon fa-assistive-listening-systems fas circle-yes fa-flip-horizontal\" style=\"--awb-iconcolor:#000000;--awb-iconcolor-hover:#000000;--awb-circlecolor:#ffffff;--awb-circlecolor-hover:#ffffff;--awb-circlebordercolor:rgba(255,255,255,0);--awb-circlebordercolor-hover:rgba(255,255,255,0);--awb-circlebordersize:1px;--awb-font-size:28.16px;--awb-width:56.32px;--awb-height:56.32px;--awb-line-height:54.32px;--awb-margin-top:0;--awb-margin-right:0;--awb-margin-bottom:0;--awb-margin-left:0;--awb-align-self:center;\"><\/i><div class=\"fusion-title title fusion-title-11 fusion-sep-none fusion-title-center fusion-title-text fusion-title-size-four\" style=\"--awb-text-color:#ffffff;--awb-margin-bottom:50px;--awb-margin-top-small:10px;--awb-margin-right-small:0px;--awb-margin-bottom-small:50px;--awb-margin-left-small:0px;\"><h4 class=\"fusion-title-heading title-heading-center\" style=\"margin:0;\"><span style=\"color: #ffffff;\">COMUNICACI\u00d3<\/span><\/h4><\/div><i class=\"fb-icon-element-9 fb-icon-element fontawesome-icon fa-cog fas circle-yes fa-flip-horizontal\" style=\"--awb-iconcolor:#000000;--awb-iconcolor-hover:#000000;--awb-circlecolor:#ffffff;--awb-circlecolor-hover:#ffffff;--awb-circlebordercolor:rgba(255,255,255,0);--awb-circlebordercolor-hover:rgba(255,255,255,0);--awb-circlebordersize:1px;--awb-font-size:28.16px;--awb-width:56.32px;--awb-height:56.32px;--awb-line-height:54.32px;--awb-margin-top:0;--awb-margin-right:0;--awb-margin-bottom:0;--awb-margin-left:0;--awb-align-self:center;\"><\/i><div class=\"fusion-title title fusion-title-12 fusion-sep-none fusion-title-center fusion-title-text fusion-title-size-four\" style=\"--awb-text-color:#ffffff;--awb-margin-bottom:50px;--awb-margin-top-small:10px;--awb-margin-right-small:0px;--awb-margin-bottom-small:50px;--awb-margin-left-small:0px;\"><h4 class=\"fusion-title-heading title-heading-center\" style=\"margin:0;\"><span style=\"color: #ffffff;\">EXECUCI\u00d3<\/span><\/h4><\/div><\/div><\/div><div class=\"fusion-layout-column fusion_builder_column_inner fusion-builder-nested-column-11 fusion_builder_column_inner_1_1 1_1 fusion-flex-column\" style=\"--awb-bg-size:cover;--awb-width-large:100%;--awb-margin-top-large:0px;--awb-spacing-right-large:1.92%;--awb-margin-bottom-large:20px;--awb-spacing-left-large:1.92%;--awb-width-medium:100%;--awb-order-medium:0;--awb-spacing-right-medium:1.92%;--awb-spacing-left-medium:1.92%;--awb-width-small:100%;--awb-order-small:0;--awb-spacing-right-small:1.92%;--awb-spacing-left-small:1.92%;\"><div class=\"fusion-column-wrapper fusion-column-has-shadow fusion-flex-justify-content-flex-start fusion-content-layout-column\"><div style=\"text-align:right;\"><a class=\"fusion-button button-flat fusion-button-default-size button-custom fusion-button-default button-4 fusion-button-span-yes fusion-button-default-type\" style=\"--awb-margin-top:0px;--awb-padding-top:32px;--awb-padding-right:32px;--awb-padding-bottom:32px;--awb-padding-left:32px;--button_accent_color:var(--awb-color1);--button_border_color:var(--awb-color7);--button_accent_hover_color:var(--awb-color7);--button_border_hover_color:var(--awb-color7);--button_border_width-top:0px;--button_border_width-right:3px;--button_border_width-bottom:3px;--button_border_width-left:3px;--button_gradient_top_color:var(--awb-color5);--button_gradient_bottom_color:var(--awb-color5);--button_gradient_top_color_hover:hsla(var(--awb-color1-h),var(--awb-color1-s),var(--awb-color1-l),calc( var(--awb-color1-a) - 5% ));--button_gradient_bottom_color_hover:hsla(var(--awb-color1-h),var(--awb-color1-s),var(--awb-color1-l),calc( var(--awb-color1-a) - 5% ));--button_text_transform:var(--awb-typography2-text-transform);--button_font_size:20px;--button_line_height:28px;--button_typography-letter-spacing:var(--awb-typography3-letter-spacing);--button_typography-font-family:var(--awb-typography3-font-family);--button_typography-font-weight:var(--awb-typography3-font-weight);--button_typography-font-style:var(--awb-typography3-font-style);\" target=\"_self\" href=\"\/ca\/projectes\"><span class=\"fusion-button-text awb-button__text awb-button__text--default\">DESCOBREIX TOTS ELS MEUS PROJECTES<\/span><\/a><\/div><\/div><\/div><\/div><\/div><\/div><\/div><\/div><div class=\"fusion-fullwidth fullwidth-box fusion-builder-row-5 fusion-flex-container has-pattern-background has-mask-background nonhundred-percent-fullwidth non-hundred-percent-height-scrolling\" style=\"--awb-border-radius-top-left:0px;--awb-border-radius-top-right:0px;--awb-border-radius-bottom-right:0px;--awb-border-radius-bottom-left:0px;--awb-padding-top:50px;--awb-padding-bottom:50px;--awb-padding-top-small:0px;--awb-margin-top:30px;--awb-margin-bottom:30px;--awb-margin-top-small:0px;--awb-flex-wrap:wrap;\" ><div class=\"fusion-builder-row fusion-row fusion-flex-align-items-flex-start fusion-flex-content-wrap\" style=\"max-width:1352px;margin-left: calc(-4% \/ 2 );margin-right: calc(-4% \/ 2 );\"><div class=\"fusion-layout-column fusion_builder_column fusion-builder-column-8 fusion_builder_column_1_2 1_2 fusion-flex-column\" style=\"--awb-bg-size:cover;--awb-width-large:50%;--awb-margin-top-large:0px;--awb-spacing-right-large:3.84%;--awb-margin-bottom-large:50px;--awb-spacing-left-large:3.84%;--awb-width-medium:50%;--awb-order-medium:0;--awb-spacing-right-medium:3.84%;--awb-spacing-left-medium:3.84%;--awb-width-small:100%;--awb-order-small:0;--awb-spacing-right-small:1.92%;--awb-spacing-left-small:1.92%;\" data-scroll-devices=\"small-visibility,medium-visibility,large-visibility\"><div class=\"fusion-column-wrapper fusion-column-has-shadow fusion-flex-justify-content-flex-start fusion-content-layout-column\"><div class=\"fusion-title title fusion-title-13 fusion-sep-none fusion-title-text fusion-title-size-two\" style=\"--awb-margin-top-small:10px;--awb-margin-right-small:0px;--awb-margin-bottom-small:10px;--awb-margin-left-small:0px;\"><h2 class=\"fusion-title-heading title-heading-left\" style=\"margin:0;\">Qu\u00e8 opinen els clients dels nostres dissenys<\/h2><\/div><\/div><\/div><div class=\"fusion-layout-column fusion_builder_column fusion-builder-column-9 fusion_builder_column_1_2 1_2 fusion-flex-column fusion-no-small-visibility\" style=\"--awb-bg-size:cover;--awb-width-large:50%;--awb-margin-top-large:0px;--awb-spacing-right-large:3.84%;--awb-margin-bottom-large:20px;--awb-spacing-left-large:3.84%;--awb-width-medium:50%;--awb-order-medium:0;--awb-spacing-right-medium:3.84%;--awb-spacing-left-medium:3.84%;--awb-width-small:100%;--awb-order-small:0;--awb-spacing-right-small:1.92%;--awb-spacing-left-small:1.92%;\" data-scroll-devices=\"small-visibility,medium-visibility,large-visibility\"><div class=\"fusion-column-wrapper fusion-column-has-shadow fusion-flex-justify-content-flex-start fusion-content-layout-column\"><div class=\"fusion-separator fusion-full-width-sep\" style=\"align-self: flex-end;margin-left:auto;margin-top:100px;width:100%;\"><div class=\"fusion-separator-border sep-single sep-solid\" style=\"--awb-height:20px;--awb-amount:20px;--awb-sep-color:#000000;border-color:#000000;border-top-width:1px;\"><\/div><\/div><\/div><\/div><div class=\"fusion-layout-column fusion_builder_column fusion-builder-column-10 fusion_builder_column_1_1 1_1 fusion-flex-column\" style=\"--awb-bg-size:cover;--awb-width-large:100%;--awb-margin-top-large:0px;--awb-spacing-right-large:1.92%;--awb-margin-bottom-large:20px;--awb-spacing-left-large:1.92%;--awb-width-medium:100%;--awb-order-medium:0;--awb-spacing-right-medium:1.92%;--awb-spacing-left-medium:1.92%;--awb-width-small:100%;--awb-order-small:0;--awb-spacing-right-small:1.92%;--awb-spacing-left-small:1.92%;\" data-scroll-devices=\"small-visibility,medium-visibility,large-visibility\"><div class=\"fusion-column-wrapper fusion-column-has-shadow fusion-flex-justify-content-center fusion-content-layout-column\"><div class=\"wprevpro-shortcode-wrapper\"><style>.wprev-google-wr-a {background: #ffffff !important; color:rgb(0,0,0) !important}.wprev-google-wr-a:hover {background: #ffffffde !important;}.wprev-google-place {background: #ffffff !important;border-radius:0px !important;}.wprev-google-place {box-shadow: rgba(0, 0, 0, .08) 2px 2px 3px 0px !important;}.wprev-google-place {flex-direction: column !important;align-items: center !important;}.wprev-google-right {display: flex!important;align-items: center!important;flex-direction: column!important;}.wprev-google-name{margin-bottom: 3px !important;}img.sprev-google-left-src {min-width: 50px !important;min-height: 50px !important;}<\/style><div class=\"wprev_outer_wb\"><div class=\"wprev_badge_div badgeleft\"><div class=\"wprev-google-place\"><div class=\"wprev-google-left badgehideclass\"><img decoding=\"async\" class=\"sprev-google-left-src\" src=\"https:\/\/claralleal.com\/wp-content\/plugins\/wp-review-slider-pro\/public\/partials\/imgs\/google-my-business-icon-300x300.png\" alt=\"Clara Lleal Interiorista\" width=\"50\" height=\"50\" title=\"Clara Lleal Interiorista\"><\/div><div class=\"wprev-google-right\"><div class=\"wprev-google-name \"><a href=\"https:\/\/www.google.com\/maps\/place\/Clara+Lleal+Interiorista\/@41.4488077,2.2462148,17z\/data=!3m1!4b1!4m6!3m5!1s0x12a4bbbc18503535:0x44b330b6e6857216!8m2!3d41.4488037!4d2.2487897!16sg11j13lxdl9?entry=ttu&#038;g_ep=EgoyMDI2MDEwNC4wIKXMDSoKLDEwMDc5MjA2N0gBUAM\" target=\"_blank\" rel=\"nofollow noopener\"><span class=\"wprev-businessname\">Clara Lleal Interiorista<\/span><\/a><\/div><div class=\"wprevstardiv\"><span class=\"wprev-google-rating\">5<\/span><span class=\"wprevpro_star_imgs_T1\"><span class=\"starloc1 wprevpro_star_imgs wprevpro_star_imgsloc1\"><span class=\"svgicons svg-wprsp-star\"><\/span><span class=\"svgicons svg-wprsp-star\"><\/span><span class=\"svgicons svg-wprsp-star\"><\/span><span class=\"svgicons svg-wprsp-star\"><\/span><span class=\"svgicons svg-wprsp-star\"><\/span><\/span><\/span><\/div><div class=\"wprev-google-basedon \">Based on <span class=\"wprev_btot\">22<\/span> reviews<\/div><div class=\"wprev-google-powered \"><img decoding=\"async\" class=\"wprev-google-powered-img\" src=\"https:\/\/claralleal.com\/wp-content\/plugins\/wp-review-slider-pro\/public\/partials\/imgs\/poweredbygooglew.png\" alt=\"powered by \" width=\"82\" height=\"18\" title=\"powered by \"><img decoding=\"async\" width=\"16\" height=\"16\" src=\"https:\/\/claralleal.com\/wp-content\/plugins\/wp-review-slider-pro\/public\/partials\/imgs\/google_small_icon.svg\" alt=\"Google Logo\" class=\"wprevpro_badge_site_logo wprevsiteicon \"><img decoding=\"async\" width=\"16\" height=\"16\" src=\"https:\/\/claralleal.com\/wp-content\/plugins\/wp-review-slider-pro\/public\/partials\/imgs\/houzz_small_icon.png\" alt=\"Houzz Logo\" class=\"wprevpro_badge_site_logo wprevsiteicon \"><\/div><div class=\"wprev-google-wr \"><a class=\"wprev-google-wr-a\" href=\"https:\/\/www.google.com\/maps\/place\/Clara+Lleal+Interiorista\/@41.4488077,2.2462148,17z\/data=!3m1!4b1!4m6!3m5!1s0x12a4bbbc18503535:0x44b330b6e6857216!8m2!3d41.4488037!4d2.2487897!16sg11j13lxdl9?entry=ttu&g_ep=EgoyMDI2MDEwNC4wIKXMDSoKLDEwMDc5MjA2N0gBUAM\" target=\"_blank\">Dejar rese\u00f1a<\/a><\/div><\/div><\/div><\/div><div class=\"wprev_badge_div badgereviewscontainer\"><div class=\"wprevpro wprev-slick-slider \" id=\"wprev-slider-3\"><div id=\"wprevgoslickid_3\"  style=\"display:none;\" class=\"wprevgoslick w3_wprs-row\" data-avatartemplate=\"0\" data-totalreviewsnum=\"21\" data-revsperrow=\"3\" data-wprevmasonry=\"no\" data-loadmore=\"no\" data-avatarnav=\"no\" data-revsameheight=\"yes\" data-slickwprev='{\"slidesToShow\": 3,\"slidesToScroll\": 3,\"dots\": false,\"arrows\": true,\"infinite\": false,\"speed\": 750,\"adaptiveHeight\": false,\"centerMode\": false,\"fade\":false,\"centerPadding\": \"60px\", \"rows\":1,\"autoplay\": true,\"autoplaySpeed\": 3000}'>\t\t<div class=\" wprevpro_t1_DIV_1 w3_wprs-col l4 outerrevdiv\">\r\n\t\t\t<div class=\"indrevdiv wprevpro_t1_DIV_2 wprev_preview_bg1_T1 wprev_preview_bradius_T1\">\r\n\t\t\t\t<div class=\"indrevtxt wprevpro_t1_P_3 wprev_preview_tcolor1_T1\"><div class='readmoretextdiv indrevlineclamp' data-lines='4' data-revid='24'>\t\t\t\t\t<span class=\"wprevpro_star_imgs_T1\"><span class=\"starloc1 wprevpro_star_imgs wprevpro_star_imgsloc1\"><span class=\"svgicons svg-wprsp-star\"><\/span><span class=\"svgicons svg-wprsp-star\"><\/span><span class=\"svgicons svg-wprsp-star\"><\/span><span class=\"svgicons svg-wprsp-star\"><\/span><span class=\"svgicons svg-wprsp-star\"><\/span><\/span><\/span>La Clara m\u00b4ha fet alguns projectes i dissenys i puc certificar que \u00e9s una excel.lent professional molt eficient que troba grans solucions a l\u00b4hora de dissenyar la reforma d\u00b4un habitatge o local comercial.<span class=\"verifiedloc2 wprevpro_verified_svg wprevtooltip\" data-wprevtooltip=\"Verified on Google\"><span class=\"svgicons svg-wprsp-verified \"><\/span><\/span><\/div><div class='divwprsrdmore' style='opacity:0;'><span class='wprs_rd_more'>leer m\u00e1s<\/span><span class='wprs_rd_less' style='display:none;'>leer menos<\/span><\/div>\t\t\t\t<\/div>\r\n\t\t\t\t\t\t\t\t\t\t\t\t\t\t\t\t<a href=\"https:\/\/www.google.com\/maps\/contrib\/110122041084037715373\/place\/ChIJNTVQGLy7pBIRFnKF5rYws0Q\" target=\"_blank\" rel=\"nofollow noreferrer\" class=\"wprevpro_t1_site_logo_a\"><img decoding=\"async\" width=32 height=32 src=\"https:\/\/claralleal.com\/wp-content\/plugins\/wp-review-slider-pro\/public\/partials\/imgs\/google_small_icon.svg\" alt=\"Google Logo\" class=\"wprevpro_t1_site_logo wprevsiteicon \"><\/a>\t\t\t<\/div><span class=\"wprevpro_t1_A_8\"><img decoding=\"async\" loading=\"lazy\" src=\"https:\/\/lh3.googleusercontent.com\/a-\/ALV-UjX2CE0dI4tO2-m7XgjdxtsHpcHEkksOwkTZ99UnweOyhPo00cNJ=s120-c-rp-mo-br100\" alt=\"Jordi Bellavista Avellaneda Avatar\" class=\"wprevpro_t1_IMG_4 wprevpro_avatarimg\" \/><\/span> <div class=\"wprevpro_t1_SPAN_5 wprev_preview_tcolor2_T1\"><div class=\"wprevpro_t1_rname wprevname\" >Jordi Bellavista Avellaneda<\/div><div class=\"wprev_showdate_T1 wprevdate\">07\/06\/24<\/div> <\/div>\r\n\t\t\t\r\n\t\t<\/div>\r\n\t\t\r\n\t\t\t<div class=\" wprevpro_t1_DIV_1 w3_wprs-col l4 outerrevdiv\">\r\n\t\t\t<div class=\"indrevdiv wprevpro_t1_DIV_2 wprev_preview_bg1_T1 wprev_preview_bradius_T1\">\r\n\t\t\t\t<div class=\"indrevtxt wprevpro_t1_P_3 wprev_preview_tcolor1_T1\"><div class='readmoretextdiv indrevlineclamp' data-lines='4' data-revid='4'>\t\t\t\t\t<span class=\"wprevpro_star_imgs_T1\"><span class=\"starloc1 wprevpro_star_imgs wprevpro_star_imgsloc1\"><span class=\"svgicons svg-wprsp-star\"><\/span><span class=\"svgicons svg-wprsp-star\"><\/span><span class=\"svgicons svg-wprsp-star\"><\/span><span class=\"svgicons svg-wprsp-star\"><\/span><span class=\"svgicons svg-wprsp-star\"><\/span><\/span><\/span><span class=\"verifiedloc2 wprevpro_verified_svg wprevtooltip\" data-wprevtooltip=\"Verified on Google\"><span class=\"svgicons svg-wprsp-verified \"><\/span><\/span><\/div><div class='divwprsrdmore' style='opacity:0;'><span class='wprs_rd_more'>leer m\u00e1s<\/span><span class='wprs_rd_less' style='display:none;'>leer menos<\/span><\/div>\t\t\t\t<\/div>\r\n\t\t\t\t\t\t\t\t\t\t\t\t\t\t\t\t<a href=\"https:\/\/www.google.com\/maps\/contrib\/106474185402375891534\/place\/ChIJNTVQGLy7pBIRFnKF5rYws0Q\" target=\"_blank\" rel=\"nofollow noreferrer\" class=\"wprevpro_t1_site_logo_a\"><img decoding=\"async\" width=32 height=32 src=\"https:\/\/claralleal.com\/wp-content\/plugins\/wp-review-slider-pro\/public\/partials\/imgs\/google_small_icon.svg\" alt=\"Google Logo\" class=\"wprevpro_t1_site_logo wprevsiteicon \"><\/a>\t\t\t<\/div><span class=\"wprevpro_t1_A_8\"><img decoding=\"async\" loading=\"lazy\" src=\"https:\/\/lh3.googleusercontent.com\/a\/ACg8ocJ8hTAgdjX0MbxLS0wmXZ2_VM8oLTaimvRslWQ1lerF=s120-c-rp-mo-br100\" alt=\"Quim Costa Avatar\" class=\"wprevpro_t1_IMG_4 wprevpro_avatarimg\" \/><\/span> <div class=\"wprevpro_t1_SPAN_5 wprev_preview_tcolor2_T1\"><div class=\"wprevpro_t1_rname wprevname\" >Quim Costa<\/div><div class=\"wprev_showdate_T1 wprevdate\">19\/01\/23<\/div> <\/div>\r\n\t\t\t\r\n\t\t<\/div>\r\n\t\t\r\n\t\t\t<div class=\" wprevpro_t1_DIV_1 w3_wprs-col l4 outerrevdiv\">\r\n\t\t\t<div class=\"indrevdiv wprevpro_t1_DIV_2 wprev_preview_bg1_T1 wprev_preview_bradius_T1\">\r\n\t\t\t\t<div class=\"indrevtxt wprevpro_t1_P_3 wprev_preview_tcolor1_T1\"><div class='readmoretextdiv indrevlineclamp' data-lines='4' data-revid='7'>\t\t\t\t\t<span class=\"wprevpro_star_imgs_T1\"><span class=\"starloc1 wprevpro_star_imgs wprevpro_star_imgsloc1\"><span class=\"svgicons svg-wprsp-star\"><\/span><span class=\"svgicons svg-wprsp-star\"><\/span><span class=\"svgicons svg-wprsp-star\"><\/span><span class=\"svgicons svg-wprsp-star\"><\/span><span class=\"svgicons svg-wprsp-star\"><\/span><\/span><\/span>He quedat molt satisfeta del treball de la Clara, \u00e9s molt professional i es preocupa molt que tot estigui perfecte. De seguida va detectar les meves necessitats i gustos, per aix\u00f2 la seva proposta va estar encertad\u00edssima. Molt propera i sempre disposada a ajudar, la recomano 100%.<span class=\"verifiedloc2 wprevpro_verified_svg wprevtooltip\" data-wprevtooltip=\"Verified on Houzz\"><span class=\"svgicons svg-wprsp-verified \"><\/span><\/span><\/div><div class='divwprsrdmore' style='opacity:0;'><span class='wprs_rd_more'>leer m\u00e1s<\/span><span class='wprs_rd_less' style='display:none;'>leer menos<\/span><\/div>\t\t\t\t<\/div>\r\n\t\t\t\t\t\t\t\t\t\t\t\t\t\t\t\t<a href=\"https:\/\/www.houzz.com\/profesionales\/arquitectos-de-interiores\/clara-lleal-interiorista-pfvwes-pf~1203152912\" target=\"_blank\" rel=\"nofollow noreferrer\" class=\"wprevpro_t1_site_logo_a\"><img decoding=\"async\" width=32 height=32 src=\"https:\/\/claralleal.com\/wp-content\/plugins\/wp-review-slider-pro\/public\/partials\/imgs\/houzz_small_icon.png?id=1\" alt=\"houzz logo\" class=\"wprevpro_t1_site_logo wprevsiteicon \"><\/a>\t\t\t<\/div><span class=\"wprevpro_t1_A_8\"><\/span> <div class=\"wprevpro_t1_SPAN_5 wprev_preview_tcolor2_T1\"><div class=\"wprevpro_t1_rname wprevname\" >Marga<\/div><div class=\"wprev_showdate_T1 wprevdate\">11\/11\/22<\/div> <\/div>\r\n\t\t\t\r\n\t\t<\/div>\r\n\t\t\r\n\t\t\t<div class=\" wprevpro_t1_DIV_1 w3_wprs-col l4 outerrevdiv\">\r\n\t\t\t<div class=\"indrevdiv wprevpro_t1_DIV_2 wprev_preview_bg1_T1 wprev_preview_bradius_T1\">\r\n\t\t\t\t<div class=\"indrevtxt wprevpro_t1_P_3 wprev_preview_tcolor1_T1\"><div class='readmoretextdiv indrevlineclamp' data-lines='4' data-revid='8'>\t\t\t\t\t<span class=\"wprevpro_star_imgs_T1\"><span class=\"starloc1 wprevpro_star_imgs wprevpro_star_imgsloc1\"><span class=\"svgicons svg-wprsp-star\"><\/span><span class=\"svgicons svg-wprsp-star\"><\/span><span class=\"svgicons svg-wprsp-star\"><\/span><span class=\"svgicons svg-wprsp-star\"><\/span><span class=\"svgicons svg-wprsp-star\"><\/span><\/span><\/span>Le encanta lo que hace y eso se nota en el resultado final del proyecto. 100% recomendable! Buen equipo de professionals.<span class=\"verifiedloc2 wprevpro_verified_svg wprevtooltip\" data-wprevtooltip=\"Verified on Houzz\"><span class=\"svgicons svg-wprsp-verified \"><\/span><\/span><\/div><div class='divwprsrdmore' style='opacity:0;'><span class='wprs_rd_more'>leer m\u00e1s<\/span><span class='wprs_rd_less' style='display:none;'>leer menos<\/span><\/div>\t\t\t\t<\/div>\r\n\t\t\t\t\t\t\t\t\t\t\t\t\t\t\t\t<a href=\"https:\/\/www.houzz.com\/profesionales\/arquitectos-de-interiores\/clara-lleal-interiorista-pfvwes-pf~1203152912\" target=\"_blank\" rel=\"nofollow noreferrer\" class=\"wprevpro_t1_site_logo_a\"><img decoding=\"async\" width=32 height=32 src=\"https:\/\/claralleal.com\/wp-content\/plugins\/wp-review-slider-pro\/public\/partials\/imgs\/houzz_small_icon.png?id=1\" alt=\"houzz logo\" class=\"wprevpro_t1_site_logo wprevsiteicon \"><\/a>\t\t\t<\/div><span class=\"wprevpro_t1_A_8\"><\/span> <div class=\"wprevpro_t1_SPAN_5 wprev_preview_tcolor2_T1\"><div class=\"wprevpro_t1_rname wprevname\" >HU-87864308<\/div><div class=\"wprev_showdate_T1 wprevdate\">26\/12\/21<\/div> <\/div>\r\n\t\t\t\r\n\t\t<\/div>\r\n\t\t\r\n\t\t\t<div class=\" wprevpro_t1_DIV_1 w3_wprs-col l4 outerrevdiv\">\r\n\t\t\t<div class=\"indrevdiv wprevpro_t1_DIV_2 wprev_preview_bg1_T1 wprev_preview_bradius_T1\">\r\n\t\t\t\t<div class=\"indrevtxt wprevpro_t1_P_3 wprev_preview_tcolor1_T1\"><div class='readmoretextdiv indrevlineclamp' data-lines='4' data-revid='9'>\t\t\t\t\t<span class=\"wprevpro_star_imgs_T1\"><span class=\"starloc1 wprevpro_star_imgs wprevpro_star_imgsloc1\"><span class=\"svgicons svg-wprsp-star\"><\/span><span class=\"svgicons svg-wprsp-star\"><\/span><span class=\"svgicons svg-wprsp-star\"><\/span><span class=\"svgicons svg-wprsp-star\"><\/span><span class=\"svgicons svg-wprsp-star\"><\/span><\/span><\/span>Excelente profesional, sus trabajos siempre se amoldan a las premisas del cliente y ella aporta su toque, ofreciendo personalidad al espacio y captando la esencia de cada vivienda. Trabajar con ella siempre es un placer,  por su trato y por sus aportaciones.<span class=\"verifiedloc2 wprevpro_verified_svg wprevtooltip\" data-wprevtooltip=\"Verified on Houzz\"><span class=\"svgicons svg-wprsp-verified \"><\/span><\/span><\/div><div class='divwprsrdmore' style='opacity:0;'><span class='wprs_rd_more'>leer m\u00e1s<\/span><span class='wprs_rd_less' style='display:none;'>leer menos<\/span><\/div>\t\t\t\t<\/div>\r\n\t\t\t\t\t\t\t\t\t\t\t\t\t\t\t\t<a href=\"https:\/\/www.houzz.com\/profesionales\/arquitectos-de-interiores\/clara-lleal-interiorista-pfvwes-pf~1203152912\" target=\"_blank\" rel=\"nofollow noreferrer\" class=\"wprevpro_t1_site_logo_a\"><img decoding=\"async\" width=32 height=32 src=\"https:\/\/claralleal.com\/wp-content\/plugins\/wp-review-slider-pro\/public\/partials\/imgs\/houzz_small_icon.png?id=1\" alt=\"houzz logo\" class=\"wprevpro_t1_site_logo wprevsiteicon \"><\/a>\t\t\t<\/div><span class=\"wprevpro_t1_A_8\"><img decoding=\"async\" loading=\"lazy\" src=\"https:\/\/st.hzcdn.com\/simgs\/9393b9b607cfe63f_0-2983\/_.jpg\" alt=\"lyte Avatar\" class=\"wprevpro_t1_IMG_4 wprevpro_avatarimg\" \/><\/span> <div class=\"wprevpro_t1_SPAN_5 wprev_preview_tcolor2_T1\"><div class=\"wprevpro_t1_rname wprevname\" >lyte<\/div><div class=\"wprev_showdate_T1 wprevdate\">17\/12\/21<\/div> <\/div>\r\n\t\t\t\r\n\t\t<\/div>\r\n\t\t\r\n\t\t\t<div class=\" wprevpro_t1_DIV_1 w3_wprs-col l4 outerrevdiv\">\r\n\t\t\t<div class=\"indrevdiv wprevpro_t1_DIV_2 wprev_preview_bg1_T1 wprev_preview_bradius_T1\">\r\n\t\t\t\t<div class=\"indrevtxt wprevpro_t1_P_3 wprev_preview_tcolor1_T1\"><div class='readmoretextdiv indrevlineclamp' data-lines='4' data-revid='10'>\t\t\t\t\t<span class=\"wprevpro_star_imgs_T1\"><span class=\"starloc1 wprevpro_star_imgs wprevpro_star_imgsloc1\"><span class=\"svgicons svg-wprsp-star\"><\/span><span class=\"svgicons svg-wprsp-star\"><\/span><span class=\"svgicons svg-wprsp-star\"><\/span><span class=\"svgicons svg-wprsp-star\"><\/span><span class=\"svgicons svg-wprsp-star\"><\/span><\/span><\/span>Vam contactar amb la Clara a partir  d'aquesta web per fer la reforma integral del pis. Es va encarregar de tot el projecte, des de l'inici del disseny fins l'entrega de l'obra. T\u00e9 un bon equip de professionals i sempre va respondre i donar solucions als problemes. Tracte molt proper i amable, tornarem a contactar amb ella per futurs projectes.<span class=\"verifiedloc2 wprevpro_verified_svg wprevtooltip\" data-wprevtooltip=\"Verified on Houzz\"><span class=\"svgicons svg-wprsp-verified \"><\/span><\/span><\/div><div class='divwprsrdmore' style='opacity:0;'><span class='wprs_rd_more'>leer m\u00e1s<\/span><span class='wprs_rd_less' style='display:none;'>leer menos<\/span><\/div>\t\t\t\t<\/div>\r\n\t\t\t\t\t\t\t\t\t\t\t\t\t\t\t\t<a href=\"https:\/\/www.houzz.com\/profesionales\/arquitectos-de-interiores\/clara-lleal-interiorista-pfvwes-pf~1203152912\" target=\"_blank\" rel=\"nofollow noreferrer\" class=\"wprevpro_t1_site_logo_a\"><img decoding=\"async\" width=32 height=32 src=\"https:\/\/claralleal.com\/wp-content\/plugins\/wp-review-slider-pro\/public\/partials\/imgs\/houzz_small_icon.png?id=1\" alt=\"houzz logo\" class=\"wprevpro_t1_site_logo wprevsiteicon \"><\/a>\t\t\t<\/div><span class=\"wprevpro_t1_A_8\"><\/span> <div class=\"wprevpro_t1_SPAN_5 wprev_preview_tcolor2_T1\"><div class=\"wprevpro_t1_rname wprevname\" >HU-159713107<\/div><div class=\"wprev_showdate_T1 wprevdate\">11\/11\/21<\/div> <\/div>\r\n\t\t\t\r\n\t\t<\/div>\r\n\t\t\r\n\t\t\t<div class=\" wprevpro_t1_DIV_1 w3_wprs-col l4 outerrevdiv\">\r\n\t\t\t<div class=\"indrevdiv wprevpro_t1_DIV_2 wprev_preview_bg1_T1 wprev_preview_bradius_T1\">\r\n\t\t\t\t<div class=\"indrevtxt wprevpro_t1_P_3 wprev_preview_tcolor1_T1\"><div class='readmoretextdiv indrevlineclamp' data-lines='4' data-revid='11'>\t\t\t\t\t<span class=\"wprevpro_star_imgs_T1\"><span class=\"starloc1 wprevpro_star_imgs wprevpro_star_imgsloc1\"><span class=\"svgicons svg-wprsp-star\"><\/span><span class=\"svgicons svg-wprsp-star\"><\/span><span class=\"svgicons svg-wprsp-star\"><\/span><span class=\"svgicons svg-wprsp-star\"><\/span><span class=\"svgicons svg-wprsp-star\"><\/span><\/span><\/span>Molt atenta, molt professional i complidora, ha aportat iniciatives que han millorat la distribuci\u00f3 de la vivenda i la decoraci\u00f3. S\u2019ha preocupat de tots els detalls fins l\u2019ultim moment. Estem molt satisfets de la seva feina.<span class=\"verifiedloc2 wprevpro_verified_svg wprevtooltip\" data-wprevtooltip=\"Verified on Houzz\"><span class=\"svgicons svg-wprsp-verified \"><\/span><\/span><\/div><div class='divwprsrdmore' style='opacity:0;'><span class='wprs_rd_more'>leer m\u00e1s<\/span><span class='wprs_rd_less' style='display:none;'>leer menos<\/span><\/div>\t\t\t\t<\/div>\r\n\t\t\t\t\t\t\t\t\t\t\t\t\t\t\t\t<a href=\"https:\/\/www.houzz.com\/profesionales\/arquitectos-de-interiores\/clara-lleal-interiorista-pfvwes-pf~1203152912\" target=\"_blank\" rel=\"nofollow noreferrer\" class=\"wprevpro_t1_site_logo_a\"><img decoding=\"async\" width=32 height=32 src=\"https:\/\/claralleal.com\/wp-content\/plugins\/wp-review-slider-pro\/public\/partials\/imgs\/houzz_small_icon.png?id=1\" alt=\"houzz logo\" class=\"wprevpro_t1_site_logo wprevsiteicon \"><\/a>\t\t\t<\/div><span class=\"wprevpro_t1_A_8\"><\/span> <div class=\"wprevpro_t1_SPAN_5 wprev_preview_tcolor2_T1\"><div class=\"wprevpro_t1_rname wprevname\" >HU-939887532<\/div><div class=\"wprev_showdate_T1 wprevdate\">09\/11\/21<\/div> <\/div>\r\n\t\t\t\r\n\t\t<\/div>\r\n\t\t\r\n\t\t\t<div class=\" wprevpro_t1_DIV_1 w3_wprs-col l4 outerrevdiv\">\r\n\t\t\t<div class=\"indrevdiv wprevpro_t1_DIV_2 wprev_preview_bg1_T1 wprev_preview_bradius_T1\">\r\n\t\t\t\t<div class=\"indrevtxt wprevpro_t1_P_3 wprev_preview_tcolor1_T1\"><div class='readmoretextdiv indrevlineclamp' data-lines='4' data-revid='12'>\t\t\t\t\t<span class=\"wprevpro_star_imgs_T1\"><span class=\"starloc1 wprevpro_star_imgs wprevpro_star_imgsloc1\"><span class=\"svgicons svg-wprsp-star\"><\/span><span class=\"svgicons svg-wprsp-star\"><\/span><span class=\"svgicons svg-wprsp-star\"><\/span><span class=\"svgicons svg-wprsp-star\"><\/span><span class=\"svgicons svg-wprsp-star\"><\/span><\/span><\/span>Ha sido una magn\u00edfica experiencia trabajar con Clara para la reforma de los dos ba\u00f1os del piso en Badalona Experiencia, profesionalidad y rigurosidad en el cumplimento de plazos y presupuestos, adapt\u00e1ndose a gustos y necesidades 100% recomendable !<span class=\"verifiedloc2 wprevpro_verified_svg wprevtooltip\" data-wprevtooltip=\"Verified on Houzz\"><span class=\"svgicons svg-wprsp-verified \"><\/span><\/span><\/div><div class='divwprsrdmore' style='opacity:0;'><span class='wprs_rd_more'>leer m\u00e1s<\/span><span class='wprs_rd_less' style='display:none;'>leer menos<\/span><\/div>\t\t\t\t<\/div>\r\n\t\t\t\t\t\t\t\t\t\t\t\t\t\t\t\t<a href=\"https:\/\/www.houzz.com\/profesionales\/arquitectos-de-interiores\/clara-lleal-interiorista-pfvwes-pf~1203152912\" target=\"_blank\" rel=\"nofollow noreferrer\" class=\"wprevpro_t1_site_logo_a\"><img decoding=\"async\" width=32 height=32 src=\"https:\/\/claralleal.com\/wp-content\/plugins\/wp-review-slider-pro\/public\/partials\/imgs\/houzz_small_icon.png?id=1\" alt=\"houzz logo\" class=\"wprevpro_t1_site_logo wprevsiteicon \"><\/a>\t\t\t<\/div><span class=\"wprevpro_t1_A_8\"><\/span> <div class=\"wprevpro_t1_SPAN_5 wprev_preview_tcolor2_T1\"><div class=\"wprevpro_t1_rname wprevname\" >HU-75001566<\/div><div class=\"wprev_showdate_T1 wprevdate\">14\/09\/21<\/div> <\/div>\r\n\t\t\t\r\n\t\t<\/div>\r\n\t\t\r\n\t\t\t<div class=\" wprevpro_t1_DIV_1 w3_wprs-col l4 outerrevdiv\">\r\n\t\t\t<div class=\"indrevdiv wprevpro_t1_DIV_2 wprev_preview_bg1_T1 wprev_preview_bradius_T1\">\r\n\t\t\t\t<div class=\"indrevtxt wprevpro_t1_P_3 wprev_preview_tcolor1_T1\"><div class='readmoretextdiv indrevlineclamp' data-lines='4' data-revid='13'>\t\t\t\t\t<span class=\"wprevpro_star_imgs_T1\"><span class=\"starloc1 wprevpro_star_imgs wprevpro_star_imgsloc1\"><span class=\"svgicons svg-wprsp-star\"><\/span><span class=\"svgicons svg-wprsp-star\"><\/span><span class=\"svgicons svg-wprsp-star\"><\/span><span class=\"svgicons svg-wprsp-star\"><\/span><span class=\"svgicons svg-wprsp-star\"><\/span><\/span><\/span>Ha sido un placer trabajar con Clara. No hab\u00edamos trabajado con un interiorista antes y ten\u00edamos nuestras dudas pero Clara entendi\u00f3 nuestras necesidades y nos encantaron las propuestas que nos hizo. Se encarg\u00f3 de todo.  Estamos muy contentos con el resultado. La recomendaremos si dudarlo.<span class=\"verifiedloc2 wprevpro_verified_svg wprevtooltip\" data-wprevtooltip=\"Verified on Houzz\"><span class=\"svgicons svg-wprsp-verified \"><\/span><\/span><\/div><div class='divwprsrdmore' style='opacity:0;'><span class='wprs_rd_more'>leer m\u00e1s<\/span><span class='wprs_rd_less' style='display:none;'>leer menos<\/span><\/div>\t\t\t\t<\/div>\r\n\t\t\t\t\t\t\t\t\t\t\t\t\t\t\t\t<a href=\"https:\/\/www.houzz.com\/profesionales\/arquitectos-de-interiores\/clara-lleal-interiorista-pfvwes-pf~1203152912\" target=\"_blank\" rel=\"nofollow noreferrer\" class=\"wprevpro_t1_site_logo_a\"><img decoding=\"async\" width=32 height=32 src=\"https:\/\/claralleal.com\/wp-content\/plugins\/wp-review-slider-pro\/public\/partials\/imgs\/houzz_small_icon.png?id=1\" alt=\"houzz logo\" class=\"wprevpro_t1_site_logo wprevsiteicon \"><\/a>\t\t\t<\/div><span class=\"wprevpro_t1_A_8\"><\/span> <div class=\"wprevpro_t1_SPAN_5 wprev_preview_tcolor2_T1\"><div class=\"wprevpro_t1_rname wprevname\" >UserID<\/div><div class=\"wprev_showdate_T1 wprevdate\">10\/12\/20<\/div> <\/div>\r\n\t\t\t\r\n\t\t<\/div>\r\n\t\t\r\n\t\t\t<div class=\" wprevpro_t1_DIV_1 w3_wprs-col l4 outerrevdiv\">\r\n\t\t\t<div class=\"indrevdiv wprevpro_t1_DIV_2 wprev_preview_bg1_T1 wprev_preview_bradius_T1\">\r\n\t\t\t\t<div class=\"indrevtxt wprevpro_t1_P_3 wprev_preview_tcolor1_T1\"><div class='readmoretextdiv indrevlineclamp' data-lines='4' data-revid='14'>\t\t\t\t\t<span class=\"wprevpro_star_imgs_T1\"><span class=\"starloc1 wprevpro_star_imgs wprevpro_star_imgsloc1\"><span class=\"svgicons svg-wprsp-star\"><\/span><span class=\"svgicons svg-wprsp-star\"><\/span><span class=\"svgicons svg-wprsp-star\"><\/span><span class=\"svgicons svg-wprsp-star\"><\/span><span class=\"svgicons svg-wprsp-star\"><\/span><\/span><\/span>Hemos trabajado con Clara en diferentes proyectos , tanto en nuestros negocios como en el \u00faltimo , nuestra nueva vivienda particular , y podemos decir que desde el primer momento nos dimos cuenta de que habl\u00e1bamos el mismo \u201cidioma\u201dy nos entend\u00edamos perfectamente . Gran profesional . 100% recomendable .<span class=\"verifiedloc2 wprevpro_verified_svg wprevtooltip\" data-wprevtooltip=\"Verified on Houzz\"><span class=\"svgicons svg-wprsp-verified \"><\/span><\/span><\/div><div class='divwprsrdmore' style='opacity:0;'><span class='wprs_rd_more'>leer m\u00e1s<\/span><span class='wprs_rd_less' style='display:none;'>leer menos<\/span><\/div>\t\t\t\t<\/div>\r\n\t\t\t\t\t\t\t\t\t\t\t\t\t\t\t\t<a href=\"https:\/\/www.houzz.com\/profesionales\/arquitectos-de-interiores\/clara-lleal-interiorista-pfvwes-pf~1203152912\" target=\"_blank\" rel=\"nofollow noreferrer\" class=\"wprevpro_t1_site_logo_a\"><img decoding=\"async\" width=32 height=32 src=\"https:\/\/claralleal.com\/wp-content\/plugins\/wp-review-slider-pro\/public\/partials\/imgs\/houzz_small_icon.png?id=1\" alt=\"houzz logo\" class=\"wprevpro_t1_site_logo wprevsiteicon \"><\/a>\t\t\t<\/div><span class=\"wprevpro_t1_A_8\"><\/span> <div class=\"wprevpro_t1_SPAN_5 wprev_preview_tcolor2_T1\"><div class=\"wprevpro_t1_rname wprevname\" >Juanma Noguera<\/div><div class=\"wprev_showdate_T1 wprevdate\">03\/11\/20<\/div> <\/div>\r\n\t\t\t\r\n\t\t<\/div>\r\n\t\t\r\n\t\t\t<div class=\" wprevpro_t1_DIV_1 w3_wprs-col l4 outerrevdiv\">\r\n\t\t\t<div class=\"indrevdiv wprevpro_t1_DIV_2 wprev_preview_bg1_T1 wprev_preview_bradius_T1\">\r\n\t\t\t\t<div class=\"indrevtxt wprevpro_t1_P_3 wprev_preview_tcolor1_T1\"><div class='readmoretextdiv indrevlineclamp' data-lines='4' data-revid='15'>\t\t\t\t\t<span class=\"wprevpro_star_imgs_T1\"><span class=\"starloc1 wprevpro_star_imgs wprevpro_star_imgsloc1\"><span class=\"svgicons svg-wprsp-star\"><\/span><span class=\"svgicons svg-wprsp-star\"><\/span><span class=\"svgicons svg-wprsp-star\"><\/span><span class=\"svgicons svg-wprsp-star\"><\/span><span class=\"svgicons svg-wprsp-star\"><\/span><\/span><\/span>Clara comprendi\u00f3 r\u00e1pidamente el enfoque que le quer\u00edamos dar a esta reforma, y nos gustaron mucho sus primeros dise\u00f1os. A partir de ese punto, y de manera muy discreta y profesional, Clara ha sabido realizar interesantes propuestas, comprendiendo nuestros gustos y estableciendo una relaci\u00f3n de confianza que nos ha ayudado a perfilar el dise\u00f1o y gestionar la obra hasta su finalizaci\u00f3n. Muy satisfechos.<span class=\"verifiedloc2 wprevpro_verified_svg wprevtooltip\" data-wprevtooltip=\"Verified on Houzz\"><span class=\"svgicons svg-wprsp-verified \"><\/span><\/span><\/div><div class='divwprsrdmore' style='opacity:0;'><span class='wprs_rd_more'>leer m\u00e1s<\/span><span class='wprs_rd_less' style='display:none;'>leer menos<\/span><\/div>\t\t\t\t<\/div>\r\n\t\t\t\t\t\t\t\t\t\t\t\t\t\t\t\t<a href=\"https:\/\/www.houzz.com\/profesionales\/arquitectos-de-interiores\/clara-lleal-interiorista-pfvwes-pf~1203152912\" target=\"_blank\" rel=\"nofollow noreferrer\" class=\"wprevpro_t1_site_logo_a\"><img decoding=\"async\" width=32 height=32 src=\"https:\/\/claralleal.com\/wp-content\/plugins\/wp-review-slider-pro\/public\/partials\/imgs\/houzz_small_icon.png?id=1\" alt=\"houzz logo\" class=\"wprevpro_t1_site_logo wprevsiteicon \"><\/a>\t\t\t<\/div><span class=\"wprevpro_t1_A_8\"><img decoding=\"async\" loading=\"lazy\" src=\"https:\/\/st.hzcdn.com\/simgs\/6923c5190f71b66d_0-7789\/_.jpg\" alt=\"August Mabilon Avatar\" class=\"wprevpro_t1_IMG_4 wprevpro_avatarimg\" \/><\/span> <div class=\"wprevpro_t1_SPAN_5 wprev_preview_tcolor2_T1\"><div class=\"wprevpro_t1_rname wprevname\" >August Mabilon<\/div><div class=\"wprev_showdate_T1 wprevdate\">28\/09\/20<\/div> <\/div>\r\n\t\t\t\r\n\t\t<\/div>\r\n\t\t\r\n\t\t\t<div class=\" wprevpro_t1_DIV_1 w3_wprs-col l4 outerrevdiv\">\r\n\t\t\t<div class=\"indrevdiv wprevpro_t1_DIV_2 wprev_preview_bg1_T1 wprev_preview_bradius_T1\">\r\n\t\t\t\t<div class=\"indrevtxt wprevpro_t1_P_3 wprev_preview_tcolor1_T1\"><div class='readmoretextdiv indrevlineclamp' data-lines='4' data-revid='16'>\t\t\t\t\t<span class=\"wprevpro_star_imgs_T1\"><span class=\"starloc1 wprevpro_star_imgs wprevpro_star_imgsloc1\"><span class=\"svgicons svg-wprsp-star\"><\/span><span class=\"svgicons svg-wprsp-star\"><\/span><span class=\"svgicons svg-wprsp-star\"><\/span><span class=\"svgicons svg-wprsp-star\"><\/span><span class=\"svgicons svg-wprsp-star\"><\/span><\/span><\/span>Clara, a parte de su gran humanidad, nos ha demostrado una gran profesionalidad en su trabajo, eficiente, con un gusto exquisito y muy resolutiva. Encantados de haberla contratado, un trabajo excelente!<span class=\"verifiedloc2 wprevpro_verified_svg wprevtooltip\" data-wprevtooltip=\"Verified on Houzz\"><span class=\"svgicons svg-wprsp-verified \"><\/span><\/span><\/div><div class='divwprsrdmore' style='opacity:0;'><span class='wprs_rd_more'>leer m\u00e1s<\/span><span class='wprs_rd_less' style='display:none;'>leer menos<\/span><\/div>\t\t\t\t<\/div>\r\n\t\t\t\t\t\t\t\t\t\t\t\t\t\t\t\t<a href=\"https:\/\/www.houzz.com\/profesionales\/arquitectos-de-interiores\/clara-lleal-interiorista-pfvwes-pf~1203152912\" target=\"_blank\" rel=\"nofollow noreferrer\" class=\"wprevpro_t1_site_logo_a\"><img decoding=\"async\" width=32 height=32 src=\"https:\/\/claralleal.com\/wp-content\/plugins\/wp-review-slider-pro\/public\/partials\/imgs\/houzz_small_icon.png?id=1\" alt=\"houzz logo\" class=\"wprevpro_t1_site_logo wprevsiteicon \"><\/a>\t\t\t<\/div><span class=\"wprevpro_t1_A_8\"><\/span> <div class=\"wprevpro_t1_SPAN_5 wprev_preview_tcolor2_T1\"><div class=\"wprevpro_t1_rname wprevname\" >ELISENDA SERRADELL<\/div><div class=\"wprev_showdate_T1 wprevdate\">10\/09\/20<\/div> <\/div>\r\n\t\t\t\r\n\t\t<\/div>\r\n\t\t\r\n\t\t\t<div class=\" wprevpro_t1_DIV_1 w3_wprs-col l4 outerrevdiv\">\r\n\t\t\t<div class=\"indrevdiv wprevpro_t1_DIV_2 wprev_preview_bg1_T1 wprev_preview_bradius_T1\">\r\n\t\t\t\t<div class=\"indrevtxt wprevpro_t1_P_3 wprev_preview_tcolor1_T1\"><div class='readmoretextdiv indrevlineclamp' data-lines='4' data-revid='17'>\t\t\t\t\t<span class=\"wprevpro_star_imgs_T1\"><span class=\"starloc1 wprevpro_star_imgs wprevpro_star_imgsloc1\"><span class=\"svgicons svg-wprsp-star\"><\/span><span class=\"svgicons svg-wprsp-star\"><\/span><span class=\"svgicons svg-wprsp-star\"><\/span><span class=\"svgicons svg-wprsp-star\"><\/span><span class=\"svgicons svg-wprsp-star\"><\/span><\/span><\/span>Contrat\u00e9 a Clara para realizar el estilismo de mi vivienda, \u201cle faltaba algo\u201d y no ten\u00eda ning\u00fan tipo \u201cgracia\u201d. Clara supo darle la vuelta totalmente! Visti\u00f3 mi piso y qued\u00f3 muy acogedor, mejor\u00f3 en creces la apariencia. Muy contento del resultado. \u00a1Gracias Clara!<span class=\"verifiedloc2 wprevpro_verified_svg wprevtooltip\" data-wprevtooltip=\"Verified on Houzz\"><span class=\"svgicons svg-wprsp-verified \"><\/span><\/span><\/div><div class='divwprsrdmore' style='opacity:0;'><span class='wprs_rd_more'>leer m\u00e1s<\/span><span class='wprs_rd_less' style='display:none;'>leer menos<\/span><\/div>\t\t\t\t<\/div>\r\n\t\t\t\t\t\t\t\t\t\t\t\t\t\t\t\t<a href=\"https:\/\/www.houzz.com\/profesionales\/arquitectos-de-interiores\/clara-lleal-interiorista-pfvwes-pf~1203152912\" target=\"_blank\" rel=\"nofollow noreferrer\" class=\"wprevpro_t1_site_logo_a\"><img decoding=\"async\" width=32 height=32 src=\"https:\/\/claralleal.com\/wp-content\/plugins\/wp-review-slider-pro\/public\/partials\/imgs\/houzz_small_icon.png?id=1\" alt=\"houzz logo\" class=\"wprevpro_t1_site_logo wprevsiteicon \"><\/a>\t\t\t<\/div><span class=\"wprevpro_t1_A_8\"><\/span> <div class=\"wprevpro_t1_SPAN_5 wprev_preview_tcolor2_T1\"><div class=\"wprevpro_t1_rname wprevname\" >JOSE NAVARRO<\/div><div class=\"wprev_showdate_T1 wprevdate\">23\/02\/20<\/div> <\/div>\r\n\t\t\t\r\n\t\t<\/div>\r\n\t\t\r\n\t\t\t<div class=\" wprevpro_t1_DIV_1 w3_wprs-col l4 outerrevdiv\">\r\n\t\t\t<div class=\"indrevdiv wprevpro_t1_DIV_2 wprev_preview_bg1_T1 wprev_preview_bradius_T1\">\r\n\t\t\t\t<div class=\"indrevtxt wprevpro_t1_P_3 wprev_preview_tcolor1_T1\"><div class='readmoretextdiv indrevlineclamp' data-lines='4' data-revid='18'>\t\t\t\t\t<span class=\"wprevpro_star_imgs_T1\"><span class=\"starloc1 wprevpro_star_imgs wprevpro_star_imgsloc1\"><span class=\"svgicons svg-wprsp-star\"><\/span><span class=\"svgicons svg-wprsp-star\"><\/span><span class=\"svgicons svg-wprsp-star\"><\/span><span class=\"svgicons svg-wprsp-star\"><\/span><span class=\"svgicons svg-wprsp-star\"><\/span><\/span><\/span>Muy contenta con la reforma que hizo Clara en mi casa el pasado a\u00f1o. Supo captar la esencia de todo lo que quer\u00eda y   lo mejor\u00f3 con creces. Buena profesional y de trato muy agradable.<span class=\"verifiedloc2 wprevpro_verified_svg wprevtooltip\" data-wprevtooltip=\"Verified on Houzz\"><span class=\"svgicons svg-wprsp-verified \"><\/span><\/span><\/div><div class='divwprsrdmore' style='opacity:0;'><span class='wprs_rd_more'>leer m\u00e1s<\/span><span class='wprs_rd_less' style='display:none;'>leer menos<\/span><\/div>\t\t\t\t<\/div>\r\n\t\t\t\t\t\t\t\t\t\t\t\t\t\t\t\t<a href=\"https:\/\/www.houzz.com\/profesionales\/arquitectos-de-interiores\/clara-lleal-interiorista-pfvwes-pf~1203152912\" target=\"_blank\" rel=\"nofollow noreferrer\" class=\"wprevpro_t1_site_logo_a\"><img decoding=\"async\" width=32 height=32 src=\"https:\/\/claralleal.com\/wp-content\/plugins\/wp-review-slider-pro\/public\/partials\/imgs\/houzz_small_icon.png?id=1\" alt=\"houzz logo\" class=\"wprevpro_t1_site_logo wprevsiteicon \"><\/a>\t\t\t<\/div><span class=\"wprevpro_t1_A_8\"><\/span> <div class=\"wprevpro_t1_SPAN_5 wprev_preview_tcolor2_T1\"><div class=\"wprevpro_t1_rname wprevname\" >HU-615288404<\/div><div class=\"wprev_showdate_T1 wprevdate\">22\/02\/20<\/div> <\/div>\r\n\t\t\t\r\n\t\t<\/div>\r\n\t\t\r\n\t\t\t<div class=\" wprevpro_t1_DIV_1 w3_wprs-col l4 outerrevdiv\">\r\n\t\t\t<div class=\"indrevdiv wprevpro_t1_DIV_2 wprev_preview_bg1_T1 wprev_preview_bradius_T1\">\r\n\t\t\t\t<div class=\"indrevtxt wprevpro_t1_P_3 wprev_preview_tcolor1_T1\"><div class='readmoretextdiv indrevlineclamp' data-lines='4' data-revid='2'>\t\t\t\t\t<span class=\"wprevpro_star_imgs_T1\"><span class=\"starloc1 wprevpro_star_imgs wprevpro_star_imgsloc1\"><span class=\"svgicons svg-wprsp-star\"><\/span><span class=\"svgicons svg-wprsp-star\"><\/span><span class=\"svgicons svg-wprsp-star\"><\/span><span class=\"svgicons svg-wprsp-star\"><\/span><span class=\"svgicons svg-wprsp-star\"><\/span><\/span><\/span>Eficient i apassionada per la seva feina! Molt recomanable!<span class=\"verifiedloc2 wprevpro_verified_svg wprevtooltip\" data-wprevtooltip=\"Verified on Google\"><span class=\"svgicons svg-wprsp-verified \"><\/span><\/span><\/div><div class='divwprsrdmore' style='opacity:0;'><span class='wprs_rd_more'>leer m\u00e1s<\/span><span class='wprs_rd_less' style='display:none;'>leer menos<\/span><\/div>\t\t\t\t<\/div>\r\n\t\t\t\t\t\t\t\t\t\t\t\t\t\t\t\t<a href=\"https:\/\/www.google.com\/maps\/contrib\/116827101496258385635\/place\/ChIJNTVQGLy7pBIRFnKF5rYws0Q\" target=\"_blank\" rel=\"nofollow noreferrer\" class=\"wprevpro_t1_site_logo_a\"><img decoding=\"async\" width=32 height=32 src=\"https:\/\/claralleal.com\/wp-content\/plugins\/wp-review-slider-pro\/public\/partials\/imgs\/google_small_icon.svg\" alt=\"Google Logo\" class=\"wprevpro_t1_site_logo wprevsiteicon \"><\/a>\t\t\t<\/div><span class=\"wprevpro_t1_A_8\"><img decoding=\"async\" loading=\"lazy\" src=\"https:\/\/lh3.googleusercontent.com\/a-\/ALV-UjXhKu0f2ShEUNcBc7GcCOeYhaE2cxFpY9ozqQVcpeEvnU0=s120-c-rp-mo-br100\" alt=\"Isabel Mas Avatar\" class=\"wprevpro_t1_IMG_4 wprevpro_avatarimg\" \/><\/span> <div class=\"wprevpro_t1_SPAN_5 wprev_preview_tcolor2_T1\"><div class=\"wprevpro_t1_rname wprevname\" >Isabel Mas<\/div><div class=\"wprev_showdate_T1 wprevdate\">19\/01\/20<\/div> <\/div>\r\n\t\t\t\r\n\t\t<\/div>\r\n\t\t\r\n\t\t\t<div class=\" wprevpro_t1_DIV_1 w3_wprs-col l4 outerrevdiv\">\r\n\t\t\t<div class=\"indrevdiv wprevpro_t1_DIV_2 wprev_preview_bg1_T1 wprev_preview_bradius_T1\">\r\n\t\t\t\t<div class=\"indrevtxt wprevpro_t1_P_3 wprev_preview_tcolor1_T1\"><div class='readmoretextdiv indrevlineclamp' data-lines='4' data-revid='3'>\t\t\t\t\t<span class=\"wprevpro_star_imgs_T1\"><span class=\"starloc1 wprevpro_star_imgs wprevpro_star_imgsloc1\"><span class=\"svgicons svg-wprsp-star\"><\/span><span class=\"svgicons svg-wprsp-star\"><\/span><span class=\"svgicons svg-wprsp-star\"><\/span><span class=\"svgicons svg-wprsp-star\"><\/span><span class=\"svgicons svg-wprsp-star\"><\/span><\/span><\/span><span class=\"verifiedloc2 wprevpro_verified_svg wprevtooltip\" data-wprevtooltip=\"Verified on Google\"><span class=\"svgicons svg-wprsp-verified \"><\/span><\/span><\/div><div class='divwprsrdmore' style='opacity:0;'><span class='wprs_rd_more'>leer m\u00e1s<\/span><span class='wprs_rd_less' style='display:none;'>leer menos<\/span><\/div>\t\t\t\t<\/div>\r\n\t\t\t\t\t\t\t\t\t\t\t\t\t\t\t\t<a href=\"https:\/\/www.google.com\/maps\/contrib\/117060116259081120429\/place\/ChIJNTVQGLy7pBIRFnKF5rYws0Q\" target=\"_blank\" rel=\"nofollow noreferrer\" class=\"wprevpro_t1_site_logo_a\"><img decoding=\"async\" width=32 height=32 src=\"https:\/\/claralleal.com\/wp-content\/plugins\/wp-review-slider-pro\/public\/partials\/imgs\/google_small_icon.svg\" alt=\"Google Logo\" class=\"wprevpro_t1_site_logo wprevsiteicon \"><\/a>\t\t\t<\/div><span class=\"wprevpro_t1_A_8\"><img decoding=\"async\" loading=\"lazy\" src=\"https:\/\/lh3.googleusercontent.com\/a\/ACg8ocKm7MwuMb6_d0Pz4-8XXov9FXjcy6dToGyYbXgEm5bF=s120-c-rp-mo-br100\" alt=\"ELENA MARTINEZ PEREZ Avatar\" class=\"wprevpro_t1_IMG_4 wprevpro_avatarimg\" \/><\/span> <div class=\"wprevpro_t1_SPAN_5 wprev_preview_tcolor2_T1\"><div class=\"wprevpro_t1_rname wprevname\" >ELENA MARTINEZ PEREZ<\/div><div class=\"wprev_showdate_T1 wprevdate\">19\/01\/20<\/div> <\/div>\r\n\t\t\t\r\n\t\t<\/div>\r\n\t\t\r\n\t\t\t<div class=\" wprevpro_t1_DIV_1 w3_wprs-col l4 outerrevdiv\">\r\n\t\t\t<div class=\"indrevdiv wprevpro_t1_DIV_2 wprev_preview_bg1_T1 wprev_preview_bradius_T1\">\r\n\t\t\t\t<div class=\"indrevtxt wprevpro_t1_P_3 wprev_preview_tcolor1_T1\"><div class='readmoretextdiv indrevlineclamp' data-lines='4' data-revid='5'>\t\t\t\t\t<span class=\"wprevpro_star_imgs_T1\"><span class=\"starloc1 wprevpro_star_imgs wprevpro_star_imgsloc1\"><span class=\"svgicons svg-wprsp-star\"><\/span><span class=\"svgicons svg-wprsp-star\"><\/span><span class=\"svgicons svg-wprsp-star\"><\/span><span class=\"svgicons svg-wprsp-star\"><\/span><span class=\"svgicons svg-wprsp-star\"><\/span><\/span><\/span><span class=\"verifiedloc2 wprevpro_verified_svg wprevtooltip\" data-wprevtooltip=\"Verified on Google\"><span class=\"svgicons svg-wprsp-verified \"><\/span><\/span><\/div><div class='divwprsrdmore' style='opacity:0;'><span class='wprs_rd_more'>leer m\u00e1s<\/span><span class='wprs_rd_less' style='display:none;'>leer menos<\/span><\/div>\t\t\t\t<\/div>\r\n\t\t\t\t\t\t\t\t\t\t\t\t\t\t\t\t<a href=\"https:\/\/www.google.com\/maps\/contrib\/103373938837119811699\/place\/ChIJNTVQGLy7pBIRFnKF5rYws0Q\" target=\"_blank\" rel=\"nofollow noreferrer\" class=\"wprevpro_t1_site_logo_a\"><img decoding=\"async\" width=32 height=32 src=\"https:\/\/claralleal.com\/wp-content\/plugins\/wp-review-slider-pro\/public\/partials\/imgs\/google_small_icon.svg\" alt=\"Google Logo\" class=\"wprevpro_t1_site_logo wprevsiteicon \"><\/a>\t\t\t<\/div><span class=\"wprevpro_t1_A_8\"><img decoding=\"async\" loading=\"lazy\" src=\"https:\/\/lh3.googleusercontent.com\/a-\/ALV-UjXWnZPJGufZxoscbi7L8QhzV1OQvMnQDFcj82JRj_hHr90=s120-c-rp-mo-br100\" alt=\"MGI IMMOBILI\u00c0RIA Avatar\" class=\"wprevpro_t1_IMG_4 wprevpro_avatarimg\" \/><\/span> <div class=\"wprevpro_t1_SPAN_5 wprev_preview_tcolor2_T1\"><div class=\"wprevpro_t1_rname wprevname\" >MGI IMMOBILI\u00c0RIA<\/div><div class=\"wprev_showdate_T1 wprevdate\">19\/01\/20<\/div> <\/div>\r\n\t\t\t\r\n\t\t<\/div>\r\n\t\t\r\n\t\t\t<div class=\" wprevpro_t1_DIV_1 w3_wprs-col l4 outerrevdiv\">\r\n\t\t\t<div class=\"indrevdiv wprevpro_t1_DIV_2 wprev_preview_bg1_T1 wprev_preview_bradius_T1\">\r\n\t\t\t\t<div class=\"indrevtxt wprevpro_t1_P_3 wprev_preview_tcolor1_T1\"><div class='readmoretextdiv indrevlineclamp' data-lines='4' data-revid='19'>\t\t\t\t\t<span class=\"wprevpro_star_imgs_T1\"><span class=\"starloc1 wprevpro_star_imgs wprevpro_star_imgsloc1\"><span class=\"svgicons svg-wprsp-star\"><\/span><span class=\"svgicons svg-wprsp-star\"><\/span><span class=\"svgicons svg-wprsp-star\"><\/span><span class=\"svgicons svg-wprsp-star\"><\/span><span class=\"svgicons svg-wprsp-star\"><\/span><\/span><\/span>Conoc\u00ed a Clara recomendada por una persona que ya le hab\u00eda realizado un par de proyectos y estaba encantada. Contactar con Clara para dise\u00f1ar el interiorismo de nuestra casa fue una de las mejores decisiones que pudimos tomar. Supo escucharnos y darnos soluciones que ni imagin\u00e1bamos. Una gran profesional, a destacar su rigor y el trato de cercan\u00eda. Sin duda volver\u00eda a contactar con ella para nuevos proyectos.<span class=\"verifiedloc2 wprevpro_verified_svg wprevtooltip\" data-wprevtooltip=\"Verified on Houzz\"><span class=\"svgicons svg-wprsp-verified \"><\/span><\/span><\/div><div class='divwprsrdmore' style='opacity:0;'><span class='wprs_rd_more'>leer m\u00e1s<\/span><span class='wprs_rd_less' style='display:none;'>leer menos<\/span><\/div>\t\t\t\t<\/div>\r\n\t\t\t\t\t\t\t\t\t\t\t\t\t\t\t\t<a href=\"https:\/\/www.houzz.com\/profesionales\/arquitectos-de-interiores\/clara-lleal-interiorista-pfvwes-pf~1203152912\" target=\"_blank\" rel=\"nofollow noreferrer\" class=\"wprevpro_t1_site_logo_a\"><img decoding=\"async\" width=32 height=32 src=\"https:\/\/claralleal.com\/wp-content\/plugins\/wp-review-slider-pro\/public\/partials\/imgs\/houzz_small_icon.png?id=1\" alt=\"houzz logo\" class=\"wprevpro_t1_site_logo wprevsiteicon \"><\/a>\t\t\t<\/div><span class=\"wprevpro_t1_A_8\"><\/span> <div class=\"wprevpro_t1_SPAN_5 wprev_preview_tcolor2_T1\"><div class=\"wprevpro_t1_rname wprevname\" >Antonia Perez Alcaraz<\/div><div class=\"wprev_showdate_T1 wprevdate\">10\/12\/19<\/div> <\/div>\r\n\t\t\t\r\n\t\t<\/div>\r\n\t\t\r\n\t\t\t<div class=\" wprevpro_t1_DIV_1 w3_wprs-col l4 outerrevdiv\">\r\n\t\t\t<div class=\"indrevdiv wprevpro_t1_DIV_2 wprev_preview_bg1_T1 wprev_preview_bradius_T1\">\r\n\t\t\t\t<div class=\"indrevtxt wprevpro_t1_P_3 wprev_preview_tcolor1_T1\"><div class='readmoretextdiv indrevlineclamp' data-lines='4' data-revid='21'>\t\t\t\t\t<span class=\"wprevpro_star_imgs_T1\"><span class=\"starloc1 wprevpro_star_imgs wprevpro_star_imgsloc1\"><span class=\"svgicons svg-wprsp-star\"><\/span><span class=\"svgicons svg-wprsp-star\"><\/span><span class=\"svgicons svg-wprsp-star\"><\/span><span class=\"svgicons svg-wprsp-star\"><\/span><span class=\"svgicons svg-wprsp-star\"><\/span><\/span><\/span>M\u00e1s de veinte colaborando con Clara Lleal, me acreditan que es una gran profesional que atesora a\u00f1os de experiencia, sabe escuchar las necesidades y se adapta a cada cliente o proyecto.   Refinada y con muy buen criterio.  Sin lugar a duda si necesitas una persona que te aporte todos estos valores, estas en muy buenas manos.   100% recomendable.<span class=\"verifiedloc2 wprevpro_verified_svg wprevtooltip\" data-wprevtooltip=\"Verified on Houzz\"><span class=\"svgicons svg-wprsp-verified \"><\/span><\/span><\/div><div class='divwprsrdmore' style='opacity:0;'><span class='wprs_rd_more'>leer m\u00e1s<\/span><span class='wprs_rd_less' style='display:none;'>leer menos<\/span><\/div>\t\t\t\t<\/div>\r\n\t\t\t\t\t\t\t\t\t\t\t\t\t\t\t\t<a href=\"https:\/\/www.houzz.com\/profesionales\/arquitectos-de-interiores\/clara-lleal-interiorista-pfvwes-pf~1203152912\" target=\"_blank\" rel=\"nofollow noreferrer\" class=\"wprevpro_t1_site_logo_a\"><img decoding=\"async\" width=32 height=32 src=\"https:\/\/claralleal.com\/wp-content\/plugins\/wp-review-slider-pro\/public\/partials\/imgs\/houzz_small_icon.png?id=1\" alt=\"houzz logo\" class=\"wprevpro_t1_site_logo wprevsiteicon \"><\/a>\t\t\t<\/div><span class=\"wprevpro_t1_A_8\"><\/span> <div class=\"wprevpro_t1_SPAN_5 wprev_preview_tcolor2_T1\"><div class=\"wprevpro_t1_rname wprevname\" >ADRI\u00c0 NOGUERA ROCA<\/div><div class=\"wprev_showdate_T1 wprevdate\">19\/11\/19<\/div> <\/div>\r\n\t\t\t\r\n\t\t<\/div>\r\n\t\t\r\n\t\t\t<div class=\" wprevpro_t1_DIV_1 w3_wprs-col l4 outerrevdiv\">\r\n\t\t\t<div class=\"indrevdiv wprevpro_t1_DIV_2 wprev_preview_bg1_T1 wprev_preview_bradius_T1\">\r\n\t\t\t\t<div class=\"indrevtxt wprevpro_t1_P_3 wprev_preview_tcolor1_T1\"><div class='readmoretextdiv indrevlineclamp' data-lines='4' data-revid='22'>\t\t\t\t\t<span class=\"wprevpro_star_imgs_T1\"><span class=\"starloc1 wprevpro_star_imgs wprevpro_star_imgsloc1\"><span class=\"svgicons svg-wprsp-star\"><\/span><span class=\"svgicons svg-wprsp-star\"><\/span><span class=\"svgicons svg-wprsp-star\"><\/span><span class=\"svgicons svg-wprsp-star\"><\/span><span class=\"svgicons svg-wprsp-star\"><\/span><\/span><\/span>Una experiencia 100% recomendable!!   Clara, m\u00e1s que reformar, transform\u00f3 mi casa para plasmar exactamente lo que yo quer\u00eda y pensaba que no era capaz de transmitir. Capt\u00f3 la idea a la primera y constantemente se anticipaba a muchas cosas que ni yo misma imaginaba que iban a ser mis preferidas. Muy intuitiva, seria, cumplidora y con un equipo de profesionales que hicieron que lo que parecer\u00eda una pesadilla, fuera un viaje muy estimulante!  Gracias Clara!! :)<span class=\"verifiedloc2 wprevpro_verified_svg wprevtooltip\" data-wprevtooltip=\"Verified on Houzz\"><span class=\"svgicons svg-wprsp-verified \"><\/span><\/span><\/div><div class='divwprsrdmore' style='opacity:0;'><span class='wprs_rd_more'>leer m\u00e1s<\/span><span class='wprs_rd_less' style='display:none;'>leer menos<\/span><\/div>\t\t\t\t<\/div>\r\n\t\t\t\t\t\t\t\t\t\t\t\t\t\t\t\t<a href=\"https:\/\/www.houzz.com\/profesionales\/arquitectos-de-interiores\/clara-lleal-interiorista-pfvwes-pf~1203152912\" target=\"_blank\" rel=\"nofollow noreferrer\" class=\"wprevpro_t1_site_logo_a\"><img decoding=\"async\" width=32 height=32 src=\"https:\/\/claralleal.com\/wp-content\/plugins\/wp-review-slider-pro\/public\/partials\/imgs\/houzz_small_icon.png?id=1\" alt=\"houzz logo\" class=\"wprevpro_t1_site_logo wprevsiteicon \"><\/a>\t\t\t<\/div><span class=\"wprevpro_t1_A_8\"><\/span> <div class=\"wprevpro_t1_SPAN_5 wprev_preview_tcolor2_T1\"><div class=\"wprevpro_t1_rname wprevname\" >Montse M<\/div><div class=\"wprev_showdate_T1 wprevdate\">07\/11\/19<\/div> <\/div>\r\n\t\t\t\r\n\t\t<\/div>\r\n\t\t\r\n\t\t\t<div class=\" wprevpro_t1_DIV_1 w3_wprs-col l4 outerrevdiv\">\r\n\t\t\t<div class=\"indrevdiv wprevpro_t1_DIV_2 wprev_preview_bg1_T1 wprev_preview_bradius_T1\">\r\n\t\t\t\t<div class=\"indrevtxt wprevpro_t1_P_3 wprev_preview_tcolor1_T1\"><div class='readmoretextdiv indrevlineclamp' data-lines='4' data-revid='23'>\t\t\t\t\t<span class=\"wprevpro_star_imgs_T1\"><span class=\"starloc1 wprevpro_star_imgs wprevpro_star_imgsloc1\"><span class=\"svgicons svg-wprsp-star\"><\/span><span class=\"svgicons svg-wprsp-star\"><\/span><span class=\"svgicons svg-wprsp-star\"><\/span><span class=\"svgicons svg-wprsp-star\"><\/span><span class=\"svgicons svg-wprsp-star\"><\/span><\/span><\/span>Una experiencia fant\u00e1stica tener a Clara para llevar la obra en mi casa. Se ocup\u00f3 de todo y capt\u00f3 muy bien la idea qie yo quer\u00eda. Bueno, de hecho la mejor\u00f3 mucho ;-)<span class=\"verifiedloc2 wprevpro_verified_svg wprevtooltip\" data-wprevtooltip=\"Verified on Houzz\"><span class=\"svgicons svg-wprsp-verified \"><\/span><\/span><\/div><div class='divwprsrdmore' style='opacity:0;'><span class='wprs_rd_more'>leer m\u00e1s<\/span><span class='wprs_rd_less' style='display:none;'>leer menos<\/span><\/div>\t\t\t\t<\/div>\r\n\t\t\t\t\t\t\t\t\t\t\t\t\t\t\t\t<a href=\"https:\/\/www.houzz.com\/profesionales\/arquitectos-de-interiores\/clara-lleal-interiorista-pfvwes-pf~1203152912\" target=\"_blank\" rel=\"nofollow noreferrer\" class=\"wprevpro_t1_site_logo_a\"><img decoding=\"async\" width=32 height=32 src=\"https:\/\/claralleal.com\/wp-content\/plugins\/wp-review-slider-pro\/public\/partials\/imgs\/houzz_small_icon.png?id=1\" alt=\"houzz logo\" class=\"wprevpro_t1_site_logo wprevsiteicon \"><\/a>\t\t\t<\/div><span class=\"wprevpro_t1_A_8\"><\/span> <div class=\"wprevpro_t1_SPAN_5 wprev_preview_tcolor2_T1\"><div class=\"wprevpro_t1_rname wprevname\" >J\u00falia<\/div><div class=\"wprev_showdate_T1 wprevdate\">31\/10\/19<\/div> <\/div>\r\n\t\t\t\r\n\t\t<\/div>\r\n\t\t\r\n\t<\/div><\/div><\/div><\/div><\/div><\/div><\/div><div class=\"fusion-layout-column fusion_builder_column fusion-builder-column-11 fusion_builder_column_1_2 1_2 fusion-flex-column\" style=\"--awb-bg-size:cover;--awb-width-large:50%;--awb-margin-top-large:0px;--awb-spacing-right-large:3.84%;--awb-margin-bottom-large:20px;--awb-spacing-left-large:3.84%;--awb-width-medium:50%;--awb-order-medium:0;--awb-spacing-right-medium:3.84%;--awb-spacing-left-medium:3.84%;--awb-width-small:100%;--awb-order-small:0;--awb-spacing-right-small:1.92%;--awb-spacing-left-small:1.92%;\" data-scroll-devices=\"small-visibility,medium-visibility,large-visibility\"><div class=\"fusion-column-wrapper fusion-column-has-shadow fusion-flex-justify-content-center fusion-content-layout-row fusion-flex-align-items-center\"><style>#wprev-badge-1{border-radius: 0px;}#wprev-badge-1{border-top: 5px solid rgb(46,167,86);}#wprev-badge-1{background: rgb(255,255,255);}#wprev-badge-1{border-bottom: 5px solid rgb(255,255,255);}#wprev-badge-1 .svgicons {background: rgb(249,188,17) }#wprev-badge-1 .wppro_badge1_SPAN_4 {color: rgb(102,102,102);}#wprev-badge-1 .wppro_badge1_SPAN_13 {color: rgb(79,129,243);}#wprev-badge-1 .wppro_badge1_DIV_12 {color: rgb(102,102,102);}#wprev-badge-1 {width: auto;}<\/style>\r\n<div class=\"wprevpro_badge wppro_badge1_DIV_1\" id=\"wprev-badge-1\">\r\n\t<div class=\"wppro_badge1_DIV_2\">\r\n\t<img src=https:\/\/claralleal.com\/wp-content\/plugins\/wp-review-slider-pro\/public\/partials\/imgs\/google_small_icon.svg width=\"150\" height=\"150\" alt=\"google logoClara Lleal\" class=\"wppro_badge1_IMG_3\"><span class=\"wppro_badge1_SPAN_4\">Clara Lleal<\/span>\r\n\t\t<div class=\"wppro_badge1_DIV_5\">\r\n\t\t\t<div class=\"wppro_badge1_DIV_stars\">\r\n\t\t\t<span class=\"svgicons svg-wprsp-star-full\"><\/span><span class=\"svgicons svg-wprsp-star-full\"><\/span><span class=\"svgicons svg-wprsp-star-full\"><\/span><span class=\"svgicons svg-wprsp-star-full\"><\/span><span class=\"svgicons svg-wprsp-star-full\"><\/span>\t\t\t<\/div>\r\n\t\t\t<span class=\"wppro_badge1_DIV_12 b4s12\"><span class=\"wppro_badge1_SPAN_13\">5.0<\/span>&nbsp;Estrellas - Basado en&nbsp;<span class=\"wppro_badge1_SPAN_15\">5&nbsp;<\/span>rese\u00f1as de usuarios<\/span>\t\t\t\t\t<\/div>\r\n\t<\/div>\r\n<\/div>\r\n\r\n\r\n\r\n<\/div><\/div><div class=\"fusion-layout-column fusion_builder_column fusion-builder-column-12 fusion_builder_column_1_2 1_2 fusion-flex-column\" style=\"--awb-bg-size:cover;--awb-width-large:50%;--awb-margin-top-large:0px;--awb-spacing-right-large:3.84%;--awb-margin-bottom-large:20px;--awb-spacing-left-large:3.84%;--awb-width-medium:50%;--awb-order-medium:0;--awb-spacing-right-medium:3.84%;--awb-spacing-left-medium:3.84%;--awb-width-small:100%;--awb-order-small:0;--awb-spacing-right-small:1.92%;--awb-spacing-left-small:1.92%;\" data-scroll-devices=\"small-visibility,medium-visibility,large-visibility\"><div class=\"fusion-column-wrapper fusion-column-has-shadow fusion-flex-justify-content-center fusion-content-layout-row fusion-flex-align-items-center\"><style>#wprev-badge-2{border-radius: 0px;}#wprev-badge-2 {width: auto;}<\/style>\r\n<div class=\"wprevpro_badge wppro_badge1_DIV_1\" id=\"wprev-badge-2\">\r\n\t<div class=\"wppro_badge1_DIV_2\">\r\n\t<img src=https:\/\/claralleal.com\/wp-content\/uploads\/2024\/02\/Houzz-150x150.png width=\"150\" height=\"150\" alt=\"custom logoHouzzz badges\" class=\"wppro_badge1_IMG_3\"><span class=\"wppro_badge1_SPAN_4\">Houzzz badges<\/span>\r\n\t\t<div class=\"wppro_badge1_DIV_5\">\r\n\t\t\t<div class=\"wppro_badge1_DIV_stars\">\r\n\t\t\t<span class=\"svgicons svg-wprsp-star-full\"><\/span><span class=\"svgicons svg-wprsp-star-full\"><\/span><span class=\"svgicons svg-wprsp-star-full\"><\/span><span class=\"svgicons svg-wprsp-star-full\"><\/span><span class=\"svgicons svg-wprsp-star-full\"><\/span>\t\t\t<\/div>\r\n\t\t\t<span class=\"wppro_badge1_DIV_12 b4s12\"><span class=\"wppro_badge1_SPAN_13\">5.0<\/span>&nbsp;Estrellas - Basado en&nbsp;<span class=\"wppro_badge1_SPAN_15\">17&nbsp;<\/span>rese\u00f1as de usuarios<\/span>\t\t\t\t\t<\/div>\r\n\t<\/div>\r\n<\/div>\r\n\r\n\r\n\r\n<\/div><\/div><\/div><\/div><div class=\"fusion-fullwidth fullwidth-box fusion-builder-row-6 fusion-flex-container has-pattern-background has-mask-background nonhundred-percent-fullwidth non-hundred-percent-height-scrolling container-ultimos-reconicimientos\" style=\"--awb-border-radius-top-left:0px;--awb-border-radius-top-right:0px;--awb-border-radius-bottom-right:0px;--awb-border-radius-bottom-left:0px;--awb-padding-top:0px;--awb-padding-bottom:0px;--awb-padding-right-medium:80px;--awb-padding-left-medium:80px;--awb-flex-wrap:wrap;\" ><div class=\"fusion-builder-row fusion-row fusion-flex-align-items-flex-start fusion-flex-content-wrap\" style=\"max-width:1456px;margin-left: calc(-12% \/ 2 );margin-right: calc(-12% \/ 2 );\"><div class=\"fusion-layout-column fusion_builder_column fusion-builder-column-13 fusion_builder_column_1_3 1_3 fusion-flex-column\" style=\"--awb-padding-top:0px;--awb-bg-size:cover;--awb-width-large:33.333333333333%;--awb-margin-top-large:0px;--awb-spacing-right-large:15.84%;--awb-margin-bottom-large:20px;--awb-spacing-left-large:15.84%;--awb-width-medium:33.333333333333%;--awb-order-medium:0;--awb-spacing-right-medium:15.84%;--awb-spacing-left-medium:15.84%;--awb-width-small:100%;--awb-order-small:0;--awb-spacing-right-small:5.28%;--awb-spacing-left-small:5.28%;\" data-scroll-devices=\"small-visibility,medium-visibility,large-visibility\"><div class=\"fusion-column-wrapper fusion-column-has-shadow fusion-flex-justify-content-flex-start fusion-content-layout-column\"><div class=\"fusion-title title fusion-title-14 fusion-sep-none fusion-title-text fusion-title-size-two\" style=\"--awb-margin-top-small:10px;--awb-margin-right-small:0px;--awb-margin-bottom-small:10px;--awb-margin-left-small:0px;\"><h2 class=\"fusion-title-heading title-heading-left\" style=\"margin:0;\">\u00daltims premis d&#8217;interiorisme<\/h2><\/div><\/div><\/div><div class=\"fusion-layout-column fusion_builder_column fusion-builder-column-14 fusion_builder_column_2_3 2_3 fusion-flex-column fusion-no-small-visibility\" style=\"--awb-bg-size:cover;--awb-width-large:66.666666666667%;--awb-margin-top-large:0px;--awb-spacing-right-large:7.92%;--awb-margin-bottom-large:20px;--awb-spacing-left-large:7.92%;--awb-width-medium:66.666666666667%;--awb-order-medium:0;--awb-spacing-right-medium:7.92%;--awb-spacing-left-medium:7.92%;--awb-width-small:100%;--awb-order-small:0;--awb-spacing-right-small:5.28%;--awb-spacing-left-small:5.28%;\" data-scroll-devices=\"small-visibility,medium-visibility,large-visibility\"><div class=\"fusion-column-wrapper fusion-column-has-shadow fusion-flex-justify-content-flex-start fusion-content-layout-column\"><div class=\"fusion-separator fusion-full-width-sep\" style=\"align-self: flex-end;margin-left:auto;margin-top:100px;width:100%;\"><div class=\"fusion-separator-border sep-single sep-solid\" style=\"--awb-height:20px;--awb-amount:20px;--awb-sep-color:#000000;border-color:#000000;border-top-width:1px;\"><\/div><\/div><\/div><\/div><\/div><\/div><div class=\"fusion-fullwidth fullwidth-box fusion-builder-row-7 fusion-flex-container has-pattern-background has-mask-background nonhundred-percent-fullwidth non-hundred-percent-height-scrolling fusion-no-small-visibility container-ultimos-reconicimientos\" style=\"--awb-border-radius-top-left:0px;--awb-border-radius-top-right:0px;--awb-border-radius-bottom-right:0px;--awb-border-radius-bottom-left:0px;--awb-padding-top:0px;--awb-padding-bottom:0px;--awb-padding-right-medium:80px;--awb-padding-left-medium:80px;--awb-flex-wrap:wrap;\" ><div class=\"fusion-builder-row fusion-row fusion-flex-align-items-flex-start fusion-flex-content-wrap\" style=\"max-width:1456px;margin-left: calc(-12% \/ 2 );margin-right: calc(-12% \/ 2 );\"><div class=\"fusion-layout-column fusion_builder_column fusion-builder-column-15 fusion_builder_column_1_5 1_5 fusion-flex-column fusion-flex-align-self-center fusion-animated\" style=\"--awb-bg-size:cover;--awb-width-large:20%;--awb-margin-top-large:0px;--awb-spacing-right-large:26.4%;--awb-margin-bottom-large:20px;--awb-spacing-left-large:26.4%;--awb-width-medium:20%;--awb-order-medium:0;--awb-spacing-right-medium:26.4%;--awb-spacing-left-medium:26.4%;--awb-width-small:100%;--awb-order-small:0;--awb-spacing-right-small:5.28%;--awb-spacing-left-small:5.28%;\" data-animationType=\"fadeInLeft\" data-animationDuration=\"0.8\" data-animationOffset=\"top-into-view\" data-scroll-devices=\"small-visibility,medium-visibility,large-visibility\"><div class=\"fusion-column-wrapper fusion-column-has-shadow fusion-flex-justify-content-flex-start fusion-content-layout-column\"><div class=\"fusion-image-element \" style=\"text-align:center;--awb-caption-title-font-family:var(--h2_typography-font-family);--awb-caption-title-font-weight:var(--h2_typography-font-weight);--awb-caption-title-font-style:var(--h2_typography-font-style);--awb-caption-title-size:var(--h2_typography-font-size);--awb-caption-title-transform:var(--h2_typography-text-transform);--awb-caption-title-line-height:var(--h2_typography-line-height);--awb-caption-title-letter-spacing:var(--h2_typography-letter-spacing);\"><span class=\" fusion-imageframe imageframe-none imageframe-5 hover-type-none\"><img decoding=\"async\" width=\"1301\" height=\"779\" alt=\"Premio de dise\u00f1o Alemania 2023\" title=\"German Design Award Special 2023\" src=\"https:\/\/claralleal.com\/wp-content\/uploads\/2024\/02\/german-design-award.png\" class=\"img-responsive wp-image-5750\" srcset=\"https:\/\/claralleal.com\/wp-content\/uploads\/2024\/02\/german-design-award-200x120.png 200w, https:\/\/claralleal.com\/wp-content\/uploads\/2024\/02\/german-design-award-400x240.png 400w, https:\/\/claralleal.com\/wp-content\/uploads\/2024\/02\/german-design-award-600x359.png 600w, https:\/\/claralleal.com\/wp-content\/uploads\/2024\/02\/german-design-award-800x479.png 800w, https:\/\/claralleal.com\/wp-content\/uploads\/2024\/02\/german-design-award-1200x719.png 1200w, https:\/\/claralleal.com\/wp-content\/uploads\/2024\/02\/german-design-award.png 1301w\" sizes=\"(max-width: 640px) 100vw, 200px\" \/><\/span><\/div><\/div><\/div><div class=\"fusion-layout-column fusion_builder_column fusion-builder-column-16 fusion_builder_column_1_5 1_5 fusion-flex-column fusion-flex-align-self-center fusion-animated\" style=\"--awb-bg-size:cover;--awb-width-large:20%;--awb-margin-top-large:0px;--awb-spacing-right-large:26.4%;--awb-margin-bottom-large:20px;--awb-spacing-left-large:26.4%;--awb-width-medium:20%;--awb-order-medium:0;--awb-spacing-right-medium:26.4%;--awb-spacing-left-medium:26.4%;--awb-width-small:100%;--awb-order-small:0;--awb-spacing-right-small:5.28%;--awb-spacing-left-small:5.28%;\" data-animationType=\"fadeInLeft\" data-animationDuration=\"0.8\" data-animationOffset=\"top-into-view\" data-scroll-devices=\"small-visibility,medium-visibility,large-visibility\"><div class=\"fusion-column-wrapper fusion-column-has-shadow fusion-flex-justify-content-flex-start fusion-content-layout-column\"><div class=\"fusion-image-element \" style=\"text-align:center;--awb-caption-title-font-family:var(--h2_typography-font-family);--awb-caption-title-font-weight:var(--h2_typography-font-weight);--awb-caption-title-font-style:var(--h2_typography-font-style);--awb-caption-title-size:var(--h2_typography-font-size);--awb-caption-title-transform:var(--h2_typography-text-transform);--awb-caption-title-line-height:var(--h2_typography-line-height);--awb-caption-title-letter-spacing:var(--h2_typography-letter-spacing);\"><span class=\" fusion-imageframe imageframe-none imageframe-6 hover-type-none\"><img decoding=\"async\" width=\"425\" height=\"180\" alt=\"&quot;Best of Best&quot; Architecture MasterPrize en la categor\u00eda arquitectura de interiores\" title=\"&#8220;Best of Best&#8221; Architecture MasterPrize en la categor\u00eda arquitectura de interiores\" src=\"https:\/\/claralleal.com\/wp-content\/uploads\/2024\/02\/architecture-masterPrize.png\" class=\"img-responsive wp-image-5751\" srcset=\"https:\/\/claralleal.com\/wp-content\/uploads\/2024\/02\/architecture-masterPrize-200x85.png 200w, https:\/\/claralleal.com\/wp-content\/uploads\/2024\/02\/architecture-masterPrize-400x169.png 400w, https:\/\/claralleal.com\/wp-content\/uploads\/2024\/02\/architecture-masterPrize.png 425w\" sizes=\"(max-width: 640px) 100vw, 200px\" \/><\/span><\/div><\/div><\/div><div class=\"fusion-layout-column fusion_builder_column fusion-builder-column-17 fusion_builder_column_1_5 1_5 fusion-flex-column fusion-flex-align-self-center fusion-animated\" style=\"--awb-bg-size:cover;--awb-width-large:20%;--awb-margin-top-large:0px;--awb-spacing-right-large:26.4%;--awb-margin-bottom-large:20px;--awb-spacing-left-large:26.4%;--awb-width-medium:20%;--awb-order-medium:0;--awb-spacing-right-medium:26.4%;--awb-spacing-left-medium:26.4%;--awb-width-small:100%;--awb-order-small:0;--awb-spacing-right-small:5.28%;--awb-spacing-left-small:5.28%;\" data-animationType=\"fadeInLeft\" data-animationDuration=\"0.8\" data-animationOffset=\"top-into-view\" data-scroll-devices=\"small-visibility,medium-visibility,large-visibility\"><div class=\"fusion-column-wrapper fusion-column-has-shadow fusion-flex-justify-content-flex-start fusion-content-layout-column\"><div class=\"fusion-image-element \" style=\"text-align:center;--awb-caption-title-font-family:var(--h2_typography-font-family);--awb-caption-title-font-weight:var(--h2_typography-font-weight);--awb-caption-title-font-style:var(--h2_typography-font-style);--awb-caption-title-size:var(--h2_typography-font-size);--awb-caption-title-transform:var(--h2_typography-text-transform);--awb-caption-title-line-height:var(--h2_typography-line-height);--awb-caption-title-letter-spacing:var(--h2_typography-letter-spacing);\"><span class=\" fusion-imageframe imageframe-none imageframe-7 hover-type-none\"><img decoding=\"async\" width=\"1702\" height=\"1318\" alt=\"Premio de la Sociedad de Dise\u00f1o Brit\u00e1nico e Internacional 2022\" title=\"Premio de la Sociedad de Dise\u00f1o Brit\u00e1nico e Internacional 2022\" src=\"https:\/\/claralleal.com\/wp-content\/uploads\/2024\/02\/sBID.png\" class=\"img-responsive wp-image-5749\" srcset=\"https:\/\/claralleal.com\/wp-content\/uploads\/2024\/02\/sBID-200x155.png 200w, https:\/\/claralleal.com\/wp-content\/uploads\/2024\/02\/sBID-400x310.png 400w, https:\/\/claralleal.com\/wp-content\/uploads\/2024\/02\/sBID-600x465.png 600w, https:\/\/claralleal.com\/wp-content\/uploads\/2024\/02\/sBID-800x620.png 800w, https:\/\/claralleal.com\/wp-content\/uploads\/2024\/02\/sBID-1200x929.png 1200w, https:\/\/claralleal.com\/wp-content\/uploads\/2024\/02\/sBID.png 1702w\" sizes=\"(max-width: 640px) 100vw, 200px\" \/><\/span><\/div><\/div><\/div><div class=\"fusion-layout-column fusion_builder_column fusion-builder-column-18 fusion_builder_column_1_5 1_5 fusion-flex-column fusion-flex-align-self-center fusion-animated\" style=\"--awb-bg-size:cover;--awb-width-large:20%;--awb-margin-top-large:0px;--awb-spacing-right-large:26.4%;--awb-margin-bottom-large:20px;--awb-spacing-left-large:26.4%;--awb-width-medium:20%;--awb-order-medium:0;--awb-spacing-right-medium:26.4%;--awb-spacing-left-medium:26.4%;--awb-width-small:100%;--awb-order-small:0;--awb-spacing-right-small:5.28%;--awb-spacing-left-small:5.28%;\" data-animationType=\"fadeInLeft\" data-animationDuration=\"0.8\" data-animationOffset=\"top-into-view\" data-scroll-devices=\"small-visibility,medium-visibility,large-visibility\"><div class=\"fusion-column-wrapper fusion-column-has-shadow fusion-flex-justify-content-flex-start fusion-content-layout-column\"><div class=\"fusion-image-element \" style=\"text-align:center;--awb-caption-title-font-family:var(--h2_typography-font-family);--awb-caption-title-font-weight:var(--h2_typography-font-weight);--awb-caption-title-font-style:var(--h2_typography-font-style);--awb-caption-title-size:var(--h2_typography-font-size);--awb-caption-title-transform:var(--h2_typography-text-transform);--awb-caption-title-line-height:var(--h2_typography-line-height);--awb-caption-title-letter-spacing:var(--h2_typography-letter-spacing);\"><span class=\" fusion-imageframe imageframe-none imageframe-8 hover-type-none\"><img decoding=\"async\" width=\"381\" height=\"380\" alt=\"Mejor proyecto Achillovers 2022\" title=\"Mejor proyecto Achillovers 2022\" src=\"https:\/\/claralleal.com\/wp-content\/uploads\/2024\/02\/achillovers.png\" class=\"img-responsive wp-image-5748\" srcset=\"https:\/\/claralleal.com\/wp-content\/uploads\/2024\/02\/achillovers-200x199.png 200w, https:\/\/claralleal.com\/wp-content\/uploads\/2024\/02\/achillovers.png 381w\" sizes=\"(max-width: 640px) 100vw, 200px\" \/><\/span><\/div><\/div><\/div><div class=\"fusion-layout-column fusion_builder_column fusion-builder-column-19 fusion_builder_column_1_5 1_5 fusion-flex-column fusion-flex-align-self-center fusion-animated\" style=\"--awb-bg-size:cover;--awb-width-large:20%;--awb-margin-top-large:0px;--awb-spacing-right-large:26.4%;--awb-margin-bottom-large:20px;--awb-spacing-left-large:26.4%;--awb-width-medium:20%;--awb-order-medium:0;--awb-spacing-right-medium:26.4%;--awb-spacing-left-medium:26.4%;--awb-width-small:100%;--awb-order-small:0;--awb-spacing-right-small:5.28%;--awb-spacing-left-small:5.28%;\" data-animationType=\"fadeInLeft\" data-animationDuration=\"0.8\" data-animationOffset=\"top-into-view\" data-scroll-devices=\"small-visibility,medium-visibility,large-visibility\"><div class=\"fusion-column-wrapper fusion-column-has-shadow fusion-flex-justify-content-flex-start fusion-content-layout-column\"><div class=\"fusion-image-element \" style=\"text-align:center;--awb-caption-title-font-family:var(--h2_typography-font-family);--awb-caption-title-font-weight:var(--h2_typography-font-weight);--awb-caption-title-font-style:var(--h2_typography-font-style);--awb-caption-title-size:var(--h2_typography-font-size);--awb-caption-title-transform:var(--h2_typography-text-transform);--awb-caption-title-line-height:var(--h2_typography-line-height);--awb-caption-title-letter-spacing:var(--h2_typography-letter-spacing);\"><span class=\" fusion-imageframe imageframe-none imageframe-9 hover-type-none\"><img decoding=\"async\" width=\"300\" height=\"277\" alt=\"Premio de dise\u00f1o IDA 2022\" title=\"Premio de dise\u00f1o IDA 2022\" src=\"https:\/\/claralleal.com\/wp-content\/uploads\/2024\/02\/IDA-design-award.png\" class=\"img-responsive wp-image-5861\" srcset=\"https:\/\/claralleal.com\/wp-content\/uploads\/2024\/02\/IDA-design-award-200x185.png 200w, https:\/\/claralleal.com\/wp-content\/uploads\/2024\/02\/IDA-design-award.png 300w\" sizes=\"(max-width: 640px) 100vw, 200px\" \/><\/span><\/div><\/div><\/div><\/div><\/div><div class=\"fusion-fullwidth fullwidth-box fusion-builder-row-8 fusion-flex-container has-pattern-background has-mask-background nonhundred-percent-fullwidth non-hundred-percent-height-scrolling fusion-no-medium-visibility fusion-no-large-visibility\" style=\"--awb-border-radius-top-left:0px;--awb-border-radius-top-right:0px;--awb-border-radius-bottom-right:0px;--awb-border-radius-bottom-left:0px;--awb-flex-wrap:wrap;\" ><div class=\"fusion-builder-row fusion-row fusion-flex-align-items-flex-start fusion-flex-content-wrap\" style=\"max-width:1352px;margin-left: calc(-4% \/ 2 );margin-right: calc(-4% \/ 2 );\"><div class=\"fusion-layout-column fusion_builder_column fusion-builder-column-20 fusion_builder_column_1_1 1_1 fusion-flex-column\" style=\"--awb-bg-size:cover;--awb-width-large:100%;--awb-margin-top-large:0px;--awb-spacing-right-large:1.92%;--awb-margin-bottom-large:20px;--awb-spacing-left-large:1.92%;--awb-width-medium:100%;--awb-order-medium:0;--awb-spacing-right-medium:1.92%;--awb-spacing-left-medium:1.92%;--awb-width-small:100%;--awb-order-small:0;--awb-spacing-right-small:1.92%;--awb-spacing-left-small:1.92%;\"><div class=\"fusion-column-wrapper fusion-column-has-shadow fusion-flex-justify-content-flex-start fusion-content-layout-column\"><div class=\"fusion-image-carousel fusion-image-carousel-auto fusion-image-carousel-1 fusion-no-medium-visibility fusion-no-large-visibility fusion-carousel-border\"><div class=\"awb-carousel awb-swiper awb-swiper-carousel awb-carousel--carousel awb-swiper-dots-position-bottom\" data-layout=\"carousel\" data-autoplay=\"yes\" data-autoplayspeed=\"2500\" data-autoplaypause=\"no\" data-loop=\"yes\" data-columns=\"1\" data-columnsmedium=\"1\" data-columnssmall=\"1\" data-itemmargin=\"0\" data-itemwidth=\"180\" data-touchscroll=\"no\" data-freemode=\"no\" data-imagesize=\"auto\" data-scrollitems=\"0\" data-centeredslides=\"no\" data-rotationangle=\"50\" data-depth=\"100\" data-speed=\"500\" data-shadow=\"no\" data-pagination=\"bullets\" style=\"--awb-columns:1;--awb-column-spacing:0px;--awb-border-width:1px;--awb-border-color:#e9eaee;\"><div class=\"swiper-wrapper awb-image-carousel-wrapper fusion-flex-align-items-center\"><div class=\"swiper-slide\"><div class=\"fusion-carousel-item-wrapper\"><div class=\"fusion-image-wrapper hover-type-none\"><img decoding=\"async\" width=\"1301\" height=\"779\" src=\"https:\/\/claralleal.com\/wp-content\/uploads\/2024\/02\/german-design-award.png\" class=\"attachment-full size-full\" alt=\"German Design Award Special 2023\" srcset=\"https:\/\/claralleal.com\/wp-content\/uploads\/2024\/02\/german-design-award-200x120.png 200w, https:\/\/claralleal.com\/wp-content\/uploads\/2024\/02\/german-design-award-300x180.png 300w, https:\/\/claralleal.com\/wp-content\/uploads\/2024\/02\/german-design-award-400x240.png 400w, https:\/\/claralleal.com\/wp-content\/uploads\/2024\/02\/german-design-award-600x359.png 600w, https:\/\/claralleal.com\/wp-content\/uploads\/2024\/02\/german-design-award-768x460.png 768w, https:\/\/claralleal.com\/wp-content\/uploads\/2024\/02\/german-design-award-800x479.png 800w, https:\/\/claralleal.com\/wp-content\/uploads\/2024\/02\/german-design-award-1024x613.png 1024w, https:\/\/claralleal.com\/wp-content\/uploads\/2024\/02\/german-design-award-1200x719.png 1200w, https:\/\/claralleal.com\/wp-content\/uploads\/2024\/02\/german-design-award.png 1301w\" sizes=\"(max-width: 1301px) 100vw, 1301px\" \/><\/div><\/div><\/div><div class=\"swiper-slide\"><div class=\"fusion-carousel-item-wrapper\"><div class=\"fusion-image-wrapper hover-type-none\"><img decoding=\"async\" width=\"425\" height=\"180\" src=\"https:\/\/claralleal.com\/wp-content\/uploads\/2024\/02\/architecture-masterPrize.png\" class=\"attachment-full size-full\" alt=\"&quot;Best of Best&quot; Architecture MasterPrize en la categor\u00eda arquitectura de interiores\" srcset=\"https:\/\/claralleal.com\/wp-content\/uploads\/2024\/02\/architecture-masterPrize-200x85.png 200w, https:\/\/claralleal.com\/wp-content\/uploads\/2024\/02\/architecture-masterPrize-300x127.png 300w, https:\/\/claralleal.com\/wp-content\/uploads\/2024\/02\/architecture-masterPrize-400x169.png 400w, https:\/\/claralleal.com\/wp-content\/uploads\/2024\/02\/architecture-masterPrize.png 425w\" sizes=\"(max-width: 425px) 100vw, 425px\" \/><\/div><\/div><\/div><div class=\"swiper-slide\"><div class=\"fusion-carousel-item-wrapper\"><div class=\"fusion-image-wrapper hover-type-none\"><img decoding=\"async\" width=\"1702\" height=\"1318\" src=\"https:\/\/claralleal.com\/wp-content\/uploads\/2024\/02\/sBID.png\" class=\"attachment-full size-full\" alt=\"Premio de la Sociedad de Dise\u00f1o Brit\u00e1nico e Internacional 2022\" srcset=\"https:\/\/claralleal.com\/wp-content\/uploads\/2024\/02\/sBID-200x155.png 200w, https:\/\/claralleal.com\/wp-content\/uploads\/2024\/02\/sBID-300x232.png 300w, https:\/\/claralleal.com\/wp-content\/uploads\/2024\/02\/sBID-400x310.png 400w, https:\/\/claralleal.com\/wp-content\/uploads\/2024\/02\/sBID-600x465.png 600w, https:\/\/claralleal.com\/wp-content\/uploads\/2024\/02\/sBID-768x595.png 768w, https:\/\/claralleal.com\/wp-content\/uploads\/2024\/02\/sBID-800x620.png 800w, https:\/\/claralleal.com\/wp-content\/uploads\/2024\/02\/sBID-1024x793.png 1024w, https:\/\/claralleal.com\/wp-content\/uploads\/2024\/02\/sBID-1200x929.png 1200w, https:\/\/claralleal.com\/wp-content\/uploads\/2024\/02\/sBID-1536x1189.png 1536w, https:\/\/claralleal.com\/wp-content\/uploads\/2024\/02\/sBID.png 1702w\" sizes=\"(max-width: 1702px) 100vw, 1702px\" \/><\/div><\/div><\/div><div class=\"swiper-slide\"><div class=\"fusion-carousel-item-wrapper\"><div class=\"fusion-image-wrapper hover-type-none\"><img decoding=\"async\" width=\"381\" height=\"380\" src=\"https:\/\/claralleal.com\/wp-content\/uploads\/2024\/02\/achillovers.png\" class=\"attachment-full size-full\" alt=\"Mejor proyecto Achillovers 2022\" srcset=\"https:\/\/claralleal.com\/wp-content\/uploads\/2024\/02\/achillovers-66x66.png 66w, https:\/\/claralleal.com\/wp-content\/uploads\/2024\/02\/achillovers-150x150.png 150w, https:\/\/claralleal.com\/wp-content\/uploads\/2024\/02\/achillovers-200x199.png 200w, https:\/\/claralleal.com\/wp-content\/uploads\/2024\/02\/achillovers-300x300.png 300w, https:\/\/claralleal.com\/wp-content\/uploads\/2024\/02\/achillovers.png 381w\" sizes=\"(max-width: 381px) 100vw, 381px\" \/><\/div><\/div><\/div><div class=\"swiper-slide\"><div class=\"fusion-carousel-item-wrapper\"><div class=\"fusion-image-wrapper hover-type-none\"><img decoding=\"async\" width=\"300\" height=\"277\" src=\"https:\/\/claralleal.com\/wp-content\/uploads\/2024\/02\/IDA-design-award.png\" class=\"attachment-full size-full\" alt=\"Premio de dise\u00f1o IDA 2022\" srcset=\"https:\/\/claralleal.com\/wp-content\/uploads\/2024\/02\/IDA-design-award-200x185.png 200w, https:\/\/claralleal.com\/wp-content\/uploads\/2024\/02\/IDA-design-award.png 300w\" sizes=\"(max-width: 300px) 100vw, 300px\" \/><\/div><\/div><\/div><\/div><\/div><\/div><\/div><\/div><\/div><\/div><\/p>\n","protected":false},"excerpt":{"rendered":"","protected":false},"author":3,"featured_media":0,"parent":0,"menu_order":0,"comment_status":"closed","ping_status":"closed","template":"100-width.php","meta":{"footnotes":""},"class_list":["post-10411","page","type-page","status-publish","hentry"],"yoast_head":"<!-- This site is optimized with the Yoast SEO plugin v27.4 - https:\/\/yoast.com\/product\/yoast-seo-wordpress\/ -->\n<title>Decoradors d&#039;interiors Barcelona | Clara Lleal Decoraci\u00f3<\/title>\n<meta name=\"description\" content=\"Clara Lleal \u00e9s una decoradora de Barcelona amb premis de disseny d&#039;interiors com sBID 2022 i &quot;Best of Best&quot; Architecture MasterPrize 2023.\" \/>\n<meta name=\"robots\" content=\"index, follow, max-snippet:-1, max-image-preview:large, max-video-preview:-1\" \/>\n<link rel=\"canonical\" href=\"https:\/\/claralleal.com\/ca\/decoradors-interiors-barcelona\/\" \/>\n<meta property=\"og:locale\" content=\"ca_ES\" \/>\n<meta property=\"og:type\" content=\"article\" \/>\n<meta property=\"og:title\" content=\"Decoradors d&#039;interiors Barcelona | Clara Lleal Decoraci\u00f3\" \/>\n<meta property=\"og:description\" content=\"Clara Lleal \u00e9s una decoradora de Barcelona amb premis de disseny d&#039;interiors com sBID 2022 i &quot;Best of Best&quot; Architecture MasterPrize 2023.\" \/>\n<meta property=\"og:url\" content=\"https:\/\/claralleal.com\/ca\/decoradors-interiors-barcelona\/\" \/>\n<meta property=\"og:site_name\" content=\"Clara Lleal Interiorista\" \/>\n<meta property=\"article:modified_time\" content=\"2026-04-13T14:49:37+00:00\" \/>\n<meta property=\"og:image\" content=\"https:\/\/claralleal.com\/wp-content\/uploads\/2024\/02\/interiorismo-barcelona.jpg\" \/>\n\t<meta property=\"og:image:width\" content=\"1200\" \/>\n\t<meta property=\"og:image:height\" content=\"630\" \/>\n\t<meta property=\"og:image:type\" content=\"image\/jpeg\" \/>\n<script type=\"application\/ld+json\" class=\"yoast-schema-graph\">{\"@context\":\"https:\\\/\\\/schema.org\",\"@graph\":[{\"@type\":\"WebPage\",\"@id\":\"https:\\\/\\\/claralleal.com\\\/ca\\\/decoradors-interiors-barcelona\\\/\",\"url\":\"https:\\\/\\\/claralleal.com\\\/ca\\\/decoradors-interiors-barcelona\\\/\",\"name\":\"Decoradors d'interiors Barcelona | Clara Lleal Decoraci\u00f3\",\"isPartOf\":{\"@id\":\"https:\\\/\\\/claralleal.com\\\/ca\\\/#website\"},\"datePublished\":\"2023-02-08T17:06:14+00:00\",\"dateModified\":\"2026-04-13T14:49:37+00:00\",\"description\":\"Clara Lleal \u00e9s una decoradora de Barcelona amb premis de disseny d'interiors com sBID 2022 i \\\"Best of Best\\\" Architecture MasterPrize 2023.\",\"breadcrumb\":{\"@id\":\"https:\\\/\\\/claralleal.com\\\/ca\\\/decoradors-interiors-barcelona\\\/#breadcrumb\"},\"inLanguage\":\"ca\",\"potentialAction\":[{\"@type\":\"ReadAction\",\"target\":[\"https:\\\/\\\/claralleal.com\\\/ca\\\/decoradors-interiors-barcelona\\\/\"]}]},{\"@type\":\"BreadcrumbList\",\"@id\":\"https:\\\/\\\/claralleal.com\\\/ca\\\/decoradors-interiors-barcelona\\\/#breadcrumb\",\"itemListElement\":[{\"@type\":\"ListItem\",\"position\":1,\"name\":\"Portada\",\"item\":\"https:\\\/\\\/claralleal.com\\\/ca\\\/\"},{\"@type\":\"ListItem\",\"position\":2,\"name\":\"Sobre mi\"}]},{\"@type\":\"WebSite\",\"@id\":\"https:\\\/\\\/claralleal.com\\\/ca\\\/#website\",\"url\":\"https:\\\/\\\/claralleal.com\\\/ca\\\/\",\"name\":\"Clara Lleal Interiorista\",\"description\":\"Estudio de Interiorismo en Barcelona, Badalona y Maresme\",\"publisher\":{\"@id\":\"https:\\\/\\\/claralleal.com\\\/ca\\\/#organization\"},\"potentialAction\":[{\"@type\":\"SearchAction\",\"target\":{\"@type\":\"EntryPoint\",\"urlTemplate\":\"https:\\\/\\\/claralleal.com\\\/ca\\\/?s={search_term_string}\"},\"query-input\":{\"@type\":\"PropertyValueSpecification\",\"valueRequired\":true,\"valueName\":\"search_term_string\"}}],\"inLanguage\":\"ca\"},{\"@type\":\"Organization\",\"@id\":\"https:\\\/\\\/claralleal.com\\\/ca\\\/#organization\",\"name\":\"Clara Lleal Interiorista\",\"url\":\"https:\\\/\\\/claralleal.com\\\/ca\\\/\",\"logo\":{\"@type\":\"ImageObject\",\"inLanguage\":\"ca\",\"@id\":\"https:\\\/\\\/claralleal.com\\\/ca\\\/#\\\/schema\\\/logo\\\/image\\\/\",\"url\":\"https:\\\/\\\/claralleal.com\\\/wp-content\\\/uploads\\\/2023\\\/04\\\/cropped-favicon-1.jpg\",\"contentUrl\":\"https:\\\/\\\/claralleal.com\\\/wp-content\\\/uploads\\\/2023\\\/04\\\/cropped-favicon-1.jpg\",\"width\":40,\"height\":40,\"caption\":\"Clara Lleal Interiorista \"},\"image\":{\"@id\":\"https:\\\/\\\/claralleal.com\\\/ca\\\/#\\\/schema\\\/logo\\\/image\\\/\"}}]}<\/script>\n<!-- \/ Yoast SEO plugin. -->","yoast_head_json":{"title":"Decoradors d'interiors Barcelona | Clara Lleal Decoraci\u00f3","description":"Clara Lleal \u00e9s una decoradora de Barcelona amb premis de disseny d'interiors com sBID 2022 i \"Best of Best\" Architecture MasterPrize 2023.","robots":{"index":"index","follow":"follow","max-snippet":"max-snippet:-1","max-image-preview":"max-image-preview:large","max-video-preview":"max-video-preview:-1"},"canonical":"https:\/\/claralleal.com\/ca\/decoradors-interiors-barcelona\/","og_locale":"ca_ES","og_type":"article","og_title":"Decoradors d'interiors Barcelona | Clara Lleal Decoraci\u00f3","og_description":"Clara Lleal \u00e9s una decoradora de Barcelona amb premis de disseny d'interiors com sBID 2022 i \"Best of Best\" Architecture MasterPrize 2023.","og_url":"https:\/\/claralleal.com\/ca\/decoradors-interiors-barcelona\/","og_site_name":"Clara Lleal Interiorista","article_modified_time":"2026-04-13T14:49:37+00:00","og_image":[{"width":1200,"height":630,"url":"https:\/\/claralleal.com\/wp-content\/uploads\/2024\/02\/interiorismo-barcelona.jpg","type":"image\/jpeg"}],"schema":{"@context":"https:\/\/schema.org","@graph":[{"@type":"WebPage","@id":"https:\/\/claralleal.com\/ca\/decoradors-interiors-barcelona\/","url":"https:\/\/claralleal.com\/ca\/decoradors-interiors-barcelona\/","name":"Decoradors d'interiors Barcelona | Clara Lleal Decoraci\u00f3","isPartOf":{"@id":"https:\/\/claralleal.com\/ca\/#website"},"datePublished":"2023-02-08T17:06:14+00:00","dateModified":"2026-04-13T14:49:37+00:00","description":"Clara Lleal \u00e9s una decoradora de Barcelona amb premis de disseny d'interiors com sBID 2022 i \"Best of Best\" Architecture MasterPrize 2023.","breadcrumb":{"@id":"https:\/\/claralleal.com\/ca\/decoradors-interiors-barcelona\/#breadcrumb"},"inLanguage":"ca","potentialAction":[{"@type":"ReadAction","target":["https:\/\/claralleal.com\/ca\/decoradors-interiors-barcelona\/"]}]},{"@type":"BreadcrumbList","@id":"https:\/\/claralleal.com\/ca\/decoradors-interiors-barcelona\/#breadcrumb","itemListElement":[{"@type":"ListItem","position":1,"name":"Portada","item":"https:\/\/claralleal.com\/ca\/"},{"@type":"ListItem","position":2,"name":"Sobre mi"}]},{"@type":"WebSite","@id":"https:\/\/claralleal.com\/ca\/#website","url":"https:\/\/claralleal.com\/ca\/","name":"Clara Lleal Interiorista","description":"Estudio de Interiorismo en Barcelona, Badalona y Maresme","publisher":{"@id":"https:\/\/claralleal.com\/ca\/#organization"},"potentialAction":[{"@type":"SearchAction","target":{"@type":"EntryPoint","urlTemplate":"https:\/\/claralleal.com\/ca\/?s={search_term_string}"},"query-input":{"@type":"PropertyValueSpecification","valueRequired":true,"valueName":"search_term_string"}}],"inLanguage":"ca"},{"@type":"Organization","@id":"https:\/\/claralleal.com\/ca\/#organization","name":"Clara Lleal Interiorista","url":"https:\/\/claralleal.com\/ca\/","logo":{"@type":"ImageObject","inLanguage":"ca","@id":"https:\/\/claralleal.com\/ca\/#\/schema\/logo\/image\/","url":"https:\/\/claralleal.com\/wp-content\/uploads\/2023\/04\/cropped-favicon-1.jpg","contentUrl":"https:\/\/claralleal.com\/wp-content\/uploads\/2023\/04\/cropped-favicon-1.jpg","width":40,"height":40,"caption":"Clara Lleal Interiorista "},"image":{"@id":"https:\/\/claralleal.com\/ca\/#\/schema\/logo\/image\/"}}]}},"_links":{"self":[{"href":"https:\/\/claralleal.com\/ca\/wp-json\/wp\/v2\/pages\/10411","targetHints":{"allow":["GET"]}}],"collection":[{"href":"https:\/\/claralleal.com\/ca\/wp-json\/wp\/v2\/pages"}],"about":[{"href":"https:\/\/claralleal.com\/ca\/wp-json\/wp\/v2\/types\/page"}],"author":[{"embeddable":true,"href":"https:\/\/claralleal.com\/ca\/wp-json\/wp\/v2\/users\/3"}],"replies":[{"embeddable":true,"href":"https:\/\/claralleal.com\/ca\/wp-json\/wp\/v2\/comments?post=10411"}],"version-history":[{"count":33,"href":"https:\/\/claralleal.com\/ca\/wp-json\/wp\/v2\/pages\/10411\/revisions"}],"predecessor-version":[{"id":10921,"href":"https:\/\/claralleal.com\/ca\/wp-json\/wp\/v2\/pages\/10411\/revisions\/10921"}],"wp:attachment":[{"href":"https:\/\/claralleal.com\/ca\/wp-json\/wp\/v2\/media?parent=10411"}],"curies":[{"name":"wp","href":"https:\/\/api.w.org\/{rel}","templated":true}]}}