{"id":10455,"date":"2023-02-08T18:09:26","date_gmt":"2023-02-08T17:09:26","guid":{"rendered":"https:\/\/claralleal.com\/?page_id=10455"},"modified":"2026-04-13T11:09:16","modified_gmt":"2026-04-13T09:09:16","slug":"contacte","status":"publish","type":"page","link":"https:\/\/claralleal.com\/ca\/contacte\/","title":{"rendered":"Contacte"},"content":{"rendered":"<p><div class=\"fusion-fullwidth fullwidth-box fusion-builder-row-1 fusion-flex-container hundred-percent-fullwidth non-hundred-percent-height-scrolling\" style=\"--awb-border-sizes-top:0px;--awb-border-sizes-bottom:0px;--awb-border-sizes-left:0px;--awb-border-sizes-right:0px;--awb-border-color:var(--awb-color3);--awb-border-radius-top-left:0px;--awb-border-radius-top-right:0px;--awb-border-radius-bottom-right:0px;--awb-border-radius-bottom-left:0px;--awb-padding-top:2%;--awb-padding-bottom:4%;--awb-padding-bottom-medium:20px;--awb-flex-wrap:wrap;\" ><div class=\"fusion-builder-row fusion-row fusion-flex-align-items-flex-start fusion-flex-content-wrap\" style=\"width:104% !important;max-width:104% !important;margin-left: calc(-4% \/ 2 );margin-right: calc(-4% \/ 2 );\"><div class=\"fusion-layout-column fusion_builder_column fusion-builder-column-0 fusion_builder_column_1_2 1_2 fusion-flex-column fusion-flex-align-self-center\" style=\"--awb-bg-size:cover;--awb-width-large:50%;--awb-margin-top-large:0px;--awb-spacing-right-large:5.76%;--awb-margin-bottom-large:30px;--awb-spacing-left-large:5.76%;--awb-width-medium:50%;--awb-order-medium:0;--awb-margin-top-medium:10px;--awb-spacing-right-medium:5.76%;--awb-margin-bottom-medium:10px;--awb-spacing-left-medium:5.76%;--awb-width-small:100%;--awb-order-small:0;--awb-spacing-right-small:1.92%;--awb-spacing-left-small:1.92%;\" data-scroll-devices=\"small-visibility,medium-visibility,large-visibility\"><div class=\"fusion-column-wrapper fusion-column-has-shadow fusion-flex-justify-content-flex-start fusion-content-layout-column\"><div class=\"fusion-title title fusion-title-1 fusion-sep-none fusion-title-text fusion-title-size-one\" style=\"--awb-margin-top-small:10px;--awb-margin-right-small:0px;--awb-margin-bottom-small:10px;--awb-margin-left-small:0px;\"><h1 class=\"fusion-title-heading title-heading-left\" style=\"margin:0;\">Contacta amb nosaltres<\/h1><\/div><\/div><\/div><\/div><\/div><div id=\"prague\" class=\"fusion-container-anchor\"><div class=\"fusion-fullwidth fullwidth-box fusion-builder-row-2 fusion-flex-container has-pattern-background has-mask-background nonhundred-percent-fullwidth non-hundred-percent-height-scrolling\" style=\"--awb-border-radius-top-left:0px;--awb-border-radius-top-right:0px;--awb-border-radius-bottom-right:0px;--awb-border-radius-bottom-left:0px;--awb-padding-top-medium:20px;--awb-padding-right-small:0px;--awb-padding-left-small:0px;--awb-background-image:linear-gradient(0deg, rgba(255,255,255,0) 50%,var(--awb-color2) 50%);--awb-flex-wrap:wrap;\" ><div class=\"fusion-builder-row fusion-row fusion-flex-align-items-flex-start fusion-flex-content-wrap\" style=\"max-width:1352px;margin-left: calc(-4% \/ 2 );margin-right: calc(-4% \/ 2 );\"><div class=\"fusion-layout-column fusion_builder_column fusion-builder-column-1 fusion_builder_column_1_1 1_1 fusion-flex-column\" style=\"--awb-padding-top:0px;--awb-bg-image:url(&#039;https:\/\/claralleal.com\/wp-content\/uploads\/2026\/04\/casa-noguera-cuina-1024x683.jpg&#039;);--awb-bg-size:cover;--awb-width-large:100%;--awb-margin-top-large:0px;--awb-spacing-right-large:1.92%;--awb-margin-bottom-large:20px;--awb-spacing-left-large:1.92%;--awb-width-medium:100%;--awb-order-medium:0;--awb-margin-top-medium:0px;--awb-spacing-right-medium:1.92%;--awb-margin-bottom-medium:0px;--awb-spacing-left-medium:1.92%;--awb-width-small:100%;--awb-order-small:0;--awb-spacing-right-small:1.92%;--awb-spacing-left-small:1.92%;\" data-scroll-devices=\"small-visibility,medium-visibility,large-visibility\"><div class=\"fusion-column-wrapper fusion-column-has-shadow fusion-flex-justify-content-flex-start fusion-content-layout-column fusion-column-has-bg-image\" data-bg-url=\"https:\/\/claralleal.com\/wp-content\/uploads\/2026\/04\/casa-noguera-cuina-1024x683.jpg\"><div class=\"fusion-separator fusion-no-small-visibility fusion-full-width-sep\" style=\"align-self: center;margin-left: auto;margin-right: auto;margin-top:12%;margin-bottom:100px;width:100%;\"><div class=\"fusion-separator-border sep-double\" style=\"--awb-height:20px;--awb-amount:20px;border-color:var(--awb-color3);border-top-width:0px;border-bottom-width:0px;\"><\/div><\/div><div class=\"fusion-builder-row fusion-builder-row-inner fusion-row fusion-flex-align-items-flex-start fusion-flex-content-wrap\" style=\"--awb-flex-grow:0;--awb-flex-grow-medium:0;--awb-flex-grow-small:0;--awb-flex-shrink:0;--awb-flex-shrink-medium:0;--awb-flex-shrink-small:0;width:104% !important;max-width:104% !important;margin-left: calc(-4% \/ 2 );margin-right: calc(-4% \/ 2 );\"><div class=\"fusion-layout-column fusion_builder_column_inner fusion-builder-nested-column-0 fusion_builder_column_inner_2_5 2_5 fusion-flex-column\" style=\"--awb-padding-top:8%;--awb-padding-right:12%;--awb-padding-bottom:6%;--awb-padding-left:12%;--awb-bg-color:var(--awb-color1);--awb-bg-color-hover:var(--awb-color1);--awb-bg-size:cover;--awb-width-large:40%;--awb-margin-top-large:0px;--awb-spacing-right-large:4.8%;--awb-margin-bottom-large:0px;--awb-spacing-left-large:4.8%;--awb-width-medium:50%;--awb-spacing-right-medium:3.84%;--awb-spacing-left-medium:3.84%;--awb-width-small:75%;--awb-spacing-right-small:2.56%;--awb-spacing-left-small:2.56%;\"><div class=\"fusion-column-wrapper fusion-column-has-shadow fusion-flex-justify-content-flex-start fusion-content-layout-column\"><div class=\"fusion-separator\" style=\"align-self: flex-start;margin-right:auto;margin-top:12px;margin-bottom:12px;width:100%;max-width:16px;\"><div class=\"fusion-separator-border sep-single sep-solid\" style=\"--awb-height:20px;--awb-amount:20px;border-color:var(--awb-color3);border-top-width:3px;\"><\/div><\/div><div class=\"fusion-title title fusion-title-2 fusion-sep-none fusion-title-text fusion-title-size-six\" style=\"--awb-text-color:hsla(var(--awb-color7-h),var(--awb-color7-s),var(--awb-color7-l),calc( var(--awb-color7-a) - 60% ));--awb-margin-top:12px;--awb-margin-bottom:6px;--awb-margin-top-small:10px;--awb-margin-right-small:0px;--awb-margin-bottom-small:6px;--awb-margin-left-small:0px;\" id=\"texto-negro\"><h6 class=\"fusion-title-heading title-heading-left\" style=\"margin:0;text-transform:var(--awb-typography2-text-transform);\">Direcci\u00f3<\/h6><\/div><div class=\"fusion-text fusion-text-1 paragraph-small\"><p>Carrer de Mar, 55, 1r 2a<br \/>\n08911 Badalona | Barcelona<\/p>\n<\/div><div class=\"fusion-title title fusion-title-3 fusion-sep-none fusion-title-text fusion-title-size-six\" style=\"--awb-text-color:hsla(var(--awb-color7-h),var(--awb-color7-s),var(--awb-color7-l),calc( var(--awb-color7-a) - 60% ));--awb-margin-top:12px;--awb-margin-bottom:6px;--awb-margin-top-small:10px;--awb-margin-right-small:0px;--awb-margin-bottom-small:6px;--awb-margin-left-small:0px;\" id=\"texto-negro\"><h6 class=\"fusion-title-heading title-heading-left\" style=\"margin:0;text-transform:var(--awb-typography2-text-transform);\">Horari<\/h6><\/div><div class=\"fusion-text fusion-text-2 paragraph-small\"><p>Dilluns a divendres:<br \/>\n09:30-14:00 h \/ 15:00-19:00 h<br \/>\nDissabte i diumenge: tancat<\/p>\n<\/div><div class=\"fusion-title title fusion-title-4 fusion-sep-none fusion-title-text fusion-title-size-six\" style=\"--awb-text-color:hsla(var(--awb-color7-h),var(--awb-color7-s),var(--awb-color7-l),calc( var(--awb-color7-a) - 60% ));--awb-margin-top:12px;--awb-margin-bottom:6px;--awb-margin-top-small:10px;--awb-margin-right-small:0px;--awb-margin-bottom-small:6px;--awb-margin-left-small:0px;\" id=\"texto-negro\"><h6 class=\"fusion-title-heading title-heading-left\" style=\"margin:0;text-transform:var(--awb-typography2-text-transform);\">Truca&#8217;ns<\/h6><\/div><div class=\"fusion-text fusion-text-3 paragraph-small\"><p><a href=\"tel:+34635600705\">T. +34 635 600 705<\/a><\/p>\n<\/div><div class=\"fusion-title title fusion-title-5 fusion-sep-none fusion-title-text fusion-title-size-six\" style=\"--awb-text-color:hsla(var(--awb-color7-h),var(--awb-color7-s),var(--awb-color7-l),calc( var(--awb-color7-a) - 60% ));--awb-margin-top:12px;--awb-margin-bottom:6px;--awb-margin-top-small:10px;--awb-margin-right-small:0px;--awb-margin-bottom-small:6px;--awb-margin-left-small:0px;\" id=\"texto-negro\"><h6 class=\"fusion-title-heading title-heading-left\" style=\"margin:0;text-transform:var(--awb-typography2-text-transform);\">Envia&#8217;ns un correu<\/h6><\/div><div class=\"fusion-text fusion-text-4 paragraph-small\"><p>hola@claralleal.com<\/p>\n<\/div><\/div><\/div><div class=\"fusion-layout-column fusion_builder_column_inner fusion-builder-nested-column-1 fusion_builder_column_inner_3_5 3_5 fusion-flex-column fusion-no-small-visibility fusion-no-medium-visibility\" style=\"--awb-bg-size:cover;--awb-width-large:60%;--awb-margin-top-large:5px;--awb-spacing-right-large:3.2%;--awb-margin-bottom-large:0px;--awb-spacing-left-large:3.2%;--awb-width-medium:60%;--awb-spacing-right-medium:3.2%;--awb-spacing-left-medium:3.2%;--awb-width-small:100%;--awb-spacing-right-small:1.92%;--awb-spacing-left-small:1.92%;\"><div class=\"fusion-column-wrapper fusion-column-has-shadow fusion-flex-justify-content-flex-start fusion-content-layout-column\"><\/div><\/div><\/div><\/div><\/div><\/div><\/div><\/div><div class=\"fusion-fullwidth fullwidth-box fusion-builder-row-3 fusion-flex-container has-pattern-background has-mask-background nonhundred-percent-fullwidth non-hundred-percent-height-scrolling\" style=\"--awb-border-radius-top-left:0px;--awb-border-radius-top-right:0px;--awb-border-radius-bottom-right:0px;--awb-border-radius-bottom-left:0px;--awb-margin-top:70px;--awb-flex-wrap:wrap;\" ><div class=\"fusion-builder-row fusion-row fusion-flex-align-items-flex-start fusion-flex-content-wrap\" style=\"max-width:1352px;margin-left: calc(-4% \/ 2 );margin-right: calc(-4% \/ 2 );\"><div class=\"fusion-layout-column fusion_builder_column fusion-builder-column-2 fusion_builder_column_1_1 1_1 fusion-flex-column\" style=\"--awb-bg-size:cover;--awb-width-large:100%;--awb-margin-top-large:0px;--awb-spacing-right-large:1.92%;--awb-margin-bottom-large:20px;--awb-spacing-left-large:1.92%;--awb-width-medium:100%;--awb-order-medium:0;--awb-spacing-right-medium:1.92%;--awb-spacing-left-medium:1.92%;--awb-width-small:100%;--awb-order-small:0;--awb-spacing-right-small:1.92%;--awb-spacing-left-small:1.92%;\" data-scroll-devices=\"small-visibility,medium-visibility,large-visibility\"><div class=\"fusion-column-wrapper fusion-column-has-shadow fusion-flex-justify-content-flex-start fusion-content-layout-column\"><iframe src=\"https:\/\/www.google.com\/maps\/embed?pb=!1m14!1m8!1m3!1d1495.2635090195572!2d2.2471109370607496!3d41.44948352619481!3m2!1i1024!2i768!4f13.1!3m3!1m2!1s0x12a4bbbc18503535%3A0x44b330b6e6857216!2sClara%20Lleal%20Interiorista!5e0!3m2!1sen!2ses!4v1706873959663!5m2!1sen!2ses\" width=\"1300\" height=\"400\" style=\"border:0;\" allowfullscreen=\"\" loading=\"lazy\" referrerpolicy=\"no-referrer-when-downgrade\"><\/iframe><div class=\"fusion-menu-anchor\" id=\"formulario-contacto\"><\/div><\/div><\/div><\/div><\/div><div class=\"fusion-fullwidth fullwidth-box fusion-builder-row-4 fusion-flex-container has-pattern-background has-mask-background nonhundred-percent-fullwidth non-hundred-percent-height-scrolling\" style=\"--awb-border-radius-top-left:0px;--awb-border-radius-top-right:0px;--awb-border-radius-bottom-right:0px;--awb-border-radius-bottom-left:0px;--awb-margin-top:50px;--awb-margin-bottom:50px;--awb-flex-wrap:wrap;\" ><div class=\"fusion-builder-row fusion-row fusion-flex-align-items-flex-start fusion-flex-content-wrap\" style=\"max-width:1352px;margin-left: calc(-4% \/ 2 );margin-right: calc(-4% \/ 2 );\"><div class=\"fusion-layout-column fusion_builder_column fusion-builder-column-3 fusion_builder_column_1_2 1_2 fusion-flex-column\" style=\"--awb-bg-size:cover;--awb-width-large:50%;--awb-margin-top-large:0px;--awb-spacing-right-large:3.84%;--awb-margin-bottom-large:20px;--awb-spacing-left-large:3.84%;--awb-width-medium:50%;--awb-order-medium:0;--awb-spacing-right-medium:3.84%;--awb-spacing-left-medium:3.84%;--awb-width-small:100%;--awb-order-small:0;--awb-spacing-right-small:1.92%;--awb-spacing-left-small:1.92%;\"><div class=\"fusion-column-wrapper fusion-column-has-shadow fusion-flex-justify-content-flex-start fusion-content-layout-column\"><div class=\"fusion-title title fusion-title-6 fusion-sep-none fusion-title-text fusion-title-size-two\" style=\"--awb-margin-top-small:10px;--awb-margin-right-small:0px;--awb-margin-bottom-small:10px;--awb-margin-left-small:0px;\"><h2 class=\"fusion-title-heading title-heading-left\" style=\"margin:0;\">Explica&#8217;ns qu\u00e8 podem fer junts<\/h2><\/div><\/div><\/div><div class=\"fusion-layout-column fusion_builder_column fusion-builder-column-4 fusion_builder_column_1_2 1_2 fusion-flex-column fusion-no-small-visibility\" style=\"--awb-bg-size:cover;--awb-width-large:50%;--awb-margin-top-large:0px;--awb-spacing-right-large:3.84%;--awb-margin-bottom-large:20px;--awb-spacing-left-large:3.84%;--awb-width-medium:50%;--awb-order-medium:0;--awb-spacing-right-medium:3.84%;--awb-spacing-left-medium:3.84%;--awb-width-small:100%;--awb-order-small:0;--awb-spacing-right-small:1.92%;--awb-spacing-left-small:1.92%;\" data-scroll-devices=\"small-visibility,medium-visibility,large-visibility\"><div class=\"fusion-column-wrapper fusion-column-has-shadow fusion-flex-justify-content-flex-start fusion-content-layout-column\"><div class=\"fusion-separator fusion-full-width-sep\" style=\"align-self: flex-end;margin-left:auto;margin-top:100px;width:100%;\"><div class=\"fusion-separator-border sep-single sep-solid\" style=\"--awb-height:20px;--awb-amount:20px;--awb-sep-color:#000000;border-color:#000000;border-top-width:1px;\"><\/div><\/div><\/div><\/div><div class=\"fusion-layout-column fusion_builder_column fusion-builder-column-5 fusion_builder_column_1_3 1_3 fusion-flex-column\" style=\"--awb-bg-image:url(&#039;https:\/\/claralleal.com\/wp-content\/uploads\/2024\/02\/clara-lleal-formulario.webp&#039;);--awb-bg-size:cover;--awb-width-large:33.333333333333%;--awb-margin-top-large:0px;--awb-spacing-right-large:5.76%;--awb-margin-bottom-large:20px;--awb-spacing-left-large:5.76%;--awb-width-medium:33.333333333333%;--awb-order-medium:0;--awb-spacing-right-medium:5.76%;--awb-spacing-left-medium:5.76%;--awb-width-small:100%;--awb-order-small:0;--awb-spacing-right-small:1.92%;--awb-spacing-left-small:1.92%;\" data-scroll-devices=\"small-visibility,medium-visibility,large-visibility\"><div class=\"fusion-column-wrapper fusion-column-has-shadow fusion-flex-justify-content-flex-start fusion-content-layout-column fusion-column-has-bg-image\" data-bg-url=\"https:\/\/claralleal.com\/wp-content\/uploads\/2024\/02\/clara-lleal-formulario.webp\"><div class=\"fusion-image-element \" style=\"--awb-caption-title-font-family:var(--h2_typography-font-family);--awb-caption-title-font-weight:var(--h2_typography-font-weight);--awb-caption-title-font-style:var(--h2_typography-font-style);--awb-caption-title-size:var(--h2_typography-font-size);--awb-caption-title-transform:var(--h2_typography-text-transform);--awb-caption-title-line-height:var(--h2_typography-line-height);--awb-caption-title-letter-spacing:var(--h2_typography-letter-spacing);\"><span class=\" fusion-imageframe imageframe-none imageframe-1 hover-type-none\"><img decoding=\"async\" width=\"1000\" height=\"1243\" alt=\"Clara Lleal Barcelona\" title=\"Clara Lleal Barcelona\" src=\"https:\/\/claralleal.com\/wp-content\/uploads\/2024\/02\/clara-lleal-formulario.webp\" class=\"img-responsive wp-image-10352\" srcset=\"https:\/\/claralleal.com\/wp-content\/uploads\/2024\/02\/clara-lleal-formulario-200x249.webp 200w, https:\/\/claralleal.com\/wp-content\/uploads\/2024\/02\/clara-lleal-formulario-400x497.webp 400w, https:\/\/claralleal.com\/wp-content\/uploads\/2024\/02\/clara-lleal-formulario-600x746.webp 600w, https:\/\/claralleal.com\/wp-content\/uploads\/2024\/02\/clara-lleal-formulario-800x994.webp 800w, https:\/\/claralleal.com\/wp-content\/uploads\/2024\/02\/clara-lleal-formulario.webp 1000w\" sizes=\"(max-width: 640px) 100vw, 400px\" \/><\/span><\/div><\/div><\/div><div class=\"fusion-layout-column fusion_builder_column fusion-builder-column-6 fusion_builder_column_2_3 2_3 fusion-flex-column\" style=\"--awb-bg-size:cover;--awb-width-large:66.666666666667%;--awb-margin-top-large:0px;--awb-spacing-right-large:2.88%;--awb-margin-bottom-large:20px;--awb-spacing-left-large:2.88%;--awb-width-medium:66.666666666667%;--awb-order-medium:0;--awb-spacing-right-medium:2.88%;--awb-spacing-left-medium:2.88%;--awb-width-small:100%;--awb-order-small:0;--awb-spacing-right-small:1.92%;--awb-spacing-left-small:1.92%;\"><div class=\"fusion-column-wrapper fusion-column-has-shadow fusion-flex-justify-content-flex-start fusion-content-layout-column\">\n<div class=\"wpcf7 no-js\" id=\"wpcf7-f10469-o1\" lang=\"es-ES\" dir=\"ltr\" data-wpcf7-id=\"10469\">\n<div class=\"screen-reader-response\"><p role=\"status\" aria-live=\"polite\" aria-atomic=\"true\"><\/p> <ul><\/ul><\/div>\n<form action=\"\/ca\/wp-json\/wp\/v2\/pages\/10455\/#wpcf7-f10469-o1\" method=\"post\" class=\"wpcf7-form init wpcf7-acceptance-as-validation\" aria-label=\"Formulario de contacto\" novalidate=\"novalidate\" data-status=\"init\">\n<fieldset class=\"hidden-fields-container\"><input type=\"hidden\" name=\"_wpcf7\" value=\"10469\" \/><input type=\"hidden\" name=\"_wpcf7_version\" value=\"6.1.5\" \/><input type=\"hidden\" name=\"_wpcf7_locale\" value=\"es_ES\" \/><input type=\"hidden\" name=\"_wpcf7_unit_tag\" value=\"wpcf7-f10469-o1\" \/><input type=\"hidden\" name=\"_wpcf7_container_post\" value=\"0\" \/><input type=\"hidden\" name=\"_wpcf7_posted_data_hash\" value=\"\" \/><input type=\"hidden\" name=\"_wpcf7_recaptcha_response\" value=\"\" \/>\n<\/fieldset>\n<div class=\"formulario-ppal\">\n\t<div class=\"formulario-ppal-row-1\">\n\t\t<div>\n\t\t\t<p><label class=\"label-nobre\">Nom*<br \/>\n<span class=\"wpcf7-form-control-wrap\" data-name=\"your-name\"><input size=\"40\" maxlength=\"400\" class=\"wpcf7-form-control wpcf7-text wpcf7-validates-as-required\" aria-required=\"true\" aria-invalid=\"false\" value=\"\" type=\"text\" name=\"your-name\" \/><\/span><\/label>\n\t\t\t<\/p>\n\t\t<\/div>\n\t\t<div>\n\t\t\t<p><label class=\"label-email\">Email*<br \/>\n<span class=\"wpcf7-form-control-wrap\" data-name=\"email\"><input size=\"40\" maxlength=\"400\" class=\"wpcf7-form-control wpcf7-email wpcf7-validates-as-required wpcf7-text wpcf7-validates-as-email\" aria-required=\"true\" aria-invalid=\"false\" value=\"\" type=\"email\" name=\"email\" \/><\/span><\/label>\n\t\t\t<\/p>\n\t\t<\/div>\n\t<\/div>\n\t<div class=\"formulario-ppal-row-2\">\n\t\t<p><label class=\"label-textarea\">Missatge <span class=\"wpcf7-form-control-wrap\" data-name=\"your-message\"><textarea cols=\"40\" rows=\"10\" maxlength=\"2000\" class=\"wpcf7-form-control wpcf7-textarea\" aria-invalid=\"false\" name=\"your-message\"><\/textarea><\/span><\/label>\n\t\t<\/p>\n\t<\/div>\n\t<div class=\"formulario-ppal-row-3\">\n\t\t<p><span class=\"wpcf7-form-control-wrap\" data-name=\"acceptance-982\"><span class=\"wpcf7-form-control wpcf7-acceptance\"><span class=\"wpcf7-list-item\"><label><input type=\"checkbox\" name=\"acceptance-982\" value=\"1\" aria-invalid=\"false\" \/><span class=\"wpcf7-list-item-label\">He llegit i accepto la <a href=\"\/politica-de-privacidad\/\" class=\"link-form-politica\">pol\u00edtica de privacitat<\/a><\/span><\/label><\/span><\/span><\/span>\n\t\t<\/p>\n\t<\/div>\n\t<div class=\"formulario-ppal-row-4\">\n\t\t<div>\n\t\t\t<div class=\"formulario-texto-legal\">\n\t\t\t\t<p>Responsable: Clara Lleal Finalitat: gestionar la sol\u00b7licitud en aquest formulari i si, finalment ets client, remetre informaci\u00f3 sobre l'estat del servei contractat i comunicacions sobre l'empresa. Legitimaci\u00f3: consentiment de l'interessat. Drets: Podr\u00e0s exercir els teus drets d'acc\u00e9s, rectificaci\u00f3, limitaci\u00f3 i suprimir les dades en <a href=\"mailto:hola@claralleal.com\">hola@claralleal.com<\/a> aix\u00ed com el dret a presentar una reclamaci\u00f3 davant una autoritat de control. Informaci\u00f3 addicional: aqu\u00ed, trobar\u00e0s informaci\u00f3 addicional sobre la recopilaci\u00f3 i l'\u00fas de la seva informaci\u00f3 personal, inclosa informaci\u00f3 sobre acc\u00e9s, conservaci\u00f3, rectificaci\u00f3, eliminaci\u00f3, seguretat, i altres temes.\n\t\t\t\t<\/p>\n\t\t\t<\/div>\n\t\t<\/div>\n\t\t<div>\n\t\t\t<p><input class=\"wpcf7-form-control wpcf7-submit has-spinner custom-button-blue\" type=\"submit\" value=\"Enviar\" \/>\n\t\t\t<\/p>\n\t\t<\/div>\n\t<\/div>\n<\/div><div class=\"fusion-alert alert custom alert-custom fusion-alert-center wpcf7-response-output awb-alert-native-link-color alert-dismissable awb-alert-close-boxed\" style=\"--awb-border-size:1px;--awb-border-top-left-radius:0px;--awb-border-top-right-radius:0px;--awb-border-bottom-left-radius:0px;--awb-border-bottom-right-radius:0px;\" role=\"alert\"><div class=\"fusion-alert-content-wrapper\"><span class=\"fusion-alert-content\"><\/span><\/div><button type=\"button\" class=\"close toggle-alert\" data-dismiss=\"alert\" aria-label=\"Close\">&times;<\/button><\/div>\n<\/form>\n<\/div>\n<\/div><\/div><\/div><\/div><\/p>\n","protected":false},"excerpt":{"rendered":"","protected":false},"author":3,"featured_media":0,"parent":0,"menu_order":0,"comment_status":"closed","ping_status":"closed","template":"","meta":{"footnotes":""},"class_list":["post-10455","page","type-page","status-publish","hentry"],"yoast_head":"<!-- This site is optimized with the Yoast SEO plugin v27.4 - https:\/\/yoast.com\/product\/yoast-seo-wordpress\/ -->\n<title>Contacta amb nosaltres | Clara Lleal Interiorisme<\/title>\n<meta name=\"description\" content=\"Dades de contacte, tel\u00e8fon, WhatsApp, ubicaci\u00f3 i correu electr\u00f2nic de Clara Lleal Interiorisme. Parlem del teu projecte?\" \/>\n<meta name=\"robots\" content=\"index, follow, max-snippet:-1, max-image-preview:large, max-video-preview:-1\" \/>\n<link rel=\"canonical\" href=\"https:\/\/claralleal.com\/ca\/contacte\/\" \/>\n<meta property=\"og:locale\" content=\"ca_ES\" \/>\n<meta property=\"og:type\" content=\"article\" \/>\n<meta property=\"og:title\" content=\"Contacta amb nosaltres | Clara Lleal Interiorisme\" \/>\n<meta property=\"og:description\" content=\"Dades de contacte, tel\u00e8fon, WhatsApp, ubicaci\u00f3 i correu electr\u00f2nic de Clara Lleal Interiorisme. Parlem del teu projecte?\" \/>\n<meta property=\"og:url\" content=\"https:\/\/claralleal.com\/ca\/contacte\/\" \/>\n<meta property=\"og:site_name\" content=\"Clara Lleal Interiorista\" \/>\n<meta property=\"article:modified_time\" content=\"2026-04-13T09:09:16+00:00\" \/>\n<meta property=\"og:image\" content=\"https:\/\/claralleal.com\/wp-content\/uploads\/2024\/02\/interiorismo-barcelona.jpg\" \/>\n\t<meta property=\"og:image:width\" content=\"1200\" \/>\n\t<meta property=\"og:image:height\" content=\"630\" \/>\n\t<meta property=\"og:image:type\" content=\"image\/jpeg\" \/>\n<script type=\"application\/ld+json\" class=\"yoast-schema-graph\">{\"@context\":\"https:\\\/\\\/schema.org\",\"@graph\":[{\"@type\":\"WebPage\",\"@id\":\"https:\\\/\\\/claralleal.com\\\/ca\\\/contacte\\\/\",\"url\":\"https:\\\/\\\/claralleal.com\\\/ca\\\/contacte\\\/\",\"name\":\"Contacta amb nosaltres | Clara Lleal Interiorisme\",\"isPartOf\":{\"@id\":\"https:\\\/\\\/claralleal.com\\\/ca\\\/#website\"},\"datePublished\":\"2023-02-08T17:09:26+00:00\",\"dateModified\":\"2026-04-13T09:09:16+00:00\",\"description\":\"Dades de contacte, tel\u00e8fon, WhatsApp, ubicaci\u00f3 i correu electr\u00f2nic de Clara Lleal Interiorisme. Parlem del teu projecte?\",\"breadcrumb\":{\"@id\":\"https:\\\/\\\/claralleal.com\\\/ca\\\/contacte\\\/#breadcrumb\"},\"inLanguage\":\"ca\",\"potentialAction\":[{\"@type\":\"ReadAction\",\"target\":[\"https:\\\/\\\/claralleal.com\\\/ca\\\/contacte\\\/\"]}]},{\"@type\":\"BreadcrumbList\",\"@id\":\"https:\\\/\\\/claralleal.com\\\/ca\\\/contacte\\\/#breadcrumb\",\"itemListElement\":[{\"@type\":\"ListItem\",\"position\":1,\"name\":\"Portada\",\"item\":\"https:\\\/\\\/claralleal.com\\\/ca\\\/\"},{\"@type\":\"ListItem\",\"position\":2,\"name\":\"Contacte\"}]},{\"@type\":\"WebSite\",\"@id\":\"https:\\\/\\\/claralleal.com\\\/ca\\\/#website\",\"url\":\"https:\\\/\\\/claralleal.com\\\/ca\\\/\",\"name\":\"Clara Lleal Interiorista\",\"description\":\"Estudio de Interiorismo en Barcelona, Badalona y Maresme\",\"publisher\":{\"@id\":\"https:\\\/\\\/claralleal.com\\\/ca\\\/#organization\"},\"potentialAction\":[{\"@type\":\"SearchAction\",\"target\":{\"@type\":\"EntryPoint\",\"urlTemplate\":\"https:\\\/\\\/claralleal.com\\\/ca\\\/?s={search_term_string}\"},\"query-input\":{\"@type\":\"PropertyValueSpecification\",\"valueRequired\":true,\"valueName\":\"search_term_string\"}}],\"inLanguage\":\"ca\"},{\"@type\":\"Organization\",\"@id\":\"https:\\\/\\\/claralleal.com\\\/ca\\\/#organization\",\"name\":\"Clara Lleal Interiorista\",\"url\":\"https:\\\/\\\/claralleal.com\\\/ca\\\/\",\"logo\":{\"@type\":\"ImageObject\",\"inLanguage\":\"ca\",\"@id\":\"https:\\\/\\\/claralleal.com\\\/ca\\\/#\\\/schema\\\/logo\\\/image\\\/\",\"url\":\"https:\\\/\\\/claralleal.com\\\/wp-content\\\/uploads\\\/2023\\\/04\\\/cropped-favicon-1.jpg\",\"contentUrl\":\"https:\\\/\\\/claralleal.com\\\/wp-content\\\/uploads\\\/2023\\\/04\\\/cropped-favicon-1.jpg\",\"width\":40,\"height\":40,\"caption\":\"Clara Lleal Interiorista \"},\"image\":{\"@id\":\"https:\\\/\\\/claralleal.com\\\/ca\\\/#\\\/schema\\\/logo\\\/image\\\/\"}}]}<\/script>\n<!-- \/ Yoast SEO plugin. -->","yoast_head_json":{"title":"Contacta amb nosaltres | Clara Lleal Interiorisme","description":"Dades de contacte, tel\u00e8fon, WhatsApp, ubicaci\u00f3 i correu electr\u00f2nic de Clara Lleal Interiorisme. Parlem del teu projecte?","robots":{"index":"index","follow":"follow","max-snippet":"max-snippet:-1","max-image-preview":"max-image-preview:large","max-video-preview":"max-video-preview:-1"},"canonical":"https:\/\/claralleal.com\/ca\/contacte\/","og_locale":"ca_ES","og_type":"article","og_title":"Contacta amb nosaltres | Clara Lleal Interiorisme","og_description":"Dades de contacte, tel\u00e8fon, WhatsApp, ubicaci\u00f3 i correu electr\u00f2nic de Clara Lleal Interiorisme. Parlem del teu projecte?","og_url":"https:\/\/claralleal.com\/ca\/contacte\/","og_site_name":"Clara Lleal Interiorista","article_modified_time":"2026-04-13T09:09:16+00:00","og_image":[{"width":1200,"height":630,"url":"https:\/\/claralleal.com\/wp-content\/uploads\/2024\/02\/interiorismo-barcelona.jpg","type":"image\/jpeg"}],"schema":{"@context":"https:\/\/schema.org","@graph":[{"@type":"WebPage","@id":"https:\/\/claralleal.com\/ca\/contacte\/","url":"https:\/\/claralleal.com\/ca\/contacte\/","name":"Contacta amb nosaltres | Clara Lleal Interiorisme","isPartOf":{"@id":"https:\/\/claralleal.com\/ca\/#website"},"datePublished":"2023-02-08T17:09:26+00:00","dateModified":"2026-04-13T09:09:16+00:00","description":"Dades de contacte, tel\u00e8fon, WhatsApp, ubicaci\u00f3 i correu electr\u00f2nic de Clara Lleal Interiorisme. Parlem del teu projecte?","breadcrumb":{"@id":"https:\/\/claralleal.com\/ca\/contacte\/#breadcrumb"},"inLanguage":"ca","potentialAction":[{"@type":"ReadAction","target":["https:\/\/claralleal.com\/ca\/contacte\/"]}]},{"@type":"BreadcrumbList","@id":"https:\/\/claralleal.com\/ca\/contacte\/#breadcrumb","itemListElement":[{"@type":"ListItem","position":1,"name":"Portada","item":"https:\/\/claralleal.com\/ca\/"},{"@type":"ListItem","position":2,"name":"Contacte"}]},{"@type":"WebSite","@id":"https:\/\/claralleal.com\/ca\/#website","url":"https:\/\/claralleal.com\/ca\/","name":"Clara Lleal Interiorista","description":"Estudio de Interiorismo en Barcelona, Badalona y Maresme","publisher":{"@id":"https:\/\/claralleal.com\/ca\/#organization"},"potentialAction":[{"@type":"SearchAction","target":{"@type":"EntryPoint","urlTemplate":"https:\/\/claralleal.com\/ca\/?s={search_term_string}"},"query-input":{"@type":"PropertyValueSpecification","valueRequired":true,"valueName":"search_term_string"}}],"inLanguage":"ca"},{"@type":"Organization","@id":"https:\/\/claralleal.com\/ca\/#organization","name":"Clara Lleal Interiorista","url":"https:\/\/claralleal.com\/ca\/","logo":{"@type":"ImageObject","inLanguage":"ca","@id":"https:\/\/claralleal.com\/ca\/#\/schema\/logo\/image\/","url":"https:\/\/claralleal.com\/wp-content\/uploads\/2023\/04\/cropped-favicon-1.jpg","contentUrl":"https:\/\/claralleal.com\/wp-content\/uploads\/2023\/04\/cropped-favicon-1.jpg","width":40,"height":40,"caption":"Clara Lleal Interiorista "},"image":{"@id":"https:\/\/claralleal.com\/ca\/#\/schema\/logo\/image\/"}}]}},"_links":{"self":[{"href":"https:\/\/claralleal.com\/ca\/wp-json\/wp\/v2\/pages\/10455","targetHints":{"allow":["GET"]}}],"collection":[{"href":"https:\/\/claralleal.com\/ca\/wp-json\/wp\/v2\/pages"}],"about":[{"href":"https:\/\/claralleal.com\/ca\/wp-json\/wp\/v2\/types\/page"}],"author":[{"embeddable":true,"href":"https:\/\/claralleal.com\/ca\/wp-json\/wp\/v2\/users\/3"}],"replies":[{"embeddable":true,"href":"https:\/\/claralleal.com\/ca\/wp-json\/wp\/v2\/comments?post=10455"}],"version-history":[{"count":12,"href":"https:\/\/claralleal.com\/ca\/wp-json\/wp\/v2\/pages\/10455\/revisions"}],"predecessor-version":[{"id":10873,"href":"https:\/\/claralleal.com\/ca\/wp-json\/wp\/v2\/pages\/10455\/revisions\/10873"}],"wp:attachment":[{"href":"https:\/\/claralleal.com\/ca\/wp-json\/wp\/v2\/media?parent=10455"}],"curies":[{"name":"wp","href":"https:\/\/api.w.org\/{rel}","templated":true}]}}